{"id":18949,"date":"2025-09-18T19:00:55","date_gmt":"2025-09-18T19:00:55","guid":{"rendered":"https:\/\/mesqueunviatge.cat\/package\/ruta-vinicola-en-el-rin-y-mosela-de-7-dias\/"},"modified":"2025-10-28T18:20:52","modified_gmt":"2025-10-28T18:20:52","slug":"ruta-vinicola-en-el-rin-y-mosela","status":"publish","type":"ignition-package","link":"https:\/\/mesqueunviatge.cat\/es\/viaje-es\/ruta-vinicola-en-el-rin-y-mosela\/","title":{"rendered":"Ruta vin\u00edcola en el Rin y Mosela de 7 d\u00edas"},"content":{"rendered":"\n<h2>Ruta vin\u00edcola en el Rin y Mosela de 7 d\u00edas<\/h2>\n\n\n\n<blockquote class=\"wp-block-quote is-layout-flow wp-block-quote-is-layout-flow\">\n<p class=\"\">Os proponemos un viaje fascinante para disfrutar del turismo vin\u00edcola en el Rin y Mosela, un recorrido que combina historia, naturaleza y cultura vitivin\u00edcola. <\/p>\n\n\n\n<p class=\"\">As\u00ed pues, descubrir\u00e9is paisajes de lugares \u00fanicos como el Valle de Loreley, pasear\u00e9is por vi\u00f1edos en terrazas a orillas del r\u00edo Rin y degustar\u00e9is vinos emblem\u00e1ticos como el Riesling o el Sp\u00e4tburgunder. Adem\u00e1s, visitar\u00e9is pueblos llenos de tradici\u00f3n, castillos medievales y ciudades con 2.000 a\u00f1os de historia, como Tr\u00e9veris y Coblenza. A continuaci\u00f3n, podr\u00e9is disfrutar de catas de vinos locales en bodegas familiares y de un recorrido relajado que equilibra cultura, gastronom\u00eda y naturaleza.   <\/p>\n\n\n\n<p class=\"\">Finalmente, recordamos que este itinerario puede adaptarse completamente a vuestras preferencias e intereses, para que vuestro viaje sea \u00fanico, c\u00f3modo y 100% a vuestra medida. Preparaos para vivir una experiencia inolvidable en esta ruta vin\u00edcola en el Rin y Mosela. <\/p>\n<\/blockquote>\n\n\n\n<div class=\"wp-block-group\"><div class=\"wp-block-group__inner-container is-layout-constrained wp-block-group-is-layout-constrained\">\n<p id=\"block-1402d0-aa6b-4e\" class=\"is-style-default wp-block-gutenbee-paragraph block-1402d0-aa6b-4e gutenbee-hidden-tablet gutenbee-hidden-mobile has-text-color\" style=\"color:rgba(0, 0, 0, 0.73);border-radius:0px\"><br>Si busc\u00e1is otras alternativas a esta ruta vin\u00edcola en el Rin y Moselas<em>, tambi\u00e9n podemos adaptar la ruta partiendo de vuestras necesidades e intereses. Asesorados por nuestro equipo de corresponsales locales podemos preparar tu viaje perfecto. Solo tienes que llenar el formulario, llamarnos al <strong>93 664 59 17<\/strong> o al<strong> 660 29 25 16<\/strong> o escribirnos a <\/em><a href=\"mailto:info@mesqueunviatge.cat\"><em><strong>info@mesqueunviatge.cat<\/strong><\/em><\/a><\/p><style>.wp-block-gutenbee-paragraph.block-1402d0-aa6b-4e { font-size: 13px; }<\/style>\n\n\n\n<div class=\"wp-block-group\"><div class=\"wp-block-group__inner-container is-layout-constrained wp-block-group-is-layout-constrained\">\n<p id=\"block-3357ff-8463-4e\" class=\"is-style-default wp-block-gutenbee-paragraph block-3357ff-8463-4e gutenbee-hidden-tablet gutenbee-hidden-mobile has-text-color\" style=\"color:rgba(0, 0, 0, 0.73);border-radius:0px\"><strong><em>Otros viajes en <a href=\"https:\/\/mesqueunviatge.cat\/es\" target=\"_blank\" rel=\"noreferrer noopener\">mesqueunviatge.cat\/es<\/a><\/em><\/strong><\/p><style>.wp-block-gutenbee-paragraph.block-3357ff-8463-4e { font-size: 13px; }<\/style>\n<\/div><\/div>\n<\/div><\/div>\n\n\n\n<h2 class=\"is-style-ignition-cousteau-pro-anchor-title wp-block-heading\">Im\u00e1genes<\/h2>\n\n\n\n<figure class=\"wp-block-gallery has-nested-images columns-default is-cropped wp-block-gallery-1 is-layout-flex wp-block-gallery-is-layout-flex\">\n<figure class=\"is-style-rounded wp-block-image size-full\"><a href=\"https:\/\/i0.wp.com\/mesqueunviatge.cat\/wp-content\/uploads\/2025\/09\/casetes-tradicions-Frankfurt-Alemanya.png?ssl=1\" data-lightbox=\"gal[18949]\"><img data-recalc-dims=\"1\" loading=\"lazy\" decoding=\"async\" width=\"870\" height=\"528\" loading=\"lazy\" data-id=\"18934\" src=\"https:\/\/i0.wp.com\/mesqueunviatge.cat\/wp-content\/uploads\/2025\/09\/casetes-tradicions-Frankfurt-Alemanya.png?resize=870%2C528&#038;ssl=1\" alt=\"viaje en familia por Alemania\" class=\"wp-image-18934\" srcset=\"https:\/\/i0.wp.com\/mesqueunviatge.cat\/wp-content\/uploads\/2025\/09\/casetes-tradicions-Frankfurt-Alemanya.png?w=1750&amp;ssl=1 1750w, https:\/\/i0.wp.com\/mesqueunviatge.cat\/wp-content\/uploads\/2025\/09\/casetes-tradicions-Frankfurt-Alemanya.png?resize=300%2C182&amp;ssl=1 300w, https:\/\/i0.wp.com\/mesqueunviatge.cat\/wp-content\/uploads\/2025\/09\/casetes-tradicions-Frankfurt-Alemanya.png?resize=1024%2C622&amp;ssl=1 1024w, https:\/\/i0.wp.com\/mesqueunviatge.cat\/wp-content\/uploads\/2025\/09\/casetes-tradicions-Frankfurt-Alemanya.png?resize=768%2C467&amp;ssl=1 768w, https:\/\/i0.wp.com\/mesqueunviatge.cat\/wp-content\/uploads\/2025\/09\/casetes-tradicions-Frankfurt-Alemanya.png?resize=1536%2C933&amp;ssl=1 1536w\" sizes=\"auto, (max-width: 870px) 100vw, 870px\" \/><\/a><\/figure>\n\n\n\n<figure class=\"wp-block-image size-full\"><a href=\"https:\/\/i0.wp.com\/mesqueunviatge.cat\/wp-content\/uploads\/2025\/09\/Copa-de-vi-en-una-ruta-vinicola-Alemanya.png?ssl=1\" data-lightbox=\"gal[18949]\"><img data-recalc-dims=\"1\" loading=\"lazy\" decoding=\"async\" width=\"870\" height=\"528\" loading=\"lazy\" data-id=\"18936\" src=\"https:\/\/i0.wp.com\/mesqueunviatge.cat\/wp-content\/uploads\/2025\/09\/Copa-de-vi-en-una-ruta-vinicola-Alemanya.png?resize=870%2C528&#038;ssl=1\" alt=\"ruta vin\u00edcola en el Rin y Moselas\" class=\"wp-image-18936\" srcset=\"https:\/\/i0.wp.com\/mesqueunviatge.cat\/wp-content\/uploads\/2025\/09\/Copa-de-vi-en-una-ruta-vinicola-Alemanya.png?w=1750&amp;ssl=1 1750w, https:\/\/i0.wp.com\/mesqueunviatge.cat\/wp-content\/uploads\/2025\/09\/Copa-de-vi-en-una-ruta-vinicola-Alemanya.png?resize=600%2C364&amp;ssl=1 600w, https:\/\/i0.wp.com\/mesqueunviatge.cat\/wp-content\/uploads\/2025\/09\/Copa-de-vi-en-una-ruta-vinicola-Alemanya.png?resize=1024%2C622&amp;ssl=1 1024w, https:\/\/i0.wp.com\/mesqueunviatge.cat\/wp-content\/uploads\/2025\/09\/Copa-de-vi-en-una-ruta-vinicola-Alemanya.png?resize=768%2C467&amp;ssl=1 768w, https:\/\/i0.wp.com\/mesqueunviatge.cat\/wp-content\/uploads\/2025\/09\/Copa-de-vi-en-una-ruta-vinicola-Alemanya.png?resize=1536%2C933&amp;ssl=1 1536w\" sizes=\"auto, (max-width: 870px) 100vw, 870px\" \/><\/a><\/figure>\n\n\n\n<figure class=\"wp-block-image size-full\"><a href=\"https:\/\/i0.wp.com\/mesqueunviatge.cat\/wp-content\/uploads\/2025\/09\/el-riu-Mosella.png?ssl=1\" data-lightbox=\"gal[18949]\"><img data-recalc-dims=\"1\" loading=\"lazy\" decoding=\"async\" width=\"870\" height=\"528\" loading=\"lazy\" data-id=\"18938\" src=\"https:\/\/i0.wp.com\/mesqueunviatge.cat\/wp-content\/uploads\/2025\/09\/el-riu-Mosella.png?resize=870%2C528&#038;ssl=1\" alt=\"ruta por el Moselas Alemania\" class=\"wp-image-18938\" srcset=\"https:\/\/i0.wp.com\/mesqueunviatge.cat\/wp-content\/uploads\/2025\/09\/el-riu-Mosella.png?w=1750&amp;ssl=1 1750w, https:\/\/i0.wp.com\/mesqueunviatge.cat\/wp-content\/uploads\/2025\/09\/el-riu-Mosella.png?resize=600%2C364&amp;ssl=1 600w, https:\/\/i0.wp.com\/mesqueunviatge.cat\/wp-content\/uploads\/2025\/09\/el-riu-Mosella.png?resize=1024%2C622&amp;ssl=1 1024w, https:\/\/i0.wp.com\/mesqueunviatge.cat\/wp-content\/uploads\/2025\/09\/el-riu-Mosella.png?resize=768%2C467&amp;ssl=1 768w, https:\/\/i0.wp.com\/mesqueunviatge.cat\/wp-content\/uploads\/2025\/09\/el-riu-Mosella.png?resize=1536%2C933&amp;ssl=1 1536w\" sizes=\"auto, (max-width: 870px) 100vw, 870px\" \/><\/a><\/figure>\n\n\n\n<figure class=\"wp-block-image size-full\"><a href=\"https:\/\/i0.wp.com\/mesqueunviatge.cat\/wp-content\/uploads\/2025\/09\/entrada-del-castell-dEltz-a-Coblenza.png?ssl=1\" data-lightbox=\"gal[18949]\"><img data-recalc-dims=\"1\" loading=\"lazy\" decoding=\"async\" width=\"870\" height=\"528\" loading=\"lazy\" data-id=\"18940\" src=\"https:\/\/i0.wp.com\/mesqueunviatge.cat\/wp-content\/uploads\/2025\/09\/entrada-del-castell-dEltz-a-Coblenza.png?resize=870%2C528&#038;ssl=1\" alt=\"ruta por los castillos de Alemania\" class=\"wp-image-18940\" srcset=\"https:\/\/i0.wp.com\/mesqueunviatge.cat\/wp-content\/uploads\/2025\/09\/entrada-del-castell-dEltz-a-Coblenza.png?w=1750&amp;ssl=1 1750w, https:\/\/i0.wp.com\/mesqueunviatge.cat\/wp-content\/uploads\/2025\/09\/entrada-del-castell-dEltz-a-Coblenza.png?resize=600%2C364&amp;ssl=1 600w, https:\/\/i0.wp.com\/mesqueunviatge.cat\/wp-content\/uploads\/2025\/09\/entrada-del-castell-dEltz-a-Coblenza.png?resize=1024%2C622&amp;ssl=1 1024w, https:\/\/i0.wp.com\/mesqueunviatge.cat\/wp-content\/uploads\/2025\/09\/entrada-del-castell-dEltz-a-Coblenza.png?resize=768%2C467&amp;ssl=1 768w, https:\/\/i0.wp.com\/mesqueunviatge.cat\/wp-content\/uploads\/2025\/09\/entrada-del-castell-dEltz-a-Coblenza.png?resize=1536%2C933&amp;ssl=1 1536w\" sizes=\"auto, (max-width: 870px) 100vw, 870px\" \/><\/a><\/figure>\n\n\n\n<figure class=\"wp-block-image size-large\"><a href=\"https:\/\/i0.wp.com\/mesqueunviatge.cat\/wp-content\/uploads\/2025\/09\/poble-de-Heidelberg-a-Alemanya-vista-aeria-1024x622.png?ssl=1\" data-lightbox=\"gal[18949]\"><img data-recalc-dims=\"1\" loading=\"lazy\" decoding=\"async\" width=\"870\" height=\"528\" loading=\"lazy\" data-id=\"18942\" src=\"https:\/\/i0.wp.com\/mesqueunviatge.cat\/wp-content\/uploads\/2025\/09\/poble-de-Heidelberg-a-Alemanya-vista-aeria.png?resize=870%2C528&#038;ssl=1\" alt=\"ruta rom\u00e1ntica por Alemania\" class=\"wp-image-18942\" srcset=\"https:\/\/i0.wp.com\/mesqueunviatge.cat\/wp-content\/uploads\/2025\/09\/poble-de-Heidelberg-a-Alemanya-vista-aeria.png?resize=1024%2C622&amp;ssl=1 1024w, https:\/\/i0.wp.com\/mesqueunviatge.cat\/wp-content\/uploads\/2025\/09\/poble-de-Heidelberg-a-Alemanya-vista-aeria.png?resize=600%2C364&amp;ssl=1 600w, https:\/\/i0.wp.com\/mesqueunviatge.cat\/wp-content\/uploads\/2025\/09\/poble-de-Heidelberg-a-Alemanya-vista-aeria.png?resize=768%2C467&amp;ssl=1 768w, https:\/\/i0.wp.com\/mesqueunviatge.cat\/wp-content\/uploads\/2025\/09\/poble-de-Heidelberg-a-Alemanya-vista-aeria.png?resize=1536%2C933&amp;ssl=1 1536w, https:\/\/i0.wp.com\/mesqueunviatge.cat\/wp-content\/uploads\/2025\/09\/poble-de-Heidelberg-a-Alemanya-vista-aeria.png?w=1750&amp;ssl=1 1750w\" sizes=\"auto, (max-width: 870px) 100vw, 870px\" \/><\/a><\/figure>\n\n\n\n<figure class=\"wp-block-image size-large\"><a href=\"https:\/\/i0.wp.com\/mesqueunviatge.cat\/wp-content\/uploads\/2025\/09\/primavera-a-Coblenza-1024x622.png?ssl=1\" data-lightbox=\"gal[18949]\"><img data-recalc-dims=\"1\" loading=\"lazy\" decoding=\"async\" width=\"870\" height=\"528\" loading=\"lazy\" data-id=\"18946\" src=\"https:\/\/i0.wp.com\/mesqueunviatge.cat\/wp-content\/uploads\/2025\/09\/primavera-a-Coblenza.png?resize=870%2C528&#038;ssl=1\" alt=\"viaje a medida por Alemania\" class=\"wp-image-18946\" srcset=\"https:\/\/i0.wp.com\/mesqueunviatge.cat\/wp-content\/uploads\/2025\/09\/primavera-a-Coblenza.png?resize=1024%2C622&amp;ssl=1 1024w, https:\/\/i0.wp.com\/mesqueunviatge.cat\/wp-content\/uploads\/2025\/09\/primavera-a-Coblenza.png?resize=600%2C364&amp;ssl=1 600w, https:\/\/i0.wp.com\/mesqueunviatge.cat\/wp-content\/uploads\/2025\/09\/primavera-a-Coblenza.png?resize=768%2C467&amp;ssl=1 768w, https:\/\/i0.wp.com\/mesqueunviatge.cat\/wp-content\/uploads\/2025\/09\/primavera-a-Coblenza.png?resize=1536%2C933&amp;ssl=1 1536w, https:\/\/i0.wp.com\/mesqueunviatge.cat\/wp-content\/uploads\/2025\/09\/primavera-a-Coblenza.png?w=1750&amp;ssl=1 1750w\" sizes=\"auto, (max-width: 870px) 100vw, 870px\" \/><\/a><\/figure>\n<\/figure>\n\n\n\n<h2 class=\"is-style-ignition-cousteau-pro-anchor-title wp-block-heading\">Itinerario<\/h2>\n\n\n\n<div class=\"wp-block-group\"><div class=\"wp-block-group__inner-container is-layout-constrained wp-block-group-is-layout-constrained\">\n<h6 id=\"block-f42e03-cbf6-4e\" class=\"is-style-ignition-cousteau-pro-boxed-content wp-block-gutenbee-heading block-f42e03-cbf6-4e\">D\u00cdA 1: CIUDAD DE ORIGEN &#8211; FRANKFURT &#8211; R\u00dcDESHEIM<\/h6><style>.wp-block-gutenbee-heading.block-f42e03-cbf6-4e { font-size: 20px; line-height: 1; }<\/style>\n<\/div><\/div>\n\n\n\n<p class=\"\">Comenzad vuestra ruta vin\u00edcola en el Rin y Mosela con el vuelo a Frankfurt. Al llegar, recoged el coche de alquiler y salid hacia R\u00fcdesheim. Hoy descubrir\u00e9is la zona vin\u00edcola del Rheingau, ubicada a orillas del r\u00edo Rin entre Wiesbaden y R\u00fcdesheim. Adem\u00e1s, os recomendamos visitar el Monasterio de Eberbach, un referente en la tradici\u00f3n vin\u00edcola. Para terminar, alojamiento en R\u00fcdesheim.    <\/p>\n\n\n\n<div class=\"wp-block-group\"><div class=\"wp-block-group__inner-container is-layout-constrained wp-block-group-is-layout-constrained\">\n<h6 id=\"block-ab9085-3936-45\" class=\"is-style-ignition-cousteau-pro-boxed-content wp-block-gutenbee-heading block-ab9085-3936-45\">D\u00cdA 2: R\u00dcDESHEIM &#8211; ST. GOAR &#8211; COBLENZA<\/h6><style>.wp-block-gutenbee-heading.block-ab9085-3936-45 { font-size: 20px; line-height: 1; }<\/style>\n\n\n\n<p class=\"\">Despu\u00e9s del desayuno, explorar\u00e9is R\u00fcdesheim y la famosa Drosselgasse. A continuaci\u00f3n, tomar\u00e9is un barco para recorrer el tramo m\u00e1s pintoresco del r\u00edo Rin, el Valle de Loreley. Disfrutar\u00e9is de los vi\u00f1edos en empinadas terrazas y, adem\u00e1s, os invitamos a probar vinos t\u00edpicos como el Riesling, Weissburgunder y Sp\u00e4tburgunder. El regreso a R\u00fcdesheim puede hacerse en tren o barco (no incluido). Por la tarde, continuar\u00e9is la ruta hacia la hist\u00f3rica ciudad romana de Coblenza.    <\/p>\n<\/div><\/div>\n\n\n\n<div class=\"wp-block-group\"><div class=\"wp-block-group__inner-container is-layout-constrained wp-block-group-is-layout-constrained\">\n<h6 id=\"block-a36f7c-da37-43\" class=\"is-style-ignition-cousteau-pro-boxed-content wp-block-gutenbee-heading block-a36f7c-da37-43\">D\u00cdA 3: COBLENZA &#8211; CASTELL ELTZ &#8211; TR\u00c9VERIS<\/h6><style>.wp-block-gutenbee-heading.block-a36f7c-da37-43 { font-size: 20px; line-height: 1; }<\/style>\n<\/div><\/div>\n\n\n\n<p class=\"\">Hoy conocer\u00e9is la regi\u00f3n de cultivo vin\u00edcola m\u00e1s antigua de Alemania, donde los romanos ya produc\u00edan vino hace m\u00e1s de 2.000 a\u00f1os a orillas del Mosela. Aqu\u00ed se encuentran algunos de los vi\u00f1edos m\u00e1s inclinados de Europa. Antes de llegar a Tr\u00e9veris, visitar\u00e9is el famoso Castillo Burg Eltz y pasear\u00e9is por pueblos vin\u00edcolas y rom\u00e1nticos como Cochem, Traben y Bernkastel-Kues. El d\u00eda finalizar\u00e1 en Tr\u00e9veris, ciudad romana con m\u00e1s de 2.000 a\u00f1os de historia.   <\/p>\n\n\n\n<div class=\"wp-block-group\"><div class=\"wp-block-group__inner-container is-layout-constrained wp-block-group-is-layout-constrained\">\n<h6 id=\"block-b94789-9f24-40\" class=\"is-style-ignition-cousteau-pro-boxed-content wp-block-gutenbee-heading block-b94789-9f24-40\">D\u00cdA 4: TR\u00c9VERIS &#8211; BOCKENHEIM &#8211; BAD D\u00dcRKHEIM<\/h6><style>.wp-block-gutenbee-heading.block-b94789-9f24-40 { font-size: 20px; line-height: 1; }<\/style>\n<\/div><\/div>\n\n\n\n<p class=\"\">Ma\u00f1ana para descubrir Tr\u00e9veris, seguida de una ruta hacia la famosa Ruta Alemana del Vino. Primero os detener\u00e9is en Bockenheim, conocida por su uva Madonna. A continuaci\u00f3n, seguimos la ruta vin\u00edcola en Rin y Mosela visitando Bad D\u00fcrkheim, donde destaca la mayor barrica de vino del mundo con capacidad para 1,7 millones de litros y que alberga un restaurante destacado.  <\/p>\n\n\n\n<div class=\"wp-block-group\"><div class=\"wp-block-group__inner-container is-layout-constrained wp-block-group-is-layout-constrained\">\n<h6 id=\"block-675a60-6ed3-4c\" class=\"is-style-ignition-cousteau-pro-boxed-content wp-block-gutenbee-heading block-675a60-6ed3-4c\">D\u00cdA 5: BAD D\u00dcRKHEIM &#8211; RUTA ALEMANA DEL VINO &#8211; BAD D\u00dcRKHEIM<\/h6><style>.wp-block-gutenbee-heading.block-675a60-6ed3-4c { font-size: 20px; line-height: 1; }<\/style>\n<\/div><\/div>\n\n\n\n<p class=\"\">Dedicad el d\u00eda a descubrir la \u201cDeutsche Weinstrasse\u201d, con 130 localidades relacionadas con el vino, tambi\u00e9n conocida como el Palatinado. Esta regi\u00f3n es famosa por su gran fiesta del vino, la barrica gigante y la elecci\u00f3n anual de la reina alemana del vino. Despu\u00e9s, har\u00e9is paradas en peque\u00f1os pueblos como Wachenheim, Edenkoben y Neustadt para degustar vinos destacados como el Riesling, Graubunder, Silvaner y M\u00fcller-Thurgau.  <\/p>\n\n\n\n<div class=\"wp-block-group\"><div class=\"wp-block-group__inner-container is-layout-constrained wp-block-group-is-layout-constrained\">\n<h6 id=\"block-6c7da9-4c7d-44\" class=\"is-style-ignition-cousteau-pro-boxed-content wp-block-gutenbee-heading block-6c7da9-4c7d-44\">D\u00cdA 6: BAD D\u00dcRKHEIM &#8211; HEILBRONN &#8211; HEIDELBERG<\/h6><style>.wp-block-gutenbee-heading.block-6c7da9-4c7d-44 { font-size: 20px; line-height: 1; }<\/style>\n\n\n\n<p class=\"\">En direcci\u00f3n a Heilbronn, centro productor de vinos tintos de Wurtemberg, descubrir\u00e9is su curioso h\u00e1bito de consumir el doble de vino que la media alemana. Para terminar el d\u00eda, visitar\u00e9is Heidelberg, la ciudad universitaria m\u00e1s antigua de Alemania, con su magn\u00edfico castillo. <\/p>\n<\/div><\/div>\n\n\n\n<div class=\"wp-block-group\"><div class=\"wp-block-group__inner-container is-layout-constrained wp-block-group-is-layout-constrained\">\n<h6 id=\"block-545aa7-dc04-4e\" class=\"is-style-ignition-cousteau-pro-boxed-content wp-block-gutenbee-heading block-545aa7-dc04-4e\">D\u00cdA 7: HEIDELBERG &#8211; WORMS &#8211; FRANKFURT &#8211; CIUDAD DE ORIGEN<\/h6><style>.wp-block-gutenbee-heading.block-545aa7-dc04-4e { font-size: 20px; line-height: 1; }<\/style>\n<\/div><\/div>\n\n\n\n<p class=\"\">En el viaje de regreso, recomendamos la visita a Worms, con su catedral rom\u00e1nica, junto con las de Espira y Maguncia, consideradas tres maravillas de ese estilo arquitect\u00f3nico. A continuaci\u00f3n, regreso al aeropuerto de Frankfurt, devoluci\u00f3n del coche de alquiler y vuelo de regreso a vuetra ciudad de origen, donde finaliza vuestra ruta vin\u00edcola en el Rin y Mosela. <\/p>\n\n\n\n<h2 class=\"is-style-ignition-cousteau-pro-anchor-title wp-block-heading\">Informaci\u00f3n importante<\/h2>\n\n\n\n<div class=\"is-style-ignition-cousteau-pro-boxed-content wp-block-group\"><div class=\"wp-block-group__inner-container is-layout-constrained wp-block-group-is-layout-constrained\">\n<p id=\"block-4465f1-8fd4-48\" class=\"wp-block-gutenbee-paragraph block-4465f1-8fd4-48\"><strong>El precio incluye<\/strong><\/p><style>.wp-block-gutenbee-paragraph.block-4465f1-8fd4-48 { font-size: 20px; }<\/style>\n\n\n\n<ul class=\"wp-block-list\">\n<li class=\"\">Vuelo de l\u00ednea regular en clase turista (reservas en clases especiales).<\/li>\n\n\n\n<li class=\"\">7 d\u00edas de alquiler de coche (Volkswagen Golf o similar para 2\/4 personas y Volkswagen Sharan para 6 personas) con kil\u00f3metros ilimitados.<\/li>\n\n\n\n<li class=\"\">Incluye seguro total.<\/li>\n\n\n\n<li class=\"\">Recogida y devoluci\u00f3n del veh\u00edculo en el aeropuerto.<\/li>\n\n\n\n<li class=\"\">6 noches de alojamiento en los hoteles indicados con desayuno incluido.<\/li>\n\n\n\n<li class=\"\">Seguro de viaje.<\/li>\n\n\n\n<li class=\"\">Tasas y carburante.<\/li>\n<\/ul>\n\n\n\n<p id=\"block-f8855d-145a-46\" class=\"is-style-default wp-block-gutenbee-paragraph block-f8855d-145a-46\"><strong>El precio no incluye<\/strong><\/p><style>.wp-block-gutenbee-paragraph.block-f8855d-145a-46 { font-size: 20px; }<\/style>\n\n\n\n<ul class=\"wp-block-list\">\n<li class=\"\">Cualquier cuesti\u00f3n no especificada en el apartado &#8220;El precio incluye&#8221;.<\/li>\n<\/ul>\n<\/div><\/div>\n\n\n\n<p id=\"block-a901a3-f85b-4b\" class=\"is-style-default wp-block-gutenbee-paragraph block-a901a3-f85b-4b gutenbee-hidden-desktop has-text-color\" style=\"color:rgba(0, 0, 0, 0.73);border-radius:0px\">Si busc\u00e1is otras alternativas a esta esta ruta vin\u00edcola en el Rin y Moselas<em>, tambi\u00e9n podemos adaptar la ruta partiendo de vuestras necesidades e intereses. Asesorados por nuestro equipo de corresponsales locales podemos preparar tu viaje perfecto. Solo tienes que llenar el formulario, llamarnos al <strong>93 664 59 17<\/strong> o al<strong> 660 29 25 16<\/strong> o escribirnos a <strong><a href=\"mailto:info@mesqueunviatge.cat\">info@mesqueunviatge.ca<\/a>t<\/strong>  <\/em>.<\/p><style>.wp-block-gutenbee-paragraph.block-a901a3-f85b-4b { font-size: 13px; }<\/style>\n\n\n\n<p id=\"block-631aea-3b6c-40\" class=\"is-style-default wp-block-gutenbee-paragraph block-631aea-3b6c-40 gutenbee-hidden-desktop has-text-color\" style=\"color:rgba(0, 0, 0, 0.73);border-radius:0px\"><strong><em>Otros viajes en <a href=\"https:\/\/mesqueunviatge.cat\/es\" target=\"_blank\" rel=\"noreferrer noopener\">mesqueunviatge.cat\/es<\/a><\/em><\/strong><\/p><style>.wp-block-gutenbee-paragraph.block-631aea-3b6c-40 { font-size: 13px; }<\/style>\n\n\n\n<p class=\"\"><\/p>\n","protected":false},"excerpt":{"rendered":"<p>Ruta vin\u00edcola en el Rin y Mosela de 7 d\u00edas Os proponemos un viaje fascinante para disfrutar del turismo vin\u00edcola en el Rin y Mosela, un recorrido que combina historia, naturaleza y cultura vitivin\u00edcola. As\u00ed [&hellip;]<\/p>\n","protected":false},"featured_media":18933,"comment_status":"open","ping_status":"closed","template":"","ignition_package_destination":[936],"ignition_package_category":[954,965,969,977],"class_list":["post-18949","ignition-package","type-ignition-package","status-publish","has-post-thumbnail","hentry","ignition_package_destination-viajes-por-europa","ignition_package_category-viajes-a-medida","ignition_package_category-fly-d-drive-es","ignition_package_category-viajes-en-coche","ignition_package_category-viajes-gastronomicos"],"acf":[],"jetpack_sharing_enabled":true,"_links":{"self":[{"href":"https:\/\/mesqueunviatge.cat\/es\/wp-json\/wp\/v2\/ignition-package\/18949","targetHints":{"allow":["GET"]}}],"collection":[{"href":"https:\/\/mesqueunviatge.cat\/es\/wp-json\/wp\/v2\/ignition-package"}],"about":[{"href":"https:\/\/mesqueunviatge.cat\/es\/wp-json\/wp\/v2\/types\/ignition-package"}],"replies":[{"embeddable":true,"href":"https:\/\/mesqueunviatge.cat\/es\/wp-json\/wp\/v2\/comments?post=18949"}],"version-history":[{"count":3,"href":"https:\/\/mesqueunviatge.cat\/es\/wp-json\/wp\/v2\/ignition-package\/18949\/revisions"}],"predecessor-version":[{"id":19685,"href":"https:\/\/mesqueunviatge.cat\/es\/wp-json\/wp\/v2\/ignition-package\/18949\/revisions\/19685"}],"wp:featuredmedia":[{"embeddable":true,"href":"https:\/\/mesqueunviatge.cat\/es\/wp-json\/wp\/v2\/media\/18933"}],"wp:attachment":[{"href":"https:\/\/mesqueunviatge.cat\/es\/wp-json\/wp\/v2\/media?parent=18949"}],"wp:term":[{"taxonomy":"ignition_package_destination","embeddable":true,"href":"https:\/\/mesqueunviatge.cat\/es\/wp-json\/wp\/v2\/ignition_package_destination?post=18949"},{"taxonomy":"ignition_package_category","embeddable":true,"href":"https:\/\/mesqueunviatge.cat\/es\/wp-json\/wp\/v2\/ignition_package_category?post=18949"}],"curies":[{"name":"wp","href":"https:\/\/api.w.org\/{rel}","templated":true}]}}