{"id":20961,"date":"2025-12-23T11:50:52","date_gmt":"2025-12-23T11:50:52","guid":{"rendered":"https:\/\/mesqueunviatge.cat\/?post_type=ignition-package&#038;p=20961"},"modified":"2025-12-23T11:50:55","modified_gmt":"2025-12-23T11:50:55","slug":"viaje-a-croacia-y-sus-islas","status":"publish","type":"ignition-package","link":"https:\/\/mesqueunviatge.cat\/es\/viaje-es\/viaje-a-croacia-y-sus-islas\/","title":{"rendered":"Viaje a Croacia y sus Islas: Dubrovnik, Hvar y Plitvice"},"content":{"rendered":"\n<h2>Viaje a Croacia y sus Islas: Dubrovnik, Hvar y Plitvice<\/h2>\n\n\n\n<blockquote class=\"wp-block-quote is-layout-flow wp-block-quote-is-layout-flow\">\n<p class=\"\">Este viaje a Croacia y sus Islas combina la costa adri\u00e1tica con para\u00edsos insulares como Kor\u010dula y Hvar, el Parque de Plitvice y ciudades hist\u00f3ricas, ideal para amantes del mar, la naturaleza y la cultura mediterr\u00e1nea. <\/p>\n\n\n\n<p class=\"\">Est\u00e1 dirigido a parejas, familias o viajeros que buscan relax y aventura en un itinerario equilibrado. Adem\u00e1s, desde <a href=\"http:\/\/mesqueunviatge.cat\/es\">mesqueunviatge.cat <\/a>lo hacemos flexible: ad\u00e1ptalo a tu ritmo, intereses y presupuesto como un viaje a medida personalizado. <\/p>\n<\/blockquote>\n\n\n\n<div class=\"wp-block-group\"><div class=\"wp-block-group__inner-container is-layout-constrained wp-block-group-is-layout-constrained\">\n<p id=\"block-c85367-69ea-42\" class=\"is-style-default wp-block-gutenbee-paragraph block-c85367-69ea-42 gutenbee-hidden-tablet gutenbee-hidden-mobile has-text-color\" style=\"color:rgba(0, 0, 0, 0.73);border-radius:0px\"><br><em>Si buscas otras alternativas a este viaje a Croacia y sus islas, tambi\u00e9n podemos adaptar la ruta partiendo de sus necesidades e intereses. Asesorados por nuestro equipo de corresponsales locales podemos preparar tu viaje perfecto. S\u00f3lo tienes que rellenar el formulario, que nos llames al <strong>93 664 59 17<\/strong> o al <strong>660 29 25 16<\/strong> o nos escribas a <strong><a href=\"mailto:info@mesqueunviatge.cat\">info@mesqueunviatge.cat<\/a><\/strong>  <\/em>.<\/p><style>.wp-block-gutenbee-paragraph.block-c85367-69ea-42 { font-size: 13px; }<\/style>\n\n\n\n<div class=\"wp-block-group\"><div class=\"wp-block-group__inner-container is-layout-constrained wp-block-group-is-layout-constrained\">\n<p id=\"block-9f2f15-dd68-48\" class=\"is-style-default wp-block-gutenbee-paragraph block-9f2f15-dd68-48 gutenbee-hidden-tablet gutenbee-hidden-mobile has-text-color\" style=\"color:rgba(0, 0, 0, 0.73);border-radius:0px\"><strong><em>Otros viajes a <a href=\"https:\/\/mesqueunviatge.cat\/es\/\" target=\"_blank\" rel=\"noreferrer noopener\">mesqueunviaje.cat<\/a><\/em><\/strong><\/p><style>.wp-block-gutenbee-paragraph.block-9f2f15-dd68-48 { font-size: 13px; }<\/style>\n<\/div><\/div>\n<\/div><\/div>\n\n\n\n<h2 class=\"is-style-ignition-cousteau-pro-anchor-title wp-block-heading\">Im\u00e1genes<\/h2>\n\n\n\n<figure class=\"wp-block-gallery has-nested-images columns-default is-cropped wp-block-gallery-1 is-layout-flex wp-block-gallery-is-layout-flex\">\n<figure class=\"is-style-rounded wp-block-image size-full\"><a href=\"https:\/\/i0.wp.com\/mesqueunviatge.cat\/wp-content\/uploads\/2025\/12\/Ciutat-dSplit-a-Croacia.png?ssl=1\" data-lightbox=\"gal[20961]\"><img data-recalc-dims=\"1\" loading=\"lazy\" decoding=\"async\" width=\"870\" height=\"528\" loading=\"lazy\" data-id=\"20946\" src=\"https:\/\/i0.wp.com\/mesqueunviatge.cat\/wp-content\/uploads\/2025\/12\/Ciutat-dSplit-a-Croacia.png?resize=870%2C528&#038;ssl=1\" alt=\"ruta por las islas de Croacia\" class=\"wp-image-20946\" srcset=\"https:\/\/i0.wp.com\/mesqueunviatge.cat\/wp-content\/uploads\/2025\/12\/Ciutat-dSplit-a-Croacia.png?w=2000&amp;ssl=1 2000w, https:\/\/i0.wp.com\/mesqueunviatge.cat\/wp-content\/uploads\/2025\/12\/Ciutat-dSplit-a-Croacia.png?resize=600%2C364&amp;ssl=1 600w, https:\/\/i0.wp.com\/mesqueunviatge.cat\/wp-content\/uploads\/2025\/12\/Ciutat-dSplit-a-Croacia.png?resize=1024%2C622&amp;ssl=1 1024w, https:\/\/i0.wp.com\/mesqueunviatge.cat\/wp-content\/uploads\/2025\/12\/Ciutat-dSplit-a-Croacia.png?resize=768%2C466&amp;ssl=1 768w, https:\/\/i0.wp.com\/mesqueunviatge.cat\/wp-content\/uploads\/2025\/12\/Ciutat-dSplit-a-Croacia.png?resize=1536%2C932&amp;ssl=1 1536w, https:\/\/i0.wp.com\/mesqueunviatge.cat\/wp-content\/uploads\/2025\/12\/Ciutat-dSplit-a-Croacia.png?w=1740&amp;ssl=1 1740w\" sizes=\"auto, (max-width: 870px) 100vw, 870px\" \/><\/a><\/figure>\n\n\n\n<figure class=\"wp-block-image size-full\"><a href=\"https:\/\/i0.wp.com\/mesqueunviatge.cat\/wp-content\/uploads\/2025\/12\/Capvespres-a-Croacia.png?ssl=1\" data-lightbox=\"gal[20961]\"><img data-recalc-dims=\"1\" loading=\"lazy\" decoding=\"async\" width=\"870\" height=\"528\" loading=\"lazy\" data-id=\"20944\" src=\"https:\/\/i0.wp.com\/mesqueunviatge.cat\/wp-content\/uploads\/2025\/12\/Capvespres-a-Croacia.png?resize=870%2C528&#038;ssl=1\" alt=\"Puesta de sol en Croacia, Viaje a Croacia y sus islas\" class=\"wp-image-20944\" srcset=\"https:\/\/i0.wp.com\/mesqueunviatge.cat\/wp-content\/uploads\/2025\/12\/Capvespres-a-Croacia.png?w=2000&amp;ssl=1 2000w, https:\/\/i0.wp.com\/mesqueunviatge.cat\/wp-content\/uploads\/2025\/12\/Capvespres-a-Croacia.png?resize=600%2C364&amp;ssl=1 600w, https:\/\/i0.wp.com\/mesqueunviatge.cat\/wp-content\/uploads\/2025\/12\/Capvespres-a-Croacia.png?resize=1024%2C622&amp;ssl=1 1024w, https:\/\/i0.wp.com\/mesqueunviatge.cat\/wp-content\/uploads\/2025\/12\/Capvespres-a-Croacia.png?resize=768%2C466&amp;ssl=1 768w, https:\/\/i0.wp.com\/mesqueunviatge.cat\/wp-content\/uploads\/2025\/12\/Capvespres-a-Croacia.png?resize=1536%2C932&amp;ssl=1 1536w, https:\/\/i0.wp.com\/mesqueunviatge.cat\/wp-content\/uploads\/2025\/12\/Capvespres-a-Croacia.png?w=1740&amp;ssl=1 1740w\" sizes=\"auto, (max-width: 870px) 100vw, 870px\" \/><\/a><\/figure>\n\n\n\n<figure class=\"wp-block-image size-full\"><a href=\"https:\/\/i0.wp.com\/mesqueunviatge.cat\/wp-content\/uploads\/2025\/12\/Korcula-Croacia.png?ssl=1\" data-lightbox=\"gal[20961]\"><img data-recalc-dims=\"1\" loading=\"lazy\" decoding=\"async\" width=\"870\" height=\"528\" loading=\"lazy\" data-id=\"20952\" src=\"https:\/\/i0.wp.com\/mesqueunviatge.cat\/wp-content\/uploads\/2025\/12\/Korcula-Croacia.png?resize=870%2C528&#038;ssl=1\" alt=\"viaje a medida en Croacia\" class=\"wp-image-20952\" srcset=\"https:\/\/i0.wp.com\/mesqueunviatge.cat\/wp-content\/uploads\/2025\/12\/Korcula-Croacia.png?w=2000&amp;ssl=1 2000w, https:\/\/i0.wp.com\/mesqueunviatge.cat\/wp-content\/uploads\/2025\/12\/Korcula-Croacia.png?resize=600%2C364&amp;ssl=1 600w, https:\/\/i0.wp.com\/mesqueunviatge.cat\/wp-content\/uploads\/2025\/12\/Korcula-Croacia.png?resize=1024%2C622&amp;ssl=1 1024w, https:\/\/i0.wp.com\/mesqueunviatge.cat\/wp-content\/uploads\/2025\/12\/Korcula-Croacia.png?resize=768%2C466&amp;ssl=1 768w, https:\/\/i0.wp.com\/mesqueunviatge.cat\/wp-content\/uploads\/2025\/12\/Korcula-Croacia.png?resize=1536%2C932&amp;ssl=1 1536w, https:\/\/i0.wp.com\/mesqueunviatge.cat\/wp-content\/uploads\/2025\/12\/Korcula-Croacia.png?w=1740&amp;ssl=1 1740w\" sizes=\"auto, (max-width: 870px) 100vw, 870px\" \/><\/a><\/figure>\n\n\n\n<figure class=\"wp-block-image size-large\"><a href=\"https:\/\/i0.wp.com\/mesqueunviatge.cat\/wp-content\/uploads\/2025\/12\/Split-1024x622.png?ssl=1\" data-lightbox=\"gal[20961]\"><img data-recalc-dims=\"1\" loading=\"lazy\" decoding=\"async\" width=\"870\" height=\"528\" loading=\"lazy\" data-id=\"20956\" src=\"https:\/\/i0.wp.com\/mesqueunviatge.cat\/wp-content\/uploads\/2025\/12\/Split.png?resize=870%2C528&#038;ssl=1\" alt=\"viaje diferente a Croacia\" class=\"wp-image-20956\" srcset=\"https:\/\/i0.wp.com\/mesqueunviatge.cat\/wp-content\/uploads\/2025\/12\/Split.png?resize=1024%2C622&amp;ssl=1 1024w, https:\/\/i0.wp.com\/mesqueunviatge.cat\/wp-content\/uploads\/2025\/12\/Split.png?resize=600%2C364&amp;ssl=1 600w, https:\/\/i0.wp.com\/mesqueunviatge.cat\/wp-content\/uploads\/2025\/12\/Split.png?resize=768%2C466&amp;ssl=1 768w, https:\/\/i0.wp.com\/mesqueunviatge.cat\/wp-content\/uploads\/2025\/12\/Split.png?resize=1536%2C932&amp;ssl=1 1536w, https:\/\/i0.wp.com\/mesqueunviatge.cat\/wp-content\/uploads\/2025\/12\/Split.png?w=2000&amp;ssl=1 2000w, https:\/\/i0.wp.com\/mesqueunviatge.cat\/wp-content\/uploads\/2025\/12\/Split.png?w=1740&amp;ssl=1 1740w\" sizes=\"auto, (max-width: 870px) 100vw, 870px\" \/><\/a><\/figure>\n\n\n\n<figure class=\"wp-block-image size-full\"><a href=\"https:\/\/i0.wp.com\/mesqueunviatge.cat\/wp-content\/uploads\/2025\/12\/Camps-darros-a-la-Xina-1.png?ssl=1\" data-lightbox=\"gal[20961]\"><img data-recalc-dims=\"1\" loading=\"lazy\" decoding=\"async\" width=\"870\" height=\"528\" loading=\"lazy\" data-id=\"20942\" src=\"https:\/\/i0.wp.com\/mesqueunviatge.cat\/wp-content\/uploads\/2025\/12\/Camps-darros-a-la-Xina-1.png?resize=870%2C528&#038;ssl=1\" alt=\"Viaje en familia a Croacia\" class=\"wp-image-20942\" srcset=\"https:\/\/i0.wp.com\/mesqueunviatge.cat\/wp-content\/uploads\/2025\/12\/Camps-darros-a-la-Xina-1.png?w=2000&amp;ssl=1 2000w, https:\/\/i0.wp.com\/mesqueunviatge.cat\/wp-content\/uploads\/2025\/12\/Camps-darros-a-la-Xina-1.png?resize=600%2C364&amp;ssl=1 600w, https:\/\/i0.wp.com\/mesqueunviatge.cat\/wp-content\/uploads\/2025\/12\/Camps-darros-a-la-Xina-1.png?resize=1024%2C622&amp;ssl=1 1024w, https:\/\/i0.wp.com\/mesqueunviatge.cat\/wp-content\/uploads\/2025\/12\/Camps-darros-a-la-Xina-1.png?resize=768%2C466&amp;ssl=1 768w, https:\/\/i0.wp.com\/mesqueunviatge.cat\/wp-content\/uploads\/2025\/12\/Camps-darros-a-la-Xina-1.png?resize=1536%2C932&amp;ssl=1 1536w, https:\/\/i0.wp.com\/mesqueunviatge.cat\/wp-content\/uploads\/2025\/12\/Camps-darros-a-la-Xina-1.png?w=1740&amp;ssl=1 1740w\" sizes=\"auto, (max-width: 870px) 100vw, 870px\" \/><\/a><\/figure>\n\n\n\n<figure class=\"wp-block-image size-large\"><a href=\"https:\/\/i0.wp.com\/mesqueunviatge.cat\/wp-content\/uploads\/2025\/12\/Dubrovnik-Croacia-1024x622.png?ssl=1\" data-lightbox=\"gal[20961]\"><img data-recalc-dims=\"1\" loading=\"lazy\" decoding=\"async\" width=\"870\" height=\"528\" loading=\"lazy\" data-id=\"20948\" src=\"https:\/\/i0.wp.com\/mesqueunviatge.cat\/wp-content\/uploads\/2025\/12\/Dubrovnik-Croacia.png?resize=870%2C528&#038;ssl=1\" alt=\"Escapada a Dubrovnik\" class=\"wp-image-20948\" srcset=\"https:\/\/i0.wp.com\/mesqueunviatge.cat\/wp-content\/uploads\/2025\/12\/Dubrovnik-Croacia.png?resize=1024%2C622&amp;ssl=1 1024w, https:\/\/i0.wp.com\/mesqueunviatge.cat\/wp-content\/uploads\/2025\/12\/Dubrovnik-Croacia.png?resize=600%2C364&amp;ssl=1 600w, https:\/\/i0.wp.com\/mesqueunviatge.cat\/wp-content\/uploads\/2025\/12\/Dubrovnik-Croacia.png?resize=768%2C466&amp;ssl=1 768w, https:\/\/i0.wp.com\/mesqueunviatge.cat\/wp-content\/uploads\/2025\/12\/Dubrovnik-Croacia.png?resize=1536%2C932&amp;ssl=1 1536w, https:\/\/i0.wp.com\/mesqueunviatge.cat\/wp-content\/uploads\/2025\/12\/Dubrovnik-Croacia.png?w=2000&amp;ssl=1 2000w, https:\/\/i0.wp.com\/mesqueunviatge.cat\/wp-content\/uploads\/2025\/12\/Dubrovnik-Croacia.png?w=1740&amp;ssl=1 1740w\" sizes=\"auto, (max-width: 870px) 100vw, 870px\" \/><\/a><\/figure>\n<\/figure>\n\n\n\n<h2 class=\"is-style-ignition-cousteau-pro-anchor-title wp-block-heading\">Itinerario<\/h2>\n\n\n\n<div class=\"wp-block-group\"><div class=\"wp-block-group__inner-container is-layout-constrained wp-block-group-is-layout-constrained\">\n<h6 id=\"block-85cf32-5a4b-4d\" class=\"is-style-ignition-cousteau-pro-boxed-content wp-block-gutenbee-heading block-85cf32-5a4b-4d\">D\u00eda 1: Ciudad de origen &#8211; Dubrovnik<\/h6><style>.wp-block-gutenbee-heading.block-85cf32-5a4b-4d { font-size: 20px; line-height: 1; text-transform: uppercase; }<\/style>\n<\/div><\/div>\n\n\n\n<p class=\"\">Despu\u00e9s del desayuno, camina las murallas medievales que rodean el casco antiguo, un tesoro hist\u00f3rico de la antigua rep\u00fablica comercial adri\u00e1tica. Descubre la Puerta de Pile, el monasterio franciscano y el Palacio del Rector. Por la tarde, tiempo libre para explorar a tu gusto, ideal para familias con ambiente vivo y accesible.  <\/p>\n\n\n\n<div class=\"wp-block-group\"><div class=\"wp-block-group__inner-container is-layout-constrained wp-block-group-is-layout-constrained\">\n<h6 id=\"block-46a716-9f5c-41\" class=\"is-style-ignition-cousteau-pro-boxed-content wp-block-gutenbee-heading block-46a716-9f5c-41\">D\u00eda 2: Dubrovnik<\/h6><style>.wp-block-gutenbee-heading.block-46a716-9f5c-41 { font-size: 20px; line-height: 1; text-transform: uppercase; }<\/style>\n\n\n\n<p class=\"\">Despu\u00e9s del desayuno, camina las murallas medievales que rodean el casco antiguo, un tesoro hist\u00f3rico de la antigua rep\u00fablica comercial adri\u00e1tica. Descubre la Puerta de Pile, el monasterio franciscano y el Palacio del Rector. Por la tarde, tiempo libre para explorar a tu gusto, ideal para familias con ambiente vivo y accesible.  <\/p>\n<\/div><\/div>\n\n\n\n<div class=\"wp-block-group\"><div class=\"wp-block-group__inner-container is-layout-constrained wp-block-group-is-layout-constrained\">\n<h6 id=\"block-77683c-861b-4f\" class=\"is-style-ignition-cousteau-pro-boxed-content wp-block-gutenbee-heading block-77683c-861b-4f\">D\u00eda 3: Dubrovnik &#8211; Kor\u010dula<\/h6><style>.wp-block-gutenbee-heading.block-77683c-861b-4f { font-size: 20px; line-height: 1; text-transform: uppercase; }<\/style>\n<\/div><\/div>\n\n\n\n<p class=\"\">Ferry a Kor\u010dula, cuna de Marco Polo y conocida como la Isla Negra por sus pinos oscuros que inspiran leyendas. Pasea por el casco antiguo, un mini-Dubrovnik con murallas y torres medievales. Tiempo libre en tabernas y bares con ambiente animado. D\u00eda insular relajado e inspirador, perfecto para desconectar..   <\/p>\n\n\n\n<div class=\"wp-block-group\"><div class=\"wp-block-group__inner-container is-layout-constrained wp-block-group-is-layout-constrained\">\n<h6 id=\"block-f46dd3-56aa-42\" class=\"is-style-ignition-cousteau-pro-boxed-content wp-block-gutenbee-heading block-f46dd3-56aa-42\">D\u00eda 4: Kor\u010dula &#8211; Hvar<\/h6><style>.wp-block-gutenbee-heading.block-f46dd3-56aa-42 { font-size: 20px; line-height: 1; text-transform: uppercase; }<\/style>\n<\/div><\/div>\n\n\n\n<p class=\"\">Dir\u00edgete en ferry a Hvar, la isla m\u00e1s soleada del Adri\u00e1tico con un encanto bohemio \u00fanico. Recorrido guiado por la ciudad, descubriendo historia y tradiciones locales. Disfruta de restaurantes y cafeter\u00edas t\u00edpicas. Ritmo cultural suave, ideal para parejas   <\/p>\n\n\n\n<div class=\"wp-block-group\"><div class=\"wp-block-group__inner-container is-layout-constrained wp-block-group-is-layout-constrained\">\n<h6 id=\"block-76ea92-574f-44\" class=\"is-style-ignition-cousteau-pro-boxed-content wp-block-gutenbee-heading block-76ea92-574f-44\">D\u00eda 5: Hvar &#8211; Split-Trogir<\/h6><style>.wp-block-gutenbee-heading.block-76ea92-574f-44 { font-size: 20px; line-height: 1; text-transform: uppercase; }<\/style>\n<\/div><\/div>\n\n\n\n<p class=\"\">Ferry a Split, capital cultural de Dalmacia con el Palacio de Diocleciano, Patrimonio UNESCO y joya romana imponente. Tarde libre para explorar sus rincones. Transici\u00f3n esc\u00e9nica con ambiente urbano animado, accesible para todos los ritmos.  <\/p>\n\n\n\n<div class=\"wp-block-group\"><div class=\"wp-block-group__inner-container is-layout-constrained wp-block-group-is-layout-constrained\">\n<h6 id=\"block-4f5718-cdae-4d\" class=\"is-style-ignition-cousteau-pro-boxed-content wp-block-gutenbee-heading block-4f5718-cdae-4d\">D\u00eda 6: Split-Trogir &#8211; Plitvice &#8211; Zagreb<\/h6><style>.wp-block-gutenbee-heading.block-4f5718-cdae-4d { font-size: 20px; line-height: 1; text-transform: uppercase; }<\/style>\n\n\n\n<p class=\"\">Con almuerzo incluido, visita el Parque Nacional de Plitvice, maravilla UNESCO desde 1979 con 16 lagos, 92 cascadas y 22.000 ha de bosques que parecen de fantas\u00eda. Paseos por senderas entre aguas turquesas. Contin\u00faa a Zagreb. D\u00eda natural m\u00e1gico con ritmo moderado, apto para familias.   <\/p>\n<\/div><\/div>\n\n\n\n<div class=\"wp-block-group\"><div class=\"wp-block-group__inner-container is-layout-constrained wp-block-group-is-layout-constrained\">\n<h6 id=\"block-e72589-0677-45\" class=\"is-style-ignition-cousteau-pro-boxed-content wp-block-gutenbee-heading block-e72589-0677-45\">D\u00eda 7: Zagreb<\/h6><style>.wp-block-gutenbee-heading.block-e72589-0677-45 { font-size: 20px; line-height: 1; text-transform: uppercase; }<\/style>\n<\/div><\/div>\n\n\n\n<p class=\"\">Explora la capital con gu\u00eda por el centro hist\u00f3rico: Gradec y Kaptol, con murallas del s. XIII, Palacio Episcopal y p\u00f3rticos medievales que evocan siglos de historia. Tarde libre por la ciudad. Experiencia a pie c\u00f3moda, perfecta para todos.   <\/p>\n\n\n\n<div class=\"wp-block-group\"><div class=\"wp-block-group__inner-container is-layout-constrained wp-block-group-is-layout-constrained\">\n<h6 id=\"block-ecaef4-22c4-44\" class=\"is-style-ignition-cousteau-pro-boxed-content wp-block-gutenbee-heading block-ecaef4-22c4-44\">D\u00eda 8: Zagreb &#8211; Ciudad de origen<br><\/h6><style>.wp-block-gutenbee-heading.block-ecaef4-22c4-44 { font-size: 20px; line-height: 1; text-transform: uppercase; }<\/style>\n<\/div><\/div>\n\n\n\n<p class=\"\">Tiempo libre para compras o visitas, traslado al aeropuerto y vuelo opcional de retorno.<\/p>\n\n\n\n<h2 class=\"is-style-ignition-cousteau-pro-anchor-title wp-block-heading\">Informaci\u00f3n importante<\/h2>\n\n\n\n<div class=\"is-style-ignition-cousteau-pro-boxed-content wp-block-group\"><div class=\"wp-block-group__inner-container is-layout-constrained wp-block-group-is-layout-constrained\">\n<p id=\"block-351153-adcc-49\" class=\"wp-block-gutenbee-paragraph block-351153-adcc-49\"><strong>El precio incluye<\/strong><\/p><style>.wp-block-gutenbee-paragraph.block-351153-adcc-49 { font-size: 20px; }<\/style>\n\n\n\n<ul class=\"wp-block-list\">\n<li class=\"\">Vuelo opcional en clase turista.<\/li>\n\n\n\n<li class=\"\"> Alojamiento con desayuno. <\/li>\n\n\n\n<li class=\"\">Circuito regular con gu\u00eda en espa\u00f1ol. <\/li>\n\n\n\n<li class=\"\">Visitas especificadas<\/li>\n\n\n\n<li class=\"\">Seguro de viaje.<\/li>\n<\/ul>\n\n\n\n<p id=\"block-4056dc-0813-4b\" class=\"is-style-default wp-block-gutenbee-paragraph block-4056dc-0813-4b\"><strong>El precio no incluye<\/strong><\/p><style>.wp-block-gutenbee-paragraph.block-4056dc-0813-4b { font-size: 20px; }<\/style>\n\n\n\n<ul class=\"wp-block-list\">\n<li class=\"\">Cualquier cuesti\u00f3n no especificada en el apartado &#8220;el precio incluye&#8221;.<\/li>\n<\/ul>\n<\/div><\/div>\n\n\n\n<h2 class=\"is-style-ignition-cousteau-pro-anchor-title wp-block-heading\">Faq&#8217;s<\/h2>\n\n\n\n<div class=\"nfd-container nfd-p-lg nfd-gap-2xl nfd-wb-faq__faq-1 is-style-ignition-cousteau-pro-boxed-content wp-block-group\"><div class=\"wp-block-group__inner-container is-layout-constrained wp-block-group-is-layout-constrained\">\n<div class=\"nfd-gap-2xl wp-block-group is-vertical is-layout-flex wp-container-core-group-is-layout-8cf370e7 wp-block-group-is-layout-flex\">\n<div class=\"nfd-gap-xl nfd-gap-y-2xl wp-block-columns is-layout-flex wp-container-core-columns-is-layout-9d6595d7 wp-block-columns-is-layout-flex\">\n<div class=\"wp-block-column is-layout-flow wp-block-column-is-layout-flow\">\n<div class=\"nfd-gap-sm wp-block-group is-vertical is-layout-flex wp-container-core-group-is-layout-8cf370e7 wp-block-group-is-layout-flex\">\n<h3 class=\"wp-block-heading nfd-text-md nfd-text-contrast\" style=\"font-style:normal;font-weight:500\"><strong><strong><strong>\u00bfCu\u00e1l es la mejor \u00e9poca para un viaje a Croacia y sus Islas?<\/strong><\/strong><\/strong><\/h3>\n\n\n\n<p class=\"nfd-text-faded nfd-text-base\">Verano (junio-septiembre) por ba\u00f1os y ferries, con 25-30\u00b0C y festivales; evita invierno por accesos a islas en esta ruta organizada.<\/p>\n<\/div>\n<\/div>\n\n\n\n<div class=\"wp-block-column is-layout-flow wp-block-column-is-layout-flow\">\n<div class=\"nfd-gap-sm wp-block-group is-vertical is-layout-flex wp-container-core-group-is-layout-8cf370e7 wp-block-group-is-layout-flex\">\n<h3 class=\"wp-block-heading nfd-text-md nfd-text-contrast\" style=\"font-style:normal;font-weight:500\"><strong><strong>\u00bfPara qui\u00e9n es adecuado este viaje a Croacia y sus Islas?<\/strong><\/strong><\/h3>\n\n\n\n<p class=\"nfd-text-faded nfd-text-base\">Para adultos, parejas o viaje en familia; incluye paseos cortos y ferries c\u00f3modos, sin gran exigencia f\u00edsica, perfecto para exploradores relajados.<\/p>\n<\/div>\n<\/div>\n\n\n\n<div class=\"wp-block-column is-layout-flow wp-block-column-is-layout-flow\">\n<div class=\"nfd-gap-sm wp-block-group is-vertical is-layout-flex wp-container-core-group-is-layout-8cf370e7 wp-block-group-is-layout-flex\">\n<h3 class=\"wp-block-heading nfd-text-md nfd-text-contrast\" style=\"font-style:normal;font-weight:500\"><strong><strong>\u00bfSe puede personalizar como viaje a medida?<\/strong><\/strong><\/h3>\n\n\n\n<p class=\"nfd-text-faded nfd-text-base\">S\u00ed, desde <a href=\"http:\/\/mesqueunviatge.cat\/es\">mesqueunviatge.cat<\/a> adaptamos la ruta: m\u00e1s islas, hoteles con vista mar o privado. Contacta para tu versi\u00f3n ideal de este viaje a Croacia y sus Islas.  <\/p>\n<\/div>\n<\/div>\n<\/div>\n\n\n\n<div class=\"nfd-gap-xl nfd-gap-y-2xl wp-block-columns is-layout-flex wp-container-core-columns-is-layout-9d6595d7 wp-block-columns-is-layout-flex\">\n<div class=\"wp-block-column is-layout-flow wp-block-column-is-layout-flow\"><\/div>\n<\/div>\n<\/div>\n\n\n\n<div class=\"nfd-container wp-block-group\"><div class=\"wp-block-group__inner-container is-layout-constrained wp-container-core-group-is-layout-801f6f31 wp-block-group-is-layout-constrained\">\n<div class=\"nfd-p-card-md nfd-gap-xl nfd-shadow-xs nfd-bg-surface nfd-theme-white nfd-rounded is-style-nfd-theme-white wp-block-group is-content-justification-space-between is-layout-flex wp-container-core-group-is-layout-e3bc7287 wp-block-group-is-layout-flex\">\n<div class=\"nfd-gap-md wp-block-group is-layout-flex wp-block-group-is-layout-flex\">\n<figure class=\"is-style-rounded wp-block-image size-full is-resized\"><img data-recalc-dims=\"1\" loading=\"lazy\" decoding=\"async\" width=\"150\" height=\"109\" loading=\"lazy\" src=\"https:\/\/i0.wp.com\/mesqueunviatge.cat\/wp-content\/uploads\/2018\/10\/cropped-logo-transparent-mmqv.png?resize=150%2C109&#038;ssl=1\" alt=\"\" class=\"wp-image-15117\" style=\"aspect-ratio:4\/3;object-fit:cover;width:46px;height:auto\"\/><\/figure>\n\n\n\n<div class=\"nfd-gap-0 wp-block-group is-vertical is-layout-flex wp-container-core-group-is-layout-8cf370e7 wp-block-group-is-layout-flex\">\n<p class=\"nfd-text-md\" style=\"font-style:normal;font-weight:600\">\u00bfQuieres contactar con nosotros?<\/p>\n\n\n\n<p class=\"nfd-text-base nfd-text-faded\">Claro, puedes hacerlo envi\u00e1ndonos un mail a <a href=\"mailto:info@mesqueunviatge.cat\">info@mesqueunviatge.cat,<\/a> llamar al 93 664 59 17, enviarnos un mensaje al 660 29 25 16 o rellenar el cuestionario que te aparece en el lateral.<\/p>\n<\/div>\n<\/div>\n\n\n\n<div class=\"wp-block-buttons is-layout-flex wp-block-buttons-is-layout-flex\"><\/div>\n<\/div>\n<\/div><\/div>\n<\/div><\/div>\n\n\n\n<p id=\"block-1a0513-9c98-4c\" class=\"is-style-default wp-block-gutenbee-paragraph block-1a0513-9c98-4c gutenbee-hidden-desktop has-text-color\" style=\"color:rgba(0, 0, 0, 0.73);border-radius:0px\"><em>Si buscas otras alternativas a este viaje a Croacia y sus islas, tambi\u00e9n podemos adaptar la ruta partiendo de sus necesidades e intereses. Asesorados por nuestro equipo de corresponsales locales podemos preparar tu viaje perfecto. S\u00f3lo tienes que rellenar el formulario, que nos llames al <strong>93 664 59 17<\/strong> o al <strong>660 29 25 16<\/strong> o nos escribas a <strong><a href=\"mailto:info@mesqueunviatge.cat\">info@mesqueunviatge.cat<\/a><\/strong>  <\/em>.<\/p><style>.wp-block-gutenbee-paragraph.block-1a0513-9c98-4c { font-size: 13px; }<\/style>\n\n\n\n<p id=\"block-9ddbfd-b0dc-4c\" class=\"is-style-default wp-block-gutenbee-paragraph block-9ddbfd-b0dc-4c gutenbee-hidden-desktop has-text-color\" style=\"color:rgba(0, 0, 0, 0.73);border-radius:0px\"><strong><em>Otros viajes a <a href=\"https:\/\/mesqueunviatge.cat\/es\/\" target=\"_blank\" rel=\"noreferrer noopener\">mesqueunviaje.cat<\/a><\/em><\/strong><\/p><style>.wp-block-gutenbee-paragraph.block-9ddbfd-b0dc-4c { font-size: 13px; }<\/style>\n\n\n\n<p class=\"\"><\/p>\n","protected":false},"excerpt":{"rendered":"<p>Viaje a Croacia y sus Islas: Dubrovnik, Hvar y Plitvice Este viaje a Croacia y sus Islas combina la costa adri\u00e1tica con para\u00edsos insulares como Kor\u010dula y Hvar, el Parque de Plitvice y ciudades hist\u00f3ricas, [&hellip;]<\/p>\n","protected":false},"featured_media":20959,"comment_status":"open","ping_status":"closed","template":"","ignition_package_destination":[936],"ignition_package_category":[954,961,965,969],"class_list":["post-20961","ignition-package","type-ignition-package","status-publish","has-post-thumbnail","hentry","ignition_package_destination-viajes-por-europa","ignition_package_category-viajes-a-medida","ignition_package_category-viajes-en-familia","ignition_package_category-fly-d-drive-es","ignition_package_category-viajes-en-coche"],"acf":[],"jetpack_sharing_enabled":true,"_links":{"self":[{"href":"https:\/\/mesqueunviatge.cat\/es\/wp-json\/wp\/v2\/ignition-package\/20961","targetHints":{"allow":["GET"]}}],"collection":[{"href":"https:\/\/mesqueunviatge.cat\/es\/wp-json\/wp\/v2\/ignition-package"}],"about":[{"href":"https:\/\/mesqueunviatge.cat\/es\/wp-json\/wp\/v2\/types\/ignition-package"}],"replies":[{"embeddable":true,"href":"https:\/\/mesqueunviatge.cat\/es\/wp-json\/wp\/v2\/comments?post=20961"}],"version-history":[{"count":2,"href":"https:\/\/mesqueunviatge.cat\/es\/wp-json\/wp\/v2\/ignition-package\/20961\/revisions"}],"predecessor-version":[{"id":20964,"href":"https:\/\/mesqueunviatge.cat\/es\/wp-json\/wp\/v2\/ignition-package\/20961\/revisions\/20964"}],"wp:featuredmedia":[{"embeddable":true,"href":"https:\/\/mesqueunviatge.cat\/es\/wp-json\/wp\/v2\/media\/20959"}],"wp:attachment":[{"href":"https:\/\/mesqueunviatge.cat\/es\/wp-json\/wp\/v2\/media?parent=20961"}],"wp:term":[{"taxonomy":"ignition_package_destination","embeddable":true,"href":"https:\/\/mesqueunviatge.cat\/es\/wp-json\/wp\/v2\/ignition_package_destination?post=20961"},{"taxonomy":"ignition_package_category","embeddable":true,"href":"https:\/\/mesqueunviatge.cat\/es\/wp-json\/wp\/v2\/ignition_package_category?post=20961"}],"curies":[{"name":"wp","href":"https:\/\/api.w.org\/{rel}","templated":true}]}}