{"id":21773,"date":"2026-01-21T17:00:57","date_gmt":"2026-01-21T17:00:57","guid":{"rendered":"https:\/\/mesqueunviatge.cat\/?post_type=ignition-package&#038;p=21773"},"modified":"2026-01-21T17:00:58","modified_gmt":"2026-01-21T17:00:58","slug":"viaje-a-isla-mauricio-y-rodrigues","status":"publish","type":"ignition-package","link":"https:\/\/mesqueunviatge.cat\/es\/viaje-es\/viaje-a-isla-mauricio-y-rodrigues\/","title":{"rendered":"Viaje a Isla Mauricio y Rodrigues: dos perlas del \u00cdndico para vivir la naturaleza y la calma"},"content":{"rendered":"\n<h2>Viaje a Isla Mauricio y Rodrigues: dos perlas del \u00cdndico para vivir la naturaleza y la calma<\/h2>\n\n\n\n<blockquote class=\"wp-block-quote is-layout-flow wp-block-quote-is-layout-flow\">\n<p class=\"\">Una escapada rom\u00e1ntica en el coraz\u00f3n del oc\u00e9ano \u00cdndico. Imagina despertarte cada ma\u00f1ana frente a un mar turquesa infinito, caminar descalzo sobre la arena suave y cenar bajo un cielo repleto de estrellas. Este viaje a Isla Mauricio y Rodrigues es mucho m\u00e1s que unas vacaciones: es una experiencia para reconectar con quien m\u00e1s quieres, rodeados de naturaleza, tranquilidad y autenticidad. Adem\u00e1s, puedes adaptar el itinerario a medida, eligiendo el alojamiento, las excursiones y el ritmo que mejor se adapte a vuestro estilo.   <\/p>\n<\/blockquote>\n\n\n\n<div class=\"wp-block-group\"><div class=\"wp-block-group__inner-container is-layout-constrained wp-block-group-is-layout-constrained\">\n<p id=\"block-aa9595-eff9-42\" class=\"is-style-default wp-block-gutenbee-paragraph block-aa9595-eff9-42 gutenbee-hidden-tablet gutenbee-hidden-mobile has-text-color\" style=\"color:rgba(0, 0, 0, 0.73);border-radius:0px\"><br>Si buscas otras alternativas a este <em>viaje a Isla Mauricio y Rodrigues, tambi\u00e9n podemos dise\u00f1ar una ruta totalmente personalizada seg\u00fan vuestras necesidades e intereses. Asesorados por nuestro equipo de corresponsales locales podemos preparar tu viaje perfecto. S\u00f3lo tienes que rellenar el formulario, que nos llames al <strong>93 664 59 17<\/strong> o al <strong>660 29 25 16<\/strong> o nos escribas a <strong><a href=\"mailto:info@mesqueunviatge.cat\">info@mesqueunviatge.cat<\/a><\/strong>  <\/em>.<\/p><style>.wp-block-gutenbee-paragraph.block-aa9595-eff9-42 { font-size: 13px; }<\/style>\n\n\n\n<div class=\"wp-block-group\"><div class=\"wp-block-group__inner-container is-layout-constrained wp-block-group-is-layout-constrained\">\n<p id=\"block-13ef30-0708-40\" class=\"is-style-default wp-block-gutenbee-paragraph block-13ef30-0708-40 gutenbee-hidden-tablet gutenbee-hidden-mobile has-text-color\" style=\"color:rgba(0, 0, 0, 0.73);border-radius:0px\"><strong><em>Otros viajes a <a href=\"https:\/\/mesqueunviatge.cat\/es\/\" target=\"_blank\" rel=\"noreferrer noopener\">mesqueunviaje.cat<\/a><\/em><\/strong><\/p><style>.wp-block-gutenbee-paragraph.block-13ef30-0708-40 { font-size: 13px; }<\/style>\n<\/div><\/div>\n<\/div><\/div>\n\n\n\n<h2 class=\"is-style-ignition-cousteau-pro-anchor-title wp-block-heading\">Im\u00e1genes<\/h2>\n\n\n\n<figure class=\"wp-block-gallery has-nested-images columns-default is-cropped wp-block-gallery-1 is-layout-flex wp-block-gallery-is-layout-flex\">\n<figure class=\"wp-block-image size-full\"><a href=\"https:\/\/i0.wp.com\/mesqueunviatge.cat\/wp-content\/uploads\/2026\/01\/Platges-a-Maurici.webp?ssl=1\" data-lightbox=\"gal[21773]\"><img data-recalc-dims=\"1\" loading=\"lazy\" decoding=\"async\" width=\"870\" height=\"528\" loading=\"lazy\" data-id=\"21764\" src=\"https:\/\/i0.wp.com\/mesqueunviatge.cat\/wp-content\/uploads\/2026\/01\/Platges-a-Maurici.webp?resize=870%2C528&#038;ssl=1\" alt=\"viatge de noces a Maurici, viaje de novios a Mauricio\" class=\"wp-image-21764\" srcset=\"https:\/\/i0.wp.com\/mesqueunviatge.cat\/wp-content\/uploads\/2026\/01\/Platges-a-Maurici.webp?w=1500&amp;ssl=1 1500w, https:\/\/i0.wp.com\/mesqueunviatge.cat\/wp-content\/uploads\/2026\/01\/Platges-a-Maurici.webp?resize=600%2C364&amp;ssl=1 600w, https:\/\/i0.wp.com\/mesqueunviatge.cat\/wp-content\/uploads\/2026\/01\/Platges-a-Maurici.webp?resize=1024%2C622&amp;ssl=1 1024w, https:\/\/i0.wp.com\/mesqueunviatge.cat\/wp-content\/uploads\/2026\/01\/Platges-a-Maurici.webp?resize=768%2C466&amp;ssl=1 768w\" sizes=\"auto, (max-width: 870px) 100vw, 870px\" \/><\/a><\/figure>\n\n\n\n<figure class=\"wp-block-image size-large\"><a href=\"https:\/\/i0.wp.com\/mesqueunviatge.cat\/wp-content\/uploads\/2026\/01\/Vista-aeria-Maurici-1024x622.webp?ssl=1\" data-lightbox=\"gal[21773]\"><img data-recalc-dims=\"1\" loading=\"lazy\" decoding=\"async\" width=\"870\" height=\"528\" loading=\"lazy\" data-id=\"21768\" src=\"https:\/\/i0.wp.com\/mesqueunviatge.cat\/wp-content\/uploads\/2026\/01\/Vista-aeria-Maurici.webp?resize=870%2C528&#038;ssl=1\" alt=\"viatge a Illa Maurici organitzat, viaje a Isla Mauricio organizado\" class=\"wp-image-21768\" srcset=\"https:\/\/i0.wp.com\/mesqueunviatge.cat\/wp-content\/uploads\/2026\/01\/Vista-aeria-Maurici.webp?resize=1024%2C622&amp;ssl=1 1024w, https:\/\/i0.wp.com\/mesqueunviatge.cat\/wp-content\/uploads\/2026\/01\/Vista-aeria-Maurici.webp?resize=600%2C364&amp;ssl=1 600w, https:\/\/i0.wp.com\/mesqueunviatge.cat\/wp-content\/uploads\/2026\/01\/Vista-aeria-Maurici.webp?resize=768%2C466&amp;ssl=1 768w, https:\/\/i0.wp.com\/mesqueunviatge.cat\/wp-content\/uploads\/2026\/01\/Vista-aeria-Maurici.webp?w=1500&amp;ssl=1 1500w\" sizes=\"auto, (max-width: 870px) 100vw, 870px\" \/><\/a><\/figure>\n\n\n\n<figure class=\"wp-block-image size-full\"><a href=\"https:\/\/i0.wp.com\/mesqueunviatge.cat\/wp-content\/uploads\/2026\/01\/colors-dIlla-Rodrigues.webp?ssl=1\" data-lightbox=\"gal[21773]\"><img data-recalc-dims=\"1\" loading=\"lazy\" decoding=\"async\" width=\"870\" height=\"528\" loading=\"lazy\" data-id=\"21760\" src=\"https:\/\/i0.wp.com\/mesqueunviatge.cat\/wp-content\/uploads\/2026\/01\/colors-dIlla-Rodrigues.webp?resize=870%2C528&#038;ssl=1\" alt=\"viatge rom\u00e0ntic a Maurici, viaje rom\u00e1ntico a Mauricio\" class=\"wp-image-21760\" srcset=\"https:\/\/i0.wp.com\/mesqueunviatge.cat\/wp-content\/uploads\/2026\/01\/colors-dIlla-Rodrigues.webp?w=1500&amp;ssl=1 1500w, https:\/\/i0.wp.com\/mesqueunviatge.cat\/wp-content\/uploads\/2026\/01\/colors-dIlla-Rodrigues.webp?resize=600%2C364&amp;ssl=1 600w, https:\/\/i0.wp.com\/mesqueunviatge.cat\/wp-content\/uploads\/2026\/01\/colors-dIlla-Rodrigues.webp?resize=1024%2C622&amp;ssl=1 1024w, https:\/\/i0.wp.com\/mesqueunviatge.cat\/wp-content\/uploads\/2026\/01\/colors-dIlla-Rodrigues.webp?resize=768%2C466&amp;ssl=1 768w\" sizes=\"auto, (max-width: 870px) 100vw, 870px\" \/><\/a><\/figure>\n\n\n\n<figure class=\"wp-block-image size-full\"><a href=\"https:\/\/i0.wp.com\/mesqueunviatge.cat\/wp-content\/uploads\/2026\/01\/Tortugues-a-Maurici.webp?ssl=1\" data-lightbox=\"gal[21773]\"><img data-recalc-dims=\"1\" loading=\"lazy\" decoding=\"async\" width=\"870\" height=\"528\" loading=\"lazy\" data-id=\"21766\" src=\"https:\/\/i0.wp.com\/mesqueunviatge.cat\/wp-content\/uploads\/2026\/01\/Tortugues-a-Maurici.webp?resize=870%2C528&#038;ssl=1\" alt=\"viatge a Maurici en parella, viaje a Mauricio en pareja\" class=\"wp-image-21766\" srcset=\"https:\/\/i0.wp.com\/mesqueunviatge.cat\/wp-content\/uploads\/2026\/01\/Tortugues-a-Maurici.webp?w=1500&amp;ssl=1 1500w, https:\/\/i0.wp.com\/mesqueunviatge.cat\/wp-content\/uploads\/2026\/01\/Tortugues-a-Maurici.webp?resize=600%2C364&amp;ssl=1 600w, https:\/\/i0.wp.com\/mesqueunviatge.cat\/wp-content\/uploads\/2026\/01\/Tortugues-a-Maurici.webp?resize=1024%2C622&amp;ssl=1 1024w, https:\/\/i0.wp.com\/mesqueunviatge.cat\/wp-content\/uploads\/2026\/01\/Tortugues-a-Maurici.webp?resize=768%2C466&amp;ssl=1 768w\" sizes=\"auto, (max-width: 870px) 100vw, 870px\" \/><\/a><\/figure>\n\n\n\n<figure class=\"is-style-rounded wp-block-image size-full\"><a href=\"https:\/\/i0.wp.com\/mesqueunviatge.cat\/wp-content\/uploads\/2026\/01\/cascada-Maurici.webp?ssl=1\" data-lightbox=\"gal[21773]\"><img data-recalc-dims=\"1\" loading=\"lazy\" decoding=\"async\" width=\"870\" height=\"528\" loading=\"lazy\" data-id=\"21756\" src=\"https:\/\/i0.wp.com\/mesqueunviatge.cat\/wp-content\/uploads\/2026\/01\/cascada-Maurici.webp?resize=870%2C528&#038;ssl=1\" alt=\"viatge a Illa Maurici, viaje a Isla Mauricio\" class=\"wp-image-21756\" srcset=\"https:\/\/i0.wp.com\/mesqueunviatge.cat\/wp-content\/uploads\/2026\/01\/cascada-Maurici.webp?w=1500&amp;ssl=1 1500w, https:\/\/i0.wp.com\/mesqueunviatge.cat\/wp-content\/uploads\/2026\/01\/cascada-Maurici.webp?resize=600%2C364&amp;ssl=1 600w, https:\/\/i0.wp.com\/mesqueunviatge.cat\/wp-content\/uploads\/2026\/01\/cascada-Maurici.webp?resize=1024%2C622&amp;ssl=1 1024w, https:\/\/i0.wp.com\/mesqueunviatge.cat\/wp-content\/uploads\/2026\/01\/cascada-Maurici.webp?resize=768%2C466&amp;ssl=1 768w\" sizes=\"auto, (max-width: 870px) 100vw, 870px\" \/><\/a><\/figure>\n\n\n\n<figure class=\"wp-block-image size-large\"><a href=\"https:\/\/i0.wp.com\/mesqueunviatge.cat\/wp-content\/uploads\/2026\/01\/Illa-Rodrigues-1024x622.webp?ssl=1\" data-lightbox=\"gal[21773]\"><img data-recalc-dims=\"1\" loading=\"lazy\" decoding=\"async\" width=\"870\" height=\"528\" loading=\"lazy\" data-id=\"21762\" src=\"https:\/\/i0.wp.com\/mesqueunviatge.cat\/wp-content\/uploads\/2026\/01\/Illa-Rodrigues.webp?resize=870%2C528&#038;ssl=1\" alt=\"viatge a Maurici a mida, viaje a Mauricio a medida\" class=\"wp-image-21762\" srcset=\"https:\/\/i0.wp.com\/mesqueunviatge.cat\/wp-content\/uploads\/2026\/01\/Illa-Rodrigues.webp?resize=1024%2C622&amp;ssl=1 1024w, https:\/\/i0.wp.com\/mesqueunviatge.cat\/wp-content\/uploads\/2026\/01\/Illa-Rodrigues.webp?resize=600%2C364&amp;ssl=1 600w, https:\/\/i0.wp.com\/mesqueunviatge.cat\/wp-content\/uploads\/2026\/01\/Illa-Rodrigues.webp?resize=768%2C466&amp;ssl=1 768w, https:\/\/i0.wp.com\/mesqueunviatge.cat\/wp-content\/uploads\/2026\/01\/Illa-Rodrigues.webp?w=1500&amp;ssl=1 1500w\" sizes=\"auto, (max-width: 870px) 100vw, 870px\" \/><\/a><\/figure>\n<\/figure>\n\n\n\n<h2 class=\"is-style-ignition-cousteau-pro-anchor-title wp-block-heading\">Itinerario<\/h2>\n\n\n\n<div class=\"wp-block-group\"><div class=\"wp-block-group__inner-container is-layout-constrained wp-block-group-is-layout-constrained\">\n<h6 id=\"block-96e5da-a11f-4f\" class=\"is-style-ignition-cousteau-pro-boxed-content wp-block-gutenbee-heading block-96e5da-a11f-4f\">D\u00cdA 1: CIUDAD DE ORIGEN \u2013 ISLA MAURICIO<\/h6><style>.wp-block-gutenbee-heading.block-96e5da-a11f-4f { font-size: 20px; line-height: 1; text-transform: uppercase; }<\/style>\n<\/div><\/div>\n\n\n\n<p class=\"\">Salida en vuelo con destino Isla Mauricio, por la ruta elegida. Noche a bordo.<br> <\/p>\n\n\n\n<div class=\"wp-block-group\"><div class=\"wp-block-group__inner-container is-layout-constrained wp-block-group-is-layout-constrained\">\n<h6 id=\"block-38b69d-0764-4f\" class=\"is-style-ignition-cousteau-pro-boxed-content wp-block-gutenbee-heading block-38b69d-0764-4f\">D\u00cdA 2: ISLA MAURICIO<\/h6><style>.wp-block-gutenbee-heading.block-38b69d-0764-4f { font-size: 20px; line-height: 1; text-transform: uppercase; }<\/style>\n\n\n\n<p class=\"\">Llegada y traslado al hotel. Alojamiento. <\/p>\n<\/div><\/div>\n\n\n\n<div class=\"wp-block-group\"><div class=\"wp-block-group__inner-container is-layout-constrained wp-block-group-is-layout-constrained\">\n<h6 id=\"block-800fa2-0ab9-4d\" class=\"is-style-ignition-cousteau-pro-boxed-content wp-block-gutenbee-heading block-800fa2-0ab9-4d\">D\u00cdAS 3 AL 4: ISLA MAURICIO<\/h6><style>.wp-block-gutenbee-heading.block-800fa2-0ab9-4d { font-size: 20px; line-height: 1; text-transform: uppercase; }<\/style>\n<\/div><\/div>\n\n\n\n<p class=\"\">D\u00edas libres para disfrutar de la isla y del r\u00e9gimen alimenticio seleccionado. M\u00e1s all\u00e1 de sus playas paradis\u00edacas, Mauricio enamora con sus monta\u00f1as cubiertas de un verde intenso, cascadas espectaculares y pueblos llenos de encanto. Conocida como \u201cLa sonrisa del \u00cdndico\u201d, es perfecta para relajarse o vivir aventuras \u00fanicas en pareja.  <\/p>\n\n\n\n<div class=\"wp-block-group\"><div class=\"wp-block-group__inner-container is-layout-constrained wp-block-group-is-layout-constrained\">\n<h6 id=\"block-ace178-6118-40\" class=\"is-style-ignition-cousteau-pro-boxed-content wp-block-gutenbee-heading block-ace178-6118-40\">D\u00cdA 5: ISLA MAURICIO \u2013 ISLA RODRIGUES<\/h6><style>.wp-block-gutenbee-heading.block-ace178-6118-40 { font-size: 20px; line-height: 1; text-transform: uppercase; }<\/style>\n<\/div><\/div>\n\n\n\n<p class=\"\">Desayuno. Traslado al aeropuerto para salir en vuelo regular con destino Isla Rodrigues. Llegada y traslado al hotel. Alojamiento.   <\/p>\n\n\n\n<div class=\"wp-block-group\"><div class=\"wp-block-group__inner-container is-layout-constrained wp-block-group-is-layout-constrained\">\n<h6 id=\"block-db18ee-4aec-48\" class=\"is-style-ignition-cousteau-pro-boxed-content wp-block-gutenbee-heading block-db18ee-4aec-48\">D\u00cdAS 6 AL 7: ISLA RODRIGUES<\/h6><style>.wp-block-gutenbee-heading.block-db18ee-4aec-48 { font-size: 20px; line-height: 1; text-transform: uppercase; }<\/style>\n<\/div><\/div>\n\n\n\n<p class=\"\">D\u00edas libres para descubrir esta joya natural del oc\u00e9ano. Rodeada de un impresionante arrecife de coral y con una gran laguna azul, Rodrigues es sin\u00f3nimo de paz, autenticidad y hospitalidad local. Ideal para parejas que buscan tranquilidad y una conexi\u00f3n real con la naturaleza.  <\/p>\n\n\n\n<div class=\"wp-block-group\"><div class=\"wp-block-group__inner-container is-layout-constrained wp-block-group-is-layout-constrained\">\n<h6 id=\"block-abebcc-c540-45\" class=\"is-style-ignition-cousteau-pro-boxed-content wp-block-gutenbee-heading block-abebcc-c540-45\">D\u00cdA 8: ISLA RODRIGUES \u2013 ISLA MAURICIO \u2013 CIUDAD DE ORIGEN<\/h6><style>.wp-block-gutenbee-heading.block-abebcc-c540-45 { font-size: 20px; line-height: 1; text-transform: uppercase; }<\/style>\n\n\n\n<p class=\"\">Desayuno. Tiempo libre hasta la salida del vuelo de regreso a tu ciudad de origen, por la ruta elegida. Noche a bordo.  <\/p>\n<\/div><\/div>\n\n\n\n<div class=\"wp-block-group\"><div class=\"wp-block-group__inner-container is-layout-constrained wp-block-group-is-layout-constrained\">\n<h6 id=\"block-c3f19d-8cfa-41\" class=\"is-style-ignition-cousteau-pro-boxed-content wp-block-gutenbee-heading block-c3f19d-8cfa-41\">D\u00cdA 9: BARCELONA<\/h6><style>.wp-block-gutenbee-heading.block-c3f19d-8cfa-41 { font-size: 20px; line-height: 1; text-transform: uppercase; }<\/style>\n<\/div><\/div>\n\n\n\n<p class=\"\">Llegada y fin de vuestro viaje a Isla Mauricio y Rodrigues.<\/p>\n\n\n\n<h2 class=\"is-style-ignition-cousteau-pro-anchor-title wp-block-heading\">Informaci\u00f3n importante<\/h2>\n\n\n\n<div class=\"is-style-ignition-cousteau-pro-boxed-content wp-block-group\"><div class=\"wp-block-group__inner-container is-layout-constrained wp-block-group-is-layout-constrained\">\n<div class=\"wp-block-group\"><div class=\"wp-block-group__inner-container is-layout-constrained wp-block-group-is-layout-constrained\">\n<p id=\"block-d9fe49-dafc-46\" class=\"wp-block-gutenbee-paragraph block-d9fe49-dafc-46\"><strong>El precio incluye<\/strong><\/p><style>.wp-block-gutenbee-paragraph.block-d9fe49-dafc-46 { font-size: 20px; }<\/style>\n\n\n\n<ul class=\"wp-block-list\">\n<li class=\"\">Vuelo de l\u00ednea regular, clase turista (reserva a clase especiales).<\/li>\n\n\n\n<li class=\"\">Alojamiento en r\u00e9gimen seg\u00fan selecci\u00f3n.<\/li>\n\n\n\n<li class=\"\">Traslados regulares en ingl\u00e9s, con asistencia en castellano durante la estancia en Mauricio.<\/li>\n\n\n\n<li class=\"\">Seguro de viaje.<\/li>\n<\/ul>\n<\/div><\/div>\n\n\n\n<p id=\"block-b93f96-df47-46\" class=\"is-style-default wp-block-gutenbee-paragraph block-b93f96-df47-46\"><strong>El precio no incluye<\/strong><\/p><style>.wp-block-gutenbee-paragraph.block-b93f96-df47-46 { font-size: 20px; }<\/style>\n\n\n\n<ul class=\"wp-block-list\">\n<li class=\"\">Cualquier cuesti\u00f3n no especificada en el apartado &#8220;el precio incluye&#8221;.<\/li>\n<\/ul>\n<\/div><\/div>\n\n\n\n<h2 class=\"is-style-ignition-cousteau-pro-anchor-title wp-block-heading\">Faq&#8217;s<\/h2>\n\n\n\n<div class=\"nfd-container nfd-p-lg nfd-gap-2xl nfd-wb-faq__faq-1 is-style-ignition-cousteau-pro-boxed-content wp-block-group\"><div class=\"wp-block-group__inner-container is-layout-constrained wp-block-group-is-layout-constrained\">\n<div class=\"nfd-gap-2xl wp-block-group is-vertical is-layout-flex wp-container-core-group-is-layout-8cf370e7 wp-block-group-is-layout-flex\">\n<div class=\"nfd-gap-xl nfd-gap-y-2xl wp-block-columns is-layout-flex wp-container-core-columns-is-layout-9d6595d7 wp-block-columns-is-layout-flex\">\n<div class=\"wp-block-column is-layout-flow wp-block-column-is-layout-flow\">\n<div class=\"nfd-gap-sm wp-block-group is-vertical is-layout-flex wp-container-core-group-is-layout-8cf370e7 wp-block-group-is-layout-flex\">\n<h3 class=\"wp-block-heading nfd-text-md nfd-text-contrast\" style=\"font-style:normal;font-weight:500\"><strong><strong><strong><strong><strong>\u00bfCu\u00e1l es la mejor \u00e9poca para hacer un viaje a Isla Mauricio?<\/strong><\/strong><\/strong><\/strong><\/strong><\/h3>\n\n\n\n<p class=\"nfd-text-faded nfd-text-base\">El clima es agradable durante todo el a\u00f1o, pero entre mayo y octubre el tiempo es m\u00e1s seco e ideal para disfrutar de la playa y las excursiones. De noviembre a abril, las temperaturas son m\u00e1s altas y las aguas m\u00e1s c\u00e1lidas. <br><\/p>\n<\/div>\n<\/div>\n\n\n\n<div class=\"wp-block-column is-layout-flow wp-block-column-is-layout-flow\">\n<div class=\"nfd-gap-sm wp-block-group is-vertical is-layout-flex wp-container-core-group-is-layout-8cf370e7 wp-block-group-is-layout-flex\">\n<h3 class=\"wp-block-heading nfd-text-md nfd-text-contrast\" style=\"font-style:normal;font-weight:500\"><strong><strong><strong><strong>\u00bfSe puede personalizar el viaje seg\u00fan nuestras preferencias?<\/strong><\/strong><\/strong><\/strong><\/h3>\n\n\n\n<p class=\"nfd-text-faded nfd-text-base\">S\u00ed, este viaje a Isla Mauricio se puede adaptar completamente a medida: pod\u00e9is elegir la categor\u00eda del hotel, a\u00f1adir actividades o ampliar la estancia tanto en Mauricio como en Rodrigues.<br><br><\/p>\n<\/div>\n<\/div>\n\n\n\n<div class=\"wp-block-column is-layout-flow wp-block-column-is-layout-flow\">\n<div class=\"nfd-gap-sm wp-block-group is-vertical is-layout-flex wp-container-core-group-is-layout-8cf370e7 wp-block-group-is-layout-flex\">\n<h3 class=\"wp-block-heading nfd-text-md nfd-text-contrast\" style=\"font-style:normal;font-weight:500\"><strong><strong><strong>\u00bfEs un destino adecuado para una luna de miel o escapada rom\u00e1ntica?<\/strong><\/strong><\/strong><\/h3>\n\n\n\n<p class=\"nfd-text-faded nfd-text-base\">Totalmente. Mauricio y Rodrigues ofrecen hoteles con encanto, spas, cenas privadas y paisajes id\u00edlicos que crean recuerdos inolvidables para las parejas. <br><br><\/p>\n<\/div>\n<\/div>\n<\/div>\n\n\n\n<div class=\"nfd-gap-xl nfd-gap-y-2xl wp-block-columns is-layout-flex wp-container-core-columns-is-layout-9d6595d7 wp-block-columns-is-layout-flex\">\n<div class=\"wp-block-column is-layout-flow wp-block-column-is-layout-flow\"><\/div>\n<\/div>\n<\/div>\n\n\n\n<div class=\"nfd-container wp-block-group\"><div class=\"wp-block-group__inner-container is-layout-constrained wp-container-core-group-is-layout-801f6f31 wp-block-group-is-layout-constrained\">\n<div class=\"nfd-p-card-md nfd-gap-xl nfd-shadow-xs nfd-bg-surface nfd-theme-white nfd-rounded is-style-nfd-theme-white wp-block-group is-content-justification-space-between is-layout-flex wp-container-core-group-is-layout-e3bc7287 wp-block-group-is-layout-flex\">\n<div class=\"nfd-gap-md wp-block-group is-layout-flex wp-block-group-is-layout-flex\">\n<figure class=\"is-style-rounded wp-block-image size-full is-resized\"><img data-recalc-dims=\"1\" loading=\"lazy\" decoding=\"async\" width=\"150\" height=\"109\" loading=\"lazy\" src=\"https:\/\/i0.wp.com\/mesqueunviatge.cat\/wp-content\/uploads\/2018\/10\/cropped-logo-transparent-mmqv.png?resize=150%2C109&#038;ssl=1\" alt=\"\" class=\"wp-image-15117\" style=\"aspect-ratio:4\/3;object-fit:cover;width:46px;height:auto\"\/><\/figure>\n\n\n\n<div class=\"nfd-gap-0 wp-block-group is-vertical is-layout-flex wp-container-core-group-is-layout-8cf370e7 wp-block-group-is-layout-flex\">\n<p class=\"nfd-text-md\" style=\"font-style:normal;font-weight:600\">\u00bfQuieres contactar con nosotros?<\/p>\n\n\n\n<p class=\"nfd-text-base nfd-text-faded\">Claro, puedes hacerlo envi\u00e1ndonos un mail a <a href=\"mailto:info@mesqueunviatge.cat\">info@mesqueunviatge.cat<\/a>, llamar al 93 664 59 17, enviarnos un mensaje al 660 29 25 16 o rellenar el cuestionario que te aparece en el lateral.<\/p>\n<\/div>\n<\/div>\n\n\n\n<div class=\"wp-block-buttons is-layout-flex wp-block-buttons-is-layout-flex\"><\/div>\n<\/div>\n<\/div><\/div>\n<\/div><\/div>\n\n\n\n<p id=\"block-5be2fc-5ed0-4f\" class=\"is-style-default wp-block-gutenbee-paragraph block-5be2fc-5ed0-4f gutenbee-hidden-desktop has-text-color\" style=\"color:rgba(0, 0, 0, 0.73);border-radius:0px\"><em>Si buscas otras alternativas a este viaje a Isla Mauricio y Rodrigues,<\/em><em> tambi\u00e9n podemos adaptar la ruta partiendo de vuestras necesidades e intereses. Asesorados por nuestro equipo de corresponsales locales podemos preparar tu viaje perfecto. S\u00f3lo tienes que rellenar el formulario, que nos llames al <strong>93 664 59 17 <\/strong>o al <strong>660 29 25 16 <\/strong>o nos escribas a <strong><a href=\"mailto:info@mesqueunviatge.cat\">info@mesqueunviatge.cat<\/a><\/strong> <\/em>.<\/p><style>.wp-block-gutenbee-paragraph.block-5be2fc-5ed0-4f { font-size: 13px; }<\/style>\n\n\n\n<p id=\"block-76aeb2-f64c-49\" class=\"is-style-default wp-block-gutenbee-paragraph block-76aeb2-f64c-49 gutenbee-hidden-desktop has-text-color\" style=\"color:rgba(0, 0, 0, 0.73);border-radius:0px\"><strong><em>Otros viajes a <a href=\"https:\/\/mesqueunviatge.cat\/es\/\" target=\"_blank\" rel=\"noreferrer noopener\">mesqueunviaje.cat<\/a><\/em><\/strong><\/p><style>.wp-block-gutenbee-paragraph.block-76aeb2-f64c-49 { font-size: 13px; }<\/style>\n\n\n\n<p class=\"\"><\/p>\n","protected":false},"excerpt":{"rendered":"<p>Viaje a Isla Mauricio y Rodrigues: dos perlas del \u00cdndico para vivir la naturaleza y la calma Una escapada rom\u00e1ntica en el coraz\u00f3n del oc\u00e9ano \u00cdndico. Imagina despertarte cada ma\u00f1ana frente a un mar turquesa [&hellip;]<\/p>\n","protected":false},"featured_media":21769,"comment_status":"open","ping_status":"closed","template":"","ignition_package_destination":[927,953],"ignition_package_category":[954,955],"class_list":["post-21773","ignition-package","type-ignition-package","status-publish","has-post-thumbnail","hentry","ignition_package_destination-viajes-a-africa","ignition_package_destination-africa-oriental-y-el-sur","ignition_package_category-viajes-a-medida","ignition_package_category-luna-de-miel"],"acf":[],"jetpack_sharing_enabled":true,"_links":{"self":[{"href":"https:\/\/mesqueunviatge.cat\/es\/wp-json\/wp\/v2\/ignition-package\/21773","targetHints":{"allow":["GET"]}}],"collection":[{"href":"https:\/\/mesqueunviatge.cat\/es\/wp-json\/wp\/v2\/ignition-package"}],"about":[{"href":"https:\/\/mesqueunviatge.cat\/es\/wp-json\/wp\/v2\/types\/ignition-package"}],"replies":[{"embeddable":true,"href":"https:\/\/mesqueunviatge.cat\/es\/wp-json\/wp\/v2\/comments?post=21773"}],"version-history":[{"count":2,"href":"https:\/\/mesqueunviatge.cat\/es\/wp-json\/wp\/v2\/ignition-package\/21773\/revisions"}],"predecessor-version":[{"id":21775,"href":"https:\/\/mesqueunviatge.cat\/es\/wp-json\/wp\/v2\/ignition-package\/21773\/revisions\/21775"}],"wp:featuredmedia":[{"embeddable":true,"href":"https:\/\/mesqueunviatge.cat\/es\/wp-json\/wp\/v2\/media\/21769"}],"wp:attachment":[{"href":"https:\/\/mesqueunviatge.cat\/es\/wp-json\/wp\/v2\/media?parent=21773"}],"wp:term":[{"taxonomy":"ignition_package_destination","embeddable":true,"href":"https:\/\/mesqueunviatge.cat\/es\/wp-json\/wp\/v2\/ignition_package_destination?post=21773"},{"taxonomy":"ignition_package_category","embeddable":true,"href":"https:\/\/mesqueunviatge.cat\/es\/wp-json\/wp\/v2\/ignition_package_category?post=21773"}],"curies":[{"name":"wp","href":"https:\/\/api.w.org\/{rel}","templated":true}]}}