{"id":21798,"date":"2026-01-21T18:13:13","date_gmt":"2026-01-21T18:13:13","guid":{"rendered":"https:\/\/mesqueunviatge.cat\/?post_type=ignition-package&#038;p=21798"},"modified":"2026-01-21T18:13:15","modified_gmt":"2026-01-21T18:13:15","slug":"viaje-a-seychelles-a-medida","status":"publish","type":"ignition-package","link":"https:\/\/mesqueunviatge.cat\/es\/viaje-es\/viaje-a-seychelles-a-medida\/","title":{"rendered":"Viaje a Seychelles a medida para familias: 9 d\u00edas m\u00e1gicos en el para\u00edso"},"content":{"rendered":"\n<h2>Viaje a Seychelles a medida para familias: 9 d\u00edas m\u00e1gicos en el para\u00edso<\/h2>\n\n\n\n<blockquote class=\"wp-block-quote is-layout-flow wp-block-quote-is-layout-flow\">\n<p class=\"\">Cuando dos parejas con hijos de entre 9 y 12 a\u00f1os nos contactaron, supimos que hab\u00eda que crear un viaje a las Seychelles a medida perfecto para ellos: quer\u00edan capturar la esencia del para\u00edso \u00edndico visitando las tres islas principales (Mah\u00e9, Praslin y La Digue), con mucho contacto con la naturaleza, snorkel familiar seguro, descanso en playas de ensue\u00f1o y actividades adaptadas a los m\u00e1s peque\u00f1os. <\/p>\n\n\n\n<p class=\"\">Hemos personalizado cada detalle seg\u00fan sus demandas \u2014desde traslados c\u00f3modos hasta hoteles con piscinas infantiles y horarios flexibles\u2014 para que fuera una experiencia m\u00e1gica donde grandes y peque\u00f1os crearan recuerdos inolvidables juntos, adaptada a sus necesidades. No dudes en ponerte en contacto con nosotros para que lo organicemos a medida de tus intereses y presupuesto. Cont\u00e1ctanos.  <\/p>\n<\/blockquote>\n\n\n\n<div class=\"wp-block-group\"><div class=\"wp-block-group__inner-container is-layout-constrained wp-block-group-is-layout-constrained\">\n<p id=\"block-aa9595-eff9-42\" class=\"is-style-default wp-block-gutenbee-paragraph block-aa9595-eff9-42 gutenbee-hidden-tablet gutenbee-hidden-mobile has-text-color\" style=\"color:rgba(0, 0, 0, 0.73);border-radius:0px\"><br>Si buscas otras alternativas a este <em>viaje a Seychelles a medida, tambi\u00e9n podemos adaptar la ruta partiendo de vuestras necesidades e intereses. Asesorados por nuestro equipo de corresponsales locales podemos preparar tu viaje perfecto. S\u00f3lo tienes que rellenar el formulario, que nos llames al <strong>93 664 59 17<\/strong> o al <strong>660 29 25 16<\/strong> o nos escribas a <strong><a href=\"mailto:info@mesqueunviatge.cat\">info@mesqueunviatge.cat<\/a><\/strong>  <\/em>.<\/p><style>.wp-block-gutenbee-paragraph.block-aa9595-eff9-42 { font-size: 13px; }<\/style>\n\n\n\n<div class=\"wp-block-group\"><div class=\"wp-block-group__inner-container is-layout-constrained wp-block-group-is-layout-constrained\">\n<p id=\"block-13ef30-0708-40\" class=\"is-style-default wp-block-gutenbee-paragraph block-13ef30-0708-40 gutenbee-hidden-tablet gutenbee-hidden-mobile has-text-color\" style=\"color:rgba(0, 0, 0, 0.73);border-radius:0px\"><strong><em>Otros viajes a <a href=\"https:\/\/mesqueunviatge.cat\/es\/\" target=\"_blank\" rel=\"noreferrer noopener\">mesqueunviaje.cat<\/a><\/em><\/strong><\/p><style>.wp-block-gutenbee-paragraph.block-13ef30-0708-40 { font-size: 13px; }<\/style>\n<\/div><\/div>\n<\/div><\/div>\n\n\n\n<h2 class=\"is-style-ignition-cousteau-pro-anchor-title wp-block-heading\">Im\u00e1genes<\/h2>\n\n\n\n<figure class=\"wp-block-gallery has-nested-images columns-default is-cropped wp-block-gallery-1 is-layout-flex wp-block-gallery-is-layout-flex\">\n<figure class=\"wp-block-image size-full\"><a href=\"https:\/\/i0.wp.com\/mesqueunviatge.cat\/wp-content\/uploads\/2026\/01\/vallee-de-Mai-Seychelles.webp?ssl=1\" data-lightbox=\"gal[21798]\"><img data-recalc-dims=\"1\" loading=\"lazy\" decoding=\"async\" width=\"870\" height=\"528\" loading=\"lazy\" data-id=\"21790\" src=\"https:\/\/i0.wp.com\/mesqueunviatge.cat\/wp-content\/uploads\/2026\/01\/vallee-de-Mai-Seychelles.webp?resize=870%2C528&#038;ssl=1\" alt=\"viatge Seychelles organitzat, viaje Seychelles organizado\" class=\"wp-image-21790\" srcset=\"https:\/\/i0.wp.com\/mesqueunviatge.cat\/wp-content\/uploads\/2026\/01\/vallee-de-Mai-Seychelles.webp?w=1500&amp;ssl=1 1500w, https:\/\/i0.wp.com\/mesqueunviatge.cat\/wp-content\/uploads\/2026\/01\/vallee-de-Mai-Seychelles.webp?resize=600%2C364&amp;ssl=1 600w, https:\/\/i0.wp.com\/mesqueunviatge.cat\/wp-content\/uploads\/2026\/01\/vallee-de-Mai-Seychelles.webp?resize=1024%2C622&amp;ssl=1 1024w, https:\/\/i0.wp.com\/mesqueunviatge.cat\/wp-content\/uploads\/2026\/01\/vallee-de-Mai-Seychelles.webp?resize=768%2C466&amp;ssl=1 768w\" sizes=\"auto, (max-width: 870px) 100vw, 870px\" \/><\/a><\/figure>\n\n\n\n<figure class=\"wp-block-image size-large\"><a href=\"https:\/\/i0.wp.com\/mesqueunviatge.cat\/wp-content\/uploads\/2026\/01\/platges-Seychelles-1024x622.webp?ssl=1\" data-lightbox=\"gal[21798]\"><img data-recalc-dims=\"1\" loading=\"lazy\" decoding=\"async\" width=\"870\" height=\"528\" loading=\"lazy\" data-id=\"21784\" src=\"https:\/\/i0.wp.com\/mesqueunviatge.cat\/wp-content\/uploads\/2026\/01\/platges-Seychelles.webp?resize=870%2C528&#038;ssl=1\" alt=\"viatge a les Seychelles a mida, viaje a las Seychelles a medida\" class=\"wp-image-21784\" srcset=\"https:\/\/i0.wp.com\/mesqueunviatge.cat\/wp-content\/uploads\/2026\/01\/platges-Seychelles.webp?resize=1024%2C622&amp;ssl=1 1024w, https:\/\/i0.wp.com\/mesqueunviatge.cat\/wp-content\/uploads\/2026\/01\/platges-Seychelles.webp?resize=600%2C364&amp;ssl=1 600w, https:\/\/i0.wp.com\/mesqueunviatge.cat\/wp-content\/uploads\/2026\/01\/platges-Seychelles.webp?resize=768%2C466&amp;ssl=1 768w, https:\/\/i0.wp.com\/mesqueunviatge.cat\/wp-content\/uploads\/2026\/01\/platges-Seychelles.webp?w=1500&amp;ssl=1 1500w\" sizes=\"auto, (max-width: 870px) 100vw, 870px\" \/><\/a><\/figure>\n\n\n\n<figure class=\"wp-block-image size-full\"><a href=\"https:\/\/i0.wp.com\/mesqueunviatge.cat\/wp-content\/uploads\/2026\/01\/tortugues-a-les-Seychelles.webp?ssl=1\" data-lightbox=\"gal[21798]\"><img data-recalc-dims=\"1\" loading=\"lazy\" decoding=\"async\" width=\"870\" height=\"528\" loading=\"lazy\" data-id=\"21786\" src=\"https:\/\/i0.wp.com\/mesqueunviatge.cat\/wp-content\/uploads\/2026\/01\/tortugues-a-les-Seychelles.webp?resize=870%2C528&#038;ssl=1\" alt=\"viatge Seychelles aventura, viaje Seychelles aventura\" class=\"wp-image-21786\" srcset=\"https:\/\/i0.wp.com\/mesqueunviatge.cat\/wp-content\/uploads\/2026\/01\/tortugues-a-les-Seychelles.webp?w=1500&amp;ssl=1 1500w, https:\/\/i0.wp.com\/mesqueunviatge.cat\/wp-content\/uploads\/2026\/01\/tortugues-a-les-Seychelles.webp?resize=600%2C364&amp;ssl=1 600w, https:\/\/i0.wp.com\/mesqueunviatge.cat\/wp-content\/uploads\/2026\/01\/tortugues-a-les-Seychelles.webp?resize=1024%2C622&amp;ssl=1 1024w, https:\/\/i0.wp.com\/mesqueunviatge.cat\/wp-content\/uploads\/2026\/01\/tortugues-a-les-Seychelles.webp?resize=768%2C466&amp;ssl=1 768w\" sizes=\"auto, (max-width: 870px) 100vw, 870px\" \/><\/a><\/figure>\n\n\n\n<figure class=\"wp-block-image size-full\"><a href=\"https:\/\/i0.wp.com\/mesqueunviatge.cat\/wp-content\/uploads\/2026\/01\/Tortugues-de-terra-Seychelles.webp?ssl=1\" data-lightbox=\"gal[21798]\"><img data-recalc-dims=\"1\" loading=\"lazy\" decoding=\"async\" width=\"870\" height=\"528\" loading=\"lazy\" data-id=\"21788\" src=\"https:\/\/i0.wp.com\/mesqueunviatge.cat\/wp-content\/uploads\/2026\/01\/Tortugues-de-terra-Seychelles.webp?resize=870%2C528&#038;ssl=1\" alt=\"viatge de noces a les Seychelles, viaje de novios a las Seychelles\" class=\"wp-image-21788\" srcset=\"https:\/\/i0.wp.com\/mesqueunviatge.cat\/wp-content\/uploads\/2026\/01\/Tortugues-de-terra-Seychelles.webp?w=1500&amp;ssl=1 1500w, https:\/\/i0.wp.com\/mesqueunviatge.cat\/wp-content\/uploads\/2026\/01\/Tortugues-de-terra-Seychelles.webp?resize=600%2C364&amp;ssl=1 600w, https:\/\/i0.wp.com\/mesqueunviatge.cat\/wp-content\/uploads\/2026\/01\/Tortugues-de-terra-Seychelles.webp?resize=1024%2C622&amp;ssl=1 1024w, https:\/\/i0.wp.com\/mesqueunviatge.cat\/wp-content\/uploads\/2026\/01\/Tortugues-de-terra-Seychelles.webp?resize=768%2C466&amp;ssl=1 768w\" sizes=\"auto, (max-width: 870px) 100vw, 870px\" \/><\/a><\/figure>\n\n\n\n<figure class=\"is-style-rounded wp-block-image size-full\"><a href=\"https:\/\/i0.wp.com\/mesqueunviatge.cat\/wp-content\/uploads\/2026\/01\/platges-Seychelles-1024x622.webp?ssl=1\" data-lightbox=\"gal[21798]\"><img data-recalc-dims=\"1\" loading=\"lazy\" decoding=\"async\" width=\"870\" height=\"528\" loading=\"lazy\" data-id=\"21784\" src=\"https:\/\/i0.wp.com\/mesqueunviatge.cat\/wp-content\/uploads\/2026\/01\/platges-Seychelles.webp?resize=870%2C528&#038;ssl=1\" alt=\"viatge a las Seychelles a mida, viaje a las Seychelles a medida\" class=\"wp-image-21784\" srcset=\"https:\/\/i0.wp.com\/mesqueunviatge.cat\/wp-content\/uploads\/2026\/01\/platges-Seychelles.webp?w=1500&amp;ssl=1 1500w, https:\/\/i0.wp.com\/mesqueunviatge.cat\/wp-content\/uploads\/2026\/01\/platges-Seychelles.webp?resize=600%2C364&amp;ssl=1 600w, https:\/\/i0.wp.com\/mesqueunviatge.cat\/wp-content\/uploads\/2026\/01\/platges-Seychelles.webp?resize=1024%2C622&amp;ssl=1 1024w, https:\/\/i0.wp.com\/mesqueunviatge.cat\/wp-content\/uploads\/2026\/01\/platges-Seychelles.webp?resize=768%2C466&amp;ssl=1 768w\" sizes=\"auto, (max-width: 870px) 100vw, 870px\" \/><\/a><\/figure>\n\n\n\n<figure class=\"wp-block-image size-large\"><a href=\"<!--[CDATA[https:\/\/mesqueunviatge.cat\/wp-content\/uploads\/2026\/01\/Victoria-Seychelles.webp]]--&gt;\"><img data-recalc-dims=\"1\" loading=\"lazy\" decoding=\"async\" width=\"870\" height=\"528\" loading=\"lazy\" data-id=\"21792\" src=\"https:\/\/i0.wp.com\/mesqueunviatge.cat\/wp-content\/uploads\/2026\/01\/Victoria-Seychelles.webp?resize=870%2C528&#038;ssl=1\" alt=\"Seychelles a mida, Seychelles a medida\" class=\"wp-image-21792\" srcset=\"https:\/\/i0.wp.com\/mesqueunviatge.cat\/wp-content\/uploads\/2026\/01\/Victoria-Seychelles.webp?resize=1024%2C622&amp;ssl=1 1024w, https:\/\/i0.wp.com\/mesqueunviatge.cat\/wp-content\/uploads\/2026\/01\/Victoria-Seychelles.webp?resize=600%2C364&amp;ssl=1 600w, https:\/\/i0.wp.com\/mesqueunviatge.cat\/wp-content\/uploads\/2026\/01\/Victoria-Seychelles.webp?resize=768%2C466&amp;ssl=1 768w, https:\/\/i0.wp.com\/mesqueunviatge.cat\/wp-content\/uploads\/2026\/01\/Victoria-Seychelles.webp?w=1500&amp;ssl=1 1500w\" sizes=\"auto, (max-width: 870px) 100vw, 870px\" \/><\/a><\/figure>\n<\/figure>\n\n\n\n<h2 class=\"is-style-ignition-cousteau-pro-anchor-title wp-block-heading\">Itinerario<\/h2>\n\n\n\n<div class=\"wp-block-group\"><div class=\"wp-block-group__inner-container is-layout-constrained wp-block-group-is-layout-constrained\">\n<h6 id=\"block-96e5da-a11f-4f\" class=\"is-style-ignition-cousteau-pro-boxed-content wp-block-gutenbee-heading block-96e5da-a11f-4f\">D\u00cdA 1: BARCELONA <\/h6><style>.wp-block-gutenbee-heading.block-96e5da-a11f-4f { font-size: 20px; line-height: 1; text-transform: uppercase; }<\/style>\n<\/div><\/div>\n\n\n\n<p class=\"\">Salida en vuelo con destino Seychelles, por la ruta elegida. Noche a bordo. <\/p>\n\n\n\n<div class=\"wp-block-group\"><div class=\"wp-block-group__inner-container is-layout-constrained wp-block-group-is-layout-constrained\">\n<h6 id=\"block-38b69d-0764-4f\" class=\"is-style-ignition-cousteau-pro-boxed-content wp-block-gutenbee-heading block-38b69d-0764-4f\">D\u00cdA 2: BARCELONA \u2013 MAH\u00c9<\/h6><style>.wp-block-gutenbee-heading.block-38b69d-0764-4f { font-size: 20px; line-height: 1; text-transform: uppercase; }<\/style>\n\n\n\n<p class=\"\">Llegada. Estad atentos al aterrizaje porque las vistas son espectaculares. Traslado familiar c\u00f3modo al hotel y primer sorbo tropical para descansar todos juntos. Para empezar vuestro viaje a Seychelles a medida, os recomendamos un paseo por Victoria con parada en el mercado de frutas ex\u00f3ticas, ideal para los ni\u00f1os que probar\u00e1n nuevos sabores. Alojamiento.<\/p>\n<\/div><\/div>\n\n\n\n<div class=\"wp-block-group\"><div class=\"wp-block-group__inner-container is-layout-constrained wp-block-group-is-layout-constrained\">\n<h6 id=\"block-800fa2-0ab9-4d\" class=\"is-style-ignition-cousteau-pro-boxed-content wp-block-gutenbee-heading block-800fa2-0ab9-4d\">D\u00cdA 3: AVENTURA EN EL PARC MAR\u00cd DE SAINTE ANNE<\/h6><style>.wp-block-gutenbee-heading.block-800fa2-0ab9-4d { font-size: 20px; line-height: 1; text-transform: uppercase; }<\/style>\n<\/div><\/div>\n\n\n\n<p class=\"\">D\u00eda familiar en el Parque Mar\u00edtimo de Sainte Anne: tomar\u00e9is el barco privado que os espera en Eden Island y que os llevar\u00e1 por las tres islas principales del parque donde podr\u00e9is hacer snorkel, ver peces de colores y tortugas gigantes que fascinar\u00e1n a los peque\u00f1os. En una de las islas, incluso podr\u00e9is dar una vuelta a pie, es de pel\u00edcula. Almuerzo criollo y juegos en la playa. Regreso y alojamiento.   <\/p>\n\n\n\n<div class=\"wp-block-group\"><div class=\"wp-block-group__inner-container is-layout-constrained wp-block-group-is-layout-constrained\">\n<h6 id=\"block-ace178-6118-40\" class=\"is-style-ignition-cousteau-pro-boxed-content wp-block-gutenbee-heading block-ace178-6118-40\">D\u00cdA 4: TRASLADO F\u00c1CIL A PRASLIN<\/h6><style>.wp-block-gutenbee-heading.block-ace178-6118-40 { font-size: 20px; line-height: 1; text-transform: uppercase; }<\/style>\n<\/div><\/div>\n\n\n\n<p class=\"\">Ferry a Praslin. Check-in en el hotel familiar y tarde explorando una playa cercana con arena fina, perfecta para hacer castillos. Alojamiento.  <\/p>\n\n\n\n<div class=\"wp-block-group\"><div class=\"wp-block-group__inner-container is-layout-constrained wp-block-group-is-layout-constrained\">\n<h6 id=\"block-db18ee-4aec-48\" class=\"is-style-ignition-cousteau-pro-boxed-content wp-block-gutenbee-heading block-db18ee-4aec-48\">D\u00cdA 5: VALL\u00c9E DE MAI Y ANSE LAZIO M\u00c1GICA<\/h6><style>.wp-block-gutenbee-heading.block-db18ee-4aec-48 { font-size: 20px; line-height: 1; text-transform: uppercase; }<\/style>\n<\/div><\/div>\n\n\n\n<p class=\"\">Por la ma\u00f1ana, paseo por el bosque de Vall\u00e9e de Mai (Patrimonio de la Humanidad), con palmeras de coco de mar y aves end\u00e9micas; los ni\u00f1os alucinar\u00e1n con el tama\u00f1o de los cocos. Estad atentos para que no os caiga uno en la cabeza. Por la tarde, relax total en Anse Lazio, una de las playas m\u00e1s bonitas del mundo para ba\u00f1arse y hacer snorkel.  <\/p>\n\n\n\n<div class=\"wp-block-group\"><div class=\"wp-block-group__inner-container is-layout-constrained wp-block-group-is-layout-constrained\">\n<h6 id=\"block-abebcc-c540-45\" class=\"is-style-ignition-cousteau-pro-boxed-content wp-block-gutenbee-heading block-abebcc-c540-45\">D\u00cdA 6: PRASLIN LIBRE <\/h6><style>.wp-block-gutenbee-heading.block-abebcc-c540-45 { font-size: 20px; line-height: 1; text-transform: uppercase; }<\/style>\n\n\n\n<p class=\"\">Seguimos con el viaje a Seychelles a medida con una jornada abierta para explorar a vuestro gusto una de las perlas del \u00cdndico. Ten\u00e9is la opci\u00f3n de alquilar coche para ir a playas secretas, buscar restaurantes de cocina criolla local o simplemente descansar en el hotel con vistas al mar.<\/p>\n<\/div><\/div>\n\n\n\n<div class=\"wp-block-group\"><div class=\"wp-block-group__inner-container is-layout-constrained wp-block-group-is-layout-constrained\">\n<h6 id=\"block-c3f19d-8cfa-41\" class=\"is-style-ignition-cousteau-pro-boxed-content wp-block-gutenbee-heading block-c3f19d-8cfa-41\">D\u00cdA 7: EXCURSI\u00d3N A ISLAS CERCANAS<\/h6><style>.wp-block-gutenbee-heading.block-c3f19d-8cfa-41 { font-size: 20px; line-height: 1; text-transform: uppercase; }<\/style>\n<\/div><\/div>\n\n\n\n<p class=\"\">Salida en barco desde Praslin a Curieuse o St. Pierre, peque\u00f1as islas llenas de vida marina cerca de la costa, con posibilidad de snorkel intenso, encuentros con tortugas gigantes y paradas en calas id\u00edlicas para disfrutar de la fauna marina. Quiz\u00e1s teng\u00e1is suerte y ve\u00e1is tiburones. Regreso y alojamiento.  <\/p>\n\n\n\n<div class=\"wp-block-group\"><div class=\"wp-block-group__inner-container is-layout-constrained wp-block-group-is-layout-constrained\">\n<h6 id=\"block-d10e5e-cb2c-41\" class=\"is-style-ignition-cousteau-pro-boxed-content wp-block-gutenbee-heading block-d10e5e-cb2c-41\">D\u00cdA 8: TRASLADO A LA DIGUE<\/h6><style>.wp-block-gutenbee-heading.block-d10e5e-cb2c-41 { font-size: 20px; line-height: 1; text-transform: uppercase; }<\/style>\n<\/div><\/div>\n\n\n\n<p class=\"\">Ferry r\u00e1pido a La Digue, isla ciclista por excelencia. Tras el check-in, recorrido en bicicleta por los caminos so\u00f1adores, playas y vegetaci\u00f3n tropical; disfrutad de la paz y tranquilidad propias de la isla, os har\u00e1n ver la vida de otra manera.  <\/p>\n\n\n\n<div class=\"wp-block-group\"><div class=\"wp-block-group__inner-container is-layout-constrained wp-block-group-is-layout-constrained\">\n<h6 id=\"block-f631e6-d4e0-42\" class=\"is-style-ignition-cousteau-pro-boxed-content wp-block-gutenbee-heading block-f631e6-d4e0-42\">D\u00cdA 9: ANSE SOURCE D&#8217;ARGENT <\/h6><style>.wp-block-gutenbee-heading.block-f631e6-d4e0-42 { font-size: 20px; line-height: 1; text-transform: uppercase; }<\/style>\n\n\n\n<p class=\"\">Ma\u00f1ana en la ic\u00f3nica Anse Source d&#8217;Argent, con snorkel, ba\u00f1o y fotos entre rocas de granito; aqu\u00ed obtendr\u00e9is la foto t\u00edpica de las Seychelles. Si lo dese\u00e1is, se puede contratar una excursi\u00f3n para ir a ver las islas del norte como Isla Cocos, ideal para snorkel y ver un fondo marino espectacular.<br>  <\/p>\n<\/div><\/div>\n\n\n\n<div class=\"wp-block-group\"><div class=\"wp-block-group__inner-container is-layout-constrained wp-block-group-is-layout-constrained\">\n<h6 id=\"block-fe7b61-f1cd-47\" class=\"is-style-ignition-cousteau-pro-boxed-content wp-block-gutenbee-heading block-fe7b61-f1cd-47\">D\u00cdA 10: RETORNO A MAH\u00c9 \u2013 BARCELONA<\/h6><style>.wp-block-gutenbee-heading.block-fe7b61-f1cd-47 { font-size: 20px; line-height: 1; text-transform: uppercase; }<\/style>\n<\/div><\/div>\n\n\n\n<p class=\"\">A la hora indicada, ferry de regreso a Mah\u00e9 y, seguidamente, vuelo direcci\u00f3n Barcelona. Noche a bordo. <\/p>\n\n\n\n<div class=\"wp-block-group\"><div class=\"wp-block-group__inner-container is-layout-constrained wp-block-group-is-layout-constrained\">\n<h6 id=\"block-61319e-7396-48\" class=\"is-style-ignition-cousteau-pro-boxed-content wp-block-gutenbee-heading block-61319e-7396-48\">D\u00cdA 10: BARCELONA<\/h6><style>.wp-block-gutenbee-heading.block-61319e-7396-48 { font-size: 20px; line-height: 1; text-transform: uppercase; }<\/style>\n<\/div><\/div>\n\n\n\n<p class=\"\">Llegada y fin de vuestro viaje a Seychelles a medida, eso s\u00ed, con la mochila llena de recuerdos en familia.<br><\/p>\n\n\n\n<h2 class=\"is-style-ignition-cousteau-pro-anchor-title wp-block-heading\">Informaci\u00f3n importante<\/h2>\n\n\n\n<div class=\"is-style-ignition-cousteau-pro-boxed-content wp-block-group\"><div class=\"wp-block-group__inner-container is-layout-constrained wp-block-group-is-layout-constrained\">\n<div class=\"wp-block-group\"><div class=\"wp-block-group__inner-container is-layout-constrained wp-block-group-is-layout-constrained\">\n<p id=\"block-d9fe49-dafc-46\" class=\"wp-block-gutenbee-paragraph block-d9fe49-dafc-46\"><strong>El precio incluye<\/strong><\/p><style>.wp-block-gutenbee-paragraph.block-d9fe49-dafc-46 { font-size: 20px; }<\/style>\n\n\n\n<ul class=\"wp-block-list\">\n<li class=\"\">Vuelo de l\u00ednea regular, clase turista (reserva a clase especiales).<\/li>\n\n\n\n<li class=\"\">Alojamiento: 2 noches en Mah\u00e9, 4 noches en Praslin y 2 noches en La Digue en r\u00e9gimen de Alojamiento y Desayuno.<\/li>\n\n\n\n<li class=\"\">Traslados regulares en ingl\u00e9s, con asistencia en castellano durante la estancia en Seychelles.<\/li>\n\n\n\n<li class=\"\">Entradas a Vall\u00e9e de Mai.<\/li>\n\n\n\n<li class=\"\">Excursi\u00f3n a Sainte Anne con equipo de snorkel y almuerzo incluido (bebidas no incluidas).<\/li>\n\n\n\n<li class=\"\">Excursi\u00f3n a islas cercanas de Praslin (Curieuse Island o St. Pierre), media jornada con equipo de snorkel.<\/li>\n\n\n\n<li class=\"\">Seguro de viaje.<\/li>\n<\/ul>\n<\/div><\/div>\n\n\n\n<p id=\"block-b93f96-df47-46\" class=\"is-style-default wp-block-gutenbee-paragraph block-b93f96-df47-46\"><strong>El precio no incluye<\/strong><\/p><style>.wp-block-gutenbee-paragraph.block-b93f96-df47-46 { font-size: 20px; }<\/style>\n\n\n\n<ul class=\"wp-block-list\">\n<li class=\"\">Alquiler de bicicletas en La Digue.<\/li>\n\n\n\n<li class=\"\">Entrada al Parque Nacional de Sainte Anne.<\/li>\n\n\n\n<li class=\"\">Cualquier cuesti\u00f3n no especificada en el apartado &#8220;el precio incluye&#8221;.<\/li>\n<\/ul>\n<\/div><\/div>\n\n\n\n<h2 class=\"is-style-ignition-cousteau-pro-anchor-title wp-block-heading\">Faq&#8217;s<\/h2>\n\n\n\n<div class=\"nfd-container nfd-p-lg nfd-gap-2xl nfd-wb-faq__faq-1 is-style-ignition-cousteau-pro-boxed-content wp-block-group\"><div class=\"wp-block-group__inner-container is-layout-constrained wp-block-group-is-layout-constrained\">\n<div class=\"nfd-gap-2xl wp-block-group is-vertical is-layout-flex wp-container-core-group-is-layout-8cf370e7 wp-block-group-is-layout-flex\">\n<div class=\"nfd-gap-xl nfd-gap-y-2xl wp-block-columns is-layout-flex wp-container-core-columns-is-layout-9d6595d7 wp-block-columns-is-layout-flex\">\n<div class=\"wp-block-column is-layout-flow wp-block-column-is-layout-flow\">\n<div class=\"nfd-gap-sm wp-block-group is-vertical is-layout-flex wp-container-core-group-is-layout-8cf370e7 wp-block-group-is-layout-flex\">\n<h3 class=\"wp-block-heading nfd-text-md nfd-text-contrast\" style=\"font-style:normal;font-weight:500\"><strong><strong><strong><strong><strong>\u00bfPuedo adaptar el ritmo de actividades en este viaje a Seychelles a medida?<\/strong><\/strong><\/strong><\/strong><\/strong><\/h3>\n\n\n\n<p class=\"nfd-text-faded nfd-text-base\">S\u00ed, podemos alargar d\u00edas en Praslin para m\u00e1s excursiones submarinas o reducir traslados concentr\u00e1ndonos en dos islas, seg\u00fan vuestro tiempo y preferencias familiares.<br><\/p>\n<\/div>\n<\/div>\n\n\n\n<div class=\"wp-block-column is-layout-flow wp-block-column-is-layout-flow\">\n<div class=\"nfd-gap-sm wp-block-group is-vertical is-layout-flex wp-container-core-group-is-layout-8cf370e7 wp-block-group-is-layout-flex\">\n<h3 class=\"wp-block-heading nfd-text-md nfd-text-contrast\" style=\"font-style:normal;font-weight:500\"><strong><strong><strong><strong>\u00bfQu\u00e9 tipo de alojamiento recomend\u00e1is para parejas que buscan naturaleza y confort?<\/strong><\/strong><\/strong><\/strong><\/h3>\n\n\n\n<p class=\"nfd-text-faded nfd-text-base\">Hoteles boutique o ecolodges con vistas al mar, piscinas privadas y acceso directo a playas, siempre adaptados a vuestro presupuesto y con opciones para dos parejas.<br><br><\/p>\n<\/div>\n<\/div>\n\n\n\n<div class=\"wp-block-column is-layout-flow wp-block-column-is-layout-flow\">\n<div class=\"nfd-gap-sm wp-block-group is-vertical is-layout-flex wp-container-core-group-is-layout-8cf370e7 wp-block-group-is-layout-flex\">\n<h3 class=\"wp-block-heading nfd-text-md nfd-text-contrast\" style=\"font-style:normal;font-weight:500\"><strong><strong><strong>\u00bfEs posible a\u00f1adir actividades extra como senderismo u observaci\u00f3n de aves?<\/strong><\/strong><\/strong><\/h3>\n\n\n\n<p class=\"nfd-text-faded nfd-text-base\">Totalmente, podemos incorporar rutas guiadas en el Parque Nacional de Morne Seychellois o safaris fotogr\u00e1ficos, manteniendo el equilibrio con descanso y snorkel.<br><br><\/p>\n<\/div>\n<\/div>\n<\/div>\n\n\n\n<div class=\"nfd-gap-xl nfd-gap-y-2xl wp-block-columns is-layout-flex wp-container-core-columns-is-layout-9d6595d7 wp-block-columns-is-layout-flex\">\n<div class=\"wp-block-column is-layout-flow wp-block-column-is-layout-flow\"><\/div>\n<\/div>\n<\/div>\n\n\n\n<div class=\"nfd-container wp-block-group\"><div class=\"wp-block-group__inner-container is-layout-constrained wp-container-core-group-is-layout-801f6f31 wp-block-group-is-layout-constrained\">\n<div class=\"nfd-p-card-md nfd-gap-xl nfd-shadow-xs nfd-bg-surface nfd-theme-white nfd-rounded is-style-nfd-theme-white wp-block-group is-content-justification-space-between is-layout-flex wp-container-core-group-is-layout-e3bc7287 wp-block-group-is-layout-flex\">\n<div class=\"nfd-gap-md wp-block-group is-layout-flex wp-block-group-is-layout-flex\">\n<figure class=\"is-style-rounded wp-block-image size-full is-resized\"><img data-recalc-dims=\"1\" loading=\"lazy\" decoding=\"async\" width=\"150\" height=\"109\" loading=\"lazy\" src=\"https:\/\/i0.wp.com\/mesqueunviatge.cat\/wp-content\/uploads\/2018\/10\/cropped-logo-transparent-mmqv.png?resize=150%2C109&#038;ssl=1\" alt=\"\" class=\"wp-image-15117\" style=\"aspect-ratio:4\/3;object-fit:cover;width:46px;height:auto\"\/><\/figure>\n\n\n\n<div class=\"nfd-gap-0 wp-block-group is-vertical is-layout-flex wp-container-core-group-is-layout-8cf370e7 wp-block-group-is-layout-flex\">\n<p class=\"nfd-text-md\" style=\"font-style:normal;font-weight:600\">\u00bfQuieres contactar con nosotros?<\/p>\n\n\n\n<p class=\"nfd-text-base nfd-text-faded\">Claro, puedes hacerlo envi\u00e1ndonos un mail a <a href=\"mailto:info@mesqueunviatge.cat\">info@mesqueunviatge.cat<\/a>, llamar al 93 664 59 17, enviarnos un mensaje al 660 29 25 16 o rellenar el cuestionario que te aparece en el lateral.<\/p>\n<\/div>\n<\/div>\n\n\n\n<div class=\"wp-block-buttons is-layout-flex wp-block-buttons-is-layout-flex\"><\/div>\n<\/div>\n<\/div><\/div>\n<\/div><\/div>\n\n\n\n<p id=\"block-5be2fc-5ed0-4f\" class=\"is-style-default wp-block-gutenbee-paragraph block-5be2fc-5ed0-4f gutenbee-hidden-desktop has-text-color\" style=\"color:rgba(0, 0, 0, 0.73);border-radius:0px\"><em>Si busca otras alternativas a este viaje a Seychelles a medida en familia,<\/em><em> tambi\u00e9n podemos adaptar la ruta partiendo de vuestras necesidades e intereses. Asesorados por nuestro equipo de corresponsales locales podemos preparar tu viaje perfecto. S\u00f3lo tienes que rellenar el formulario, que nos llames al <strong>93 664 59 17 <\/strong>o al <strong>660 29 25 16 <\/strong>o nos escribas a <strong><a href=\"mailto:info@mesqueunviatge.cat\">info@mesqueunviatge.cat<\/a><\/strong> <\/em>.<\/p><style>.wp-block-gutenbee-paragraph.block-5be2fc-5ed0-4f { font-size: 13px; }<\/style>\n\n\n\n<p id=\"block-76aeb2-f64c-49\" class=\"is-style-default wp-block-gutenbee-paragraph block-76aeb2-f64c-49 gutenbee-hidden-desktop has-text-color\" style=\"color:rgba(0, 0, 0, 0.73);border-radius:0px\"><strong><em>Otros viajes a <a href=\"https:\/\/mesqueunviatge.cat\/es\/\" target=\"_blank\" rel=\"noreferrer noopener\">mesqueunviaje.cat<\/a><\/em><\/strong><\/p><style>.wp-block-gutenbee-paragraph.block-76aeb2-f64c-49 { font-size: 13px; }<\/style>\n\n\n\n<p class=\"\"><\/p>\n","protected":false},"excerpt":{"rendered":"<p>Viaje a Seychelles a medida para familias: 9 d\u00edas m\u00e1gicos en el para\u00edso Cuando dos parejas con hijos de entre 9 y 12 a\u00f1os nos contactaron, supimos que hab\u00eda que crear un viaje a las [&hellip;]<\/p>\n","protected":false},"featured_media":21795,"comment_status":"open","ping_status":"closed","template":"","ignition_package_destination":[927,953],"ignition_package_category":[954,955,961],"class_list":["post-21798","ignition-package","type-ignition-package","status-publish","has-post-thumbnail","hentry","ignition_package_destination-viajes-a-africa","ignition_package_destination-africa-oriental-y-el-sur","ignition_package_category-viajes-a-medida","ignition_package_category-luna-de-miel","ignition_package_category-viajes-en-familia"],"acf":[],"jetpack_sharing_enabled":true,"_links":{"self":[{"href":"https:\/\/mesqueunviatge.cat\/es\/wp-json\/wp\/v2\/ignition-package\/21798","targetHints":{"allow":["GET"]}}],"collection":[{"href":"https:\/\/mesqueunviatge.cat\/es\/wp-json\/wp\/v2\/ignition-package"}],"about":[{"href":"https:\/\/mesqueunviatge.cat\/es\/wp-json\/wp\/v2\/types\/ignition-package"}],"replies":[{"embeddable":true,"href":"https:\/\/mesqueunviatge.cat\/es\/wp-json\/wp\/v2\/comments?post=21798"}],"version-history":[{"count":2,"href":"https:\/\/mesqueunviatge.cat\/es\/wp-json\/wp\/v2\/ignition-package\/21798\/revisions"}],"predecessor-version":[{"id":21800,"href":"https:\/\/mesqueunviatge.cat\/es\/wp-json\/wp\/v2\/ignition-package\/21798\/revisions\/21800"}],"wp:featuredmedia":[{"embeddable":true,"href":"https:\/\/mesqueunviatge.cat\/es\/wp-json\/wp\/v2\/media\/21795"}],"wp:attachment":[{"href":"https:\/\/mesqueunviatge.cat\/es\/wp-json\/wp\/v2\/media?parent=21798"}],"wp:term":[{"taxonomy":"ignition_package_destination","embeddable":true,"href":"https:\/\/mesqueunviatge.cat\/es\/wp-json\/wp\/v2\/ignition_package_destination?post=21798"},{"taxonomy":"ignition_package_category","embeddable":true,"href":"https:\/\/mesqueunviatge.cat\/es\/wp-json\/wp\/v2\/ignition_package_category?post=21798"}],"curies":[{"name":"wp","href":"https:\/\/api.w.org\/{rel}","templated":true}]}}