{"id":22290,"date":"2026-02-12T18:56:32","date_gmt":"2026-02-12T18:56:32","guid":{"rendered":"https:\/\/mesqueunviatge.cat\/viatge\/escapada-a-budapest-balnearios-termales-cultura-y-danubio-magico-en-72h\/"},"modified":"2026-02-12T18:59:53","modified_gmt":"2026-02-12T18:59:53","slug":"escapada-a-budapest-en-3-dias","status":"publish","type":"ignition-package","link":"https:\/\/mesqueunviatge.cat\/es\/viaje-es\/escapada-a-budapest-en-3-dias\/","title":{"rendered":"Escapada a Budapest: balnearios termales, cultura y Danubio m\u00e1gico en 72h"},"content":{"rendered":"\n<h2>Escapada a Budapest: balnearios termales, cultura y Danubio m\u00e1gico en 72h<\/h2>\n\n\n\n<blockquote class=\"wp-block-quote is-layout-flow wp-block-quote-is-layout-flow\">\n<p class=\"\">Imag\u00ednate 72h de pura magia: vapores del balneario Sz\u00e9chenyi (38\u00b0C), c\u00f3cteles en el Szimpla Kert, el Parlamento dorado en el Danubio y goulash en restaurantes secretos. Escapada a Budapest perfecta, adaptable 100% a medida: privadas, grupos, lujo o low cost. \u00a13 d\u00edas para enamorarte de Budapest!  <\/p>\n<\/blockquote>\n\n\n\n<div class=\"wp-block-group\"><div class=\"wp-block-group__inner-container is-layout-constrained wp-block-group-is-layout-constrained\">\n<p id=\"block-8c09c1-668a-40\" class=\"is-style-default wp-block-gutenbee-paragraph block-8c09c1-668a-40 gutenbee-hidden-tablet gutenbee-hidden-mobile has-text-color\" style=\"color:rgba(0, 0, 0, 0.73);border-radius:0px\"><br><em>Si buscas otras alternativas a esta escapada a Budapest, tambi\u00e9n podemos adaptar la ruta partiendo de sus necesidades e intereses. Asesorados por nuestro equipo de corresponsales locales podemos preparar tu viaje perfecto. S\u00f3lo tienes que rellenar el formulario, que nos llames al <strong>93 664 59 17<\/strong> o al <strong>660 29 25 16<\/strong> o nos escribas a <strong><a href=\"mailto:info@mesqueunviatge.cat\">info@mesqueunviatge.cat<\/a><\/strong>  <\/em><\/p><style>.wp-block-gutenbee-paragraph.block-8c09c1-668a-40 { font-size: 13px; }<\/style>\n\n\n\n<div class=\"wp-block-group\"><div class=\"wp-block-group__inner-container is-layout-constrained wp-block-group-is-layout-constrained\">\n<p id=\"block-ed1cbe-7263-49\" class=\"is-style-default wp-block-gutenbee-paragraph block-ed1cbe-7263-49 gutenbee-hidden-tablet gutenbee-hidden-mobile has-text-color\" style=\"color:rgba(0, 0, 0, 0.73);border-radius:0px\"><strong><em>Otros viajes a <a href=\"https:\/\/mesqueunviatge.cat\/es\/\" target=\"_blank\" rel=\"noreferrer noopener\">mesqueunviaje.cat<\/a><\/em><\/strong><\/p><style>.wp-block-gutenbee-paragraph.block-ed1cbe-7263-49 { font-size: 13px; }<\/style>\n<\/div><\/div>\n<\/div><\/div>\n\n\n\n<h2 class=\"is-style-ignition-cousteau-pro-anchor-title wp-block-heading\">Im\u00e1genes<\/h2>\n\n\n\n<figure class=\"wp-block-gallery has-nested-images columns-default is-cropped wp-block-gallery-1 is-layout-flex wp-block-gallery-is-layout-flex\">\n<figure class=\"is-style-rounded wp-block-image size-large\"><a href=\"https:\/\/i0.wp.com\/mesqueunviatge.cat\/wp-content\/uploads\/2025\/08\/vista-aerea-budapest-1024x622.png?ssl=1\" data-lightbox=\"gal[22290]\"><img data-recalc-dims=\"1\" loading=\"lazy\" decoding=\"async\" width=\"870\" height=\"528\" loading=\"lazy\" data-id=\"18307\" src=\"https:\/\/i0.wp.com\/mesqueunviatge.cat\/wp-content\/uploads\/2025\/08\/vista-aerea-budapest.png?resize=870%2C528&#038;ssl=1\" alt=\"viaje a budapest\" class=\"wp-image-18307\" srcset=\"https:\/\/i0.wp.com\/mesqueunviatge.cat\/wp-content\/uploads\/2025\/08\/vista-aerea-budapest.png?resize=1024%2C622&amp;ssl=1 1024w, https:\/\/i0.wp.com\/mesqueunviatge.cat\/wp-content\/uploads\/2025\/08\/vista-aerea-budapest.png?resize=600%2C364&amp;ssl=1 600w, https:\/\/i0.wp.com\/mesqueunviatge.cat\/wp-content\/uploads\/2025\/08\/vista-aerea-budapest.png?resize=768%2C466&amp;ssl=1 768w, https:\/\/i0.wp.com\/mesqueunviatge.cat\/wp-content\/uploads\/2025\/08\/vista-aerea-budapest.png?resize=1536%2C932&amp;ssl=1 1536w, https:\/\/i0.wp.com\/mesqueunviatge.cat\/wp-content\/uploads\/2025\/08\/vista-aerea-budapest.png?w=2000&amp;ssl=1 2000w, https:\/\/i0.wp.com\/mesqueunviatge.cat\/wp-content\/uploads\/2025\/08\/vista-aerea-budapest.png?w=1740&amp;ssl=1 1740w\" sizes=\"auto, (max-width: 870px) 100vw, 870px\" \/><\/a><\/figure>\n\n\n\n<figure class=\"wp-block-image size-large\"><a href=\"https:\/\/i0.wp.com\/mesqueunviatge.cat\/wp-content\/uploads\/2025\/08\/riu-Danubi-1024x622.png?ssl=1\" data-lightbox=\"gal[22290]\"><img data-recalc-dims=\"1\" loading=\"lazy\" decoding=\"async\" width=\"870\" height=\"528\" loading=\"lazy\" data-id=\"18313\" src=\"https:\/\/i0.wp.com\/mesqueunviatge.cat\/wp-content\/uploads\/2025\/08\/riu-Danubi.png?resize=870%2C528&#038;ssl=1\" alt=\"viatge pel Danubi, escapada a Budapest\" class=\"wp-image-18313\" srcset=\"https:\/\/i0.wp.com\/mesqueunviatge.cat\/wp-content\/uploads\/2025\/08\/riu-Danubi.png?resize=1024%2C622&amp;ssl=1 1024w, https:\/\/i0.wp.com\/mesqueunviatge.cat\/wp-content\/uploads\/2025\/08\/riu-Danubi.png?resize=600%2C364&amp;ssl=1 600w, https:\/\/i0.wp.com\/mesqueunviatge.cat\/wp-content\/uploads\/2025\/08\/riu-Danubi.png?resize=768%2C466&amp;ssl=1 768w, https:\/\/i0.wp.com\/mesqueunviatge.cat\/wp-content\/uploads\/2025\/08\/riu-Danubi.png?resize=1536%2C932&amp;ssl=1 1536w, https:\/\/i0.wp.com\/mesqueunviatge.cat\/wp-content\/uploads\/2025\/08\/riu-Danubi.png?w=2000&amp;ssl=1 2000w, https:\/\/i0.wp.com\/mesqueunviatge.cat\/wp-content\/uploads\/2025\/08\/riu-Danubi.png?w=1740&amp;ssl=1 1740w\" sizes=\"auto, (max-width: 870px) 100vw, 870px\" \/><\/a><\/figure>\n<\/figure>\n\n\n\n<h2 class=\"is-style-ignition-cousteau-pro-anchor-title wp-block-heading\">Itinerario<\/h2>\n\n\n\n<div class=\"wp-block-group\"><div class=\"wp-block-group__inner-container is-layout-constrained wp-block-group-is-layout-constrained\">\n<h6 id=\"block-d6860f-b14c-42\" class=\"is-style-ignition-cousteau-pro-boxed-content wp-block-gutenbee-heading block-d6860f-b14c-42\">D\u00cdA 1: CIUDAD DE ORIGEN &#8211; BUDAPEST<\/h6><style>.wp-block-gutenbee-heading.block-d6860f-b14c-42 { font-size: 20px; line-height: 1; }<\/style>\n<\/div><\/div>\n\n\n\n<p class=\"\">Vuelos desde tu ciudad de origen. Danubio al anochecer con Parlamento iluminado, goulash aut\u00e9ntico y Pest vibrante. Alojamiento c\u00e9ntrico.  <\/p>\n\n\n\n<div class=\"wp-block-group\"><div class=\"wp-block-group__inner-container is-layout-constrained wp-block-group-is-layout-constrained\">\n<h6 id=\"block-8f46e0-5179-45\" class=\"is-style-ignition-cousteau-pro-boxed-content wp-block-gutenbee-heading block-8f46e0-5179-45\">D\u00cdA 2: BUDAPEST<\/h6><style>.wp-block-gutenbee-heading.block-8f46e0-5179-45 { font-size: 20px; line-height: 1; }<\/style>\n<\/div><\/div>\n\n\n\n<p class=\"\">D\u00eda completo por Balneario Sz\u00e9chenyi (aguas termales 38\u00b0C), Castillo de Buda con vistas panor\u00e1micas, Puente de las Cadenas, Bas\u00edlica de San Esteban y Ruin Bar Szimpla Kert (el m\u00e1s famoso de Europa). Alojamiento. <\/p>\n\n\n\n<div class=\"wp-block-group\"><div class=\"wp-block-group__inner-container is-layout-constrained wp-block-group-is-layout-constrained\">\n<h6 id=\"block-960993-5951-4e\" class=\"is-style-ignition-cousteau-pro-boxed-content wp-block-gutenbee-heading block-960993-5951-4e\">D\u00cdA 3: BUDAPEST &#8211; CIUDAD DE ORIGEN<\/h6><style>.wp-block-gutenbee-heading.block-960993-5951-4e { font-size: 20px; line-height: 1; }<\/style>\n<\/div><\/div>\n\n\n\n<p class=\"\">Ma\u00f1ana libre por Mercado Central (provece de paprika y Langos) o Paseo Andr\u00e1ssy (Patrimonio UNESCO). Vuelo de regreso a tu ciudad de origen. <\/p>\n\n\n\n<h2 class=\"is-style-ignition-cousteau-pro-anchor-title wp-block-heading\">Informaci\u00f3n importante<\/h2>\n\n\n\n<div class=\"is-style-ignition-cousteau-pro-boxed-content wp-block-group\"><div class=\"wp-block-group__inner-container is-layout-constrained wp-block-group-is-layout-constrained\">\n<p id=\"block-bd1427-c304-42\" class=\"wp-block-gutenbee-paragraph block-bd1427-c304-42\"><strong>El precio incluye<\/strong><\/p><style>.wp-block-gutenbee-paragraph.block-bd1427-c304-42 { font-size: 20px; }<\/style>\n\n\n\n<ul class=\"wp-block-list\">\n<li class=\"\">Vuelo de l\u00ednea regular con la compa\u00f1\u00eda a\u00e9rea seleccionada.<\/li>\n\n\n\n<li class=\"\">Hoteles indicados en la categor\u00eda y r\u00e9gimen seleccionado.<\/li>\n\n\n\n<li class=\"\">Seguro de viaje y documentaci\u00f3n electr\u00f3nica.<\/li>\n<\/ul>\n\n\n\n<p id=\"block-f0ef11-4a4f-41\" class=\"is-style-default wp-block-gutenbee-paragraph block-f0ef11-4a4f-41\"><strong>El precio no incluye<\/strong><\/p><style>.wp-block-gutenbee-paragraph.block-f0ef11-4a4f-41 { font-size: 20px; }<\/style>\n\n\n\n<ul class=\"wp-block-list\">\n<li class=\"\">Cualquier cuesti\u00f3n no especificada en el apartado &#8220;el precio incluye&#8221;<\/li>\n<\/ul>\n<\/div><\/div>\n\n\n\n<h2 class=\"is-style-ignition-cousteau-pro-anchor-title wp-block-heading\">Faq&#8217;s<\/h2>\n\n\n\n<div class=\"nfd-container nfd-p-lg nfd-gap-2xl nfd-wb-faq__faq-1 is-style-ignition-cousteau-pro-boxed-content wp-block-group\"><div class=\"wp-block-group__inner-container is-layout-constrained wp-block-group-is-layout-constrained\">\n<div class=\"nfd-gap-2xl wp-block-group is-vertical is-layout-flex wp-container-core-group-is-layout-8cf370e7 wp-block-group-is-layout-flex\">\n<div class=\"nfd-gap-xl nfd-gap-y-2xl wp-block-columns is-layout-flex wp-container-core-columns-is-layout-9d6595d7 wp-block-columns-is-layout-flex\">\n<div class=\"wp-block-column is-layout-flow wp-block-column-is-layout-flow\">\n<div class=\"nfd-gap-sm wp-block-group is-vertical is-layout-flex wp-container-core-group-is-layout-8cf370e7 wp-block-group-is-layout-flex\">\n<h3 class=\"wp-block-heading nfd-text-md nfd-text-contrast\" style=\"font-style:normal;font-weight:500\"><strong>\u00bfQu\u00e9 veo en una escapada de 3 d\u00edas a Budapest?<\/strong><\/h3>\n\n\n\n<p class=\"nfd-text-faded nfd-text-base\">Balneario Sz\u00e9chenyi, Castillo Buda, Puente Cadena, Parlamento, Szimpla Kert, Mercado Central. Ruta completa optimizada. <\/p>\n<\/div>\n<\/div>\n\n\n\n<div class=\"wp-block-column is-layout-flow wp-block-column-is-layout-flow\">\n<div class=\"nfd-gap-sm wp-block-group is-vertical is-layout-flex wp-container-core-group-is-layout-8cf370e7 wp-block-group-is-layout-flex\">\n<h3 class=\"wp-block-heading nfd-text-md nfd-text-contrast\" style=\"font-style:normal;font-weight:500\"><strong>\u00bfSon incluidos los ingresos balneario?<\/strong><\/h3>\n\n\n\n<p class=\"nfd-text-faded nfd-text-base\">No, pero te recomendamos comprar online Sz\u00e9chenyi (\u20ac25). Opcional: Budapest Card 72h en transporte+atracciones. <\/p>\n<\/div>\n<\/div>\n\n\n\n<div class=\"wp-block-column is-layout-flow wp-block-column-is-layout-flow\">\n<div class=\"nfd-gap-sm wp-block-group is-vertical is-layout-flex wp-container-core-group-is-layout-8cf370e7 wp-block-group-is-layout-flex\">\n<h3 class=\"wp-block-heading nfd-text-md nfd-text-contrast\" style=\"font-style:normal;font-weight:500\"><strong>\u00bfExisten grupos guiados desde Barcelona?<\/strong><\/h3>\n\n\n\n<p class=\"nfd-text-faded nfd-text-base\">S\u00ed, organizamos escapadas guiadas en castellano\/catal\u00e1n. Contacta por fechas confirmadas 2026! <\/p>\n<\/div>\n<\/div>\n<\/div>\n\n\n\n<div class=\"nfd-gap-xl nfd-gap-y-2xl wp-block-columns is-layout-flex wp-container-core-columns-is-layout-9d6595d7 wp-block-columns-is-layout-flex\">\n<div class=\"wp-block-column is-layout-flow wp-block-column-is-layout-flow\"><\/div>\n<\/div>\n<\/div>\n\n\n\n<div class=\"nfd-container wp-block-group\"><div class=\"wp-block-group__inner-container is-layout-constrained wp-container-core-group-is-layout-801f6f31 wp-block-group-is-layout-constrained\">\n<div class=\"nfd-p-card-md nfd-gap-xl nfd-shadow-xs nfd-bg-surface nfd-theme-white nfd-rounded is-style-nfd-theme-white wp-block-group is-content-justification-space-between is-layout-flex wp-container-core-group-is-layout-e3bc7287 wp-block-group-is-layout-flex\">\n<div class=\"nfd-gap-md wp-block-group is-layout-flex wp-block-group-is-layout-flex\">\n<figure class=\"is-style-rounded wp-block-image size-full is-resized\"><img data-recalc-dims=\"1\" loading=\"lazy\" decoding=\"async\" width=\"150\" height=\"109\" loading=\"lazy\" src=\"https:\/\/i0.wp.com\/mesqueunviatge.cat\/wp-content\/uploads\/2018\/10\/cropped-logo-transparent-mmqv.png?resize=150%2C109&#038;ssl=1\" alt=\"\" class=\"wp-image-15117\" style=\"aspect-ratio:4\/3;object-fit:cover;width:46px;height:auto\"\/><\/figure>\n\n\n\n<div class=\"nfd-gap-0 wp-block-group is-vertical is-layout-flex wp-container-core-group-is-layout-8cf370e7 wp-block-group-is-layout-flex\">\n<p class=\"nfd-text-md\" style=\"font-style:normal;font-weight:600\">\u00bfQuieres contactar con nosotros?<\/p>\n\n\n\n<p class=\"nfd-text-base nfd-text-faded\">Claro, puedes hacerlo envi\u00e1ndonos un mail a <a href=\"mailto:info@mesqueunviatge.cat\">info@mesqueunviatge.cat,<\/a> llamar al 93 664 59 17, enviarnos un mensaje al 660 29 25 16 o rellenar el cuestionario que te aparece en el lateral.<\/p>\n<\/div>\n<\/div>\n\n\n\n<div class=\"wp-block-buttons is-layout-flex wp-block-buttons-is-layout-flex\"><\/div>\n<\/div>\n<\/div><\/div>\n<\/div><\/div>\n\n\n\n<p id=\"block-1dd281-bf45-41\" class=\"is-style-default wp-block-gutenbee-paragraph block-1dd281-bf45-41 gutenbee-hidden-desktop has-text-color\" style=\"color:rgba(0, 0, 0, 0.73);border-radius:0px\"><em>Si busca otras alternativas a esta escapada a Budapest, tambi\u00e9n podemos adaptar la ruta partiendo de sus necesidades e intereses. Asesorados por nuestro equipo de corresponsales locales podemos preparar tu viaje perfecto. S\u00f3lo tienes que rellenar el formulario, que nos llames al <strong>93 664 59 17 <\/strong>o al <strong>660 29 25 16 <\/strong>o nos escribas a <strong><a href=\"mailto:info@mesqueunviatge.cat\">info@mesqueunviatge.cat<\/a><\/strong> <\/em><\/p><style>.wp-block-gutenbee-paragraph.block-1dd281-bf45-41 { font-size: 13px; }<\/style>\n\n\n\n<p id=\"block-fcbb53-5a5e-42\" class=\"is-style-default wp-block-gutenbee-paragraph block-fcbb53-5a5e-42 gutenbee-hidden-desktop has-text-color\" style=\"color:rgba(0, 0, 0, 0.73);border-radius:0px\"><strong><em>Otros viajes a <a href=\"https:\/\/mesqueunviatge.cat\/es\/\" target=\"_blank\" rel=\"noreferrer noopener\">mesqueunviaje.cat<\/a><\/em><\/strong><\/p><style>.wp-block-gutenbee-paragraph.block-fcbb53-5a5e-42 { font-size: 13px; }<\/style>\n","protected":false},"excerpt":{"rendered":"<p>Escapada a Budapest: balnearios termales, cultura y Danubio m\u00e1gico en 72h Imag\u00ednate 72h de pura magia: vapores del balneario Sz\u00e9chenyi (38\u00b0C), c\u00f3cteles en el Szimpla Kert, el Parlamento dorado en el Danubio y goulash en [&hellip;]<\/p>\n","protected":false},"featured_media":20196,"comment_status":"open","ping_status":"closed","template":"","ignition_package_destination":[936],"ignition_package_category":[954,961],"class_list":["post-22290","ignition-package","type-ignition-package","status-publish","has-post-thumbnail","hentry","ignition_package_destination-viajes-por-europa","ignition_package_category-viajes-a-medida","ignition_package_category-viajes-en-familia"],"acf":[],"jetpack_sharing_enabled":true,"_links":{"self":[{"href":"https:\/\/mesqueunviatge.cat\/es\/wp-json\/wp\/v2\/ignition-package\/22290","targetHints":{"allow":["GET"]}}],"collection":[{"href":"https:\/\/mesqueunviatge.cat\/es\/wp-json\/wp\/v2\/ignition-package"}],"about":[{"href":"https:\/\/mesqueunviatge.cat\/es\/wp-json\/wp\/v2\/types\/ignition-package"}],"replies":[{"embeddable":true,"href":"https:\/\/mesqueunviatge.cat\/es\/wp-json\/wp\/v2\/comments?post=22290"}],"version-history":[{"count":3,"href":"https:\/\/mesqueunviatge.cat\/es\/wp-json\/wp\/v2\/ignition-package\/22290\/revisions"}],"predecessor-version":[{"id":22295,"href":"https:\/\/mesqueunviatge.cat\/es\/wp-json\/wp\/v2\/ignition-package\/22290\/revisions\/22295"}],"wp:featuredmedia":[{"embeddable":true,"href":"https:\/\/mesqueunviatge.cat\/es\/wp-json\/wp\/v2\/media\/20196"}],"wp:attachment":[{"href":"https:\/\/mesqueunviatge.cat\/es\/wp-json\/wp\/v2\/media?parent=22290"}],"wp:term":[{"taxonomy":"ignition_package_destination","embeddable":true,"href":"https:\/\/mesqueunviatge.cat\/es\/wp-json\/wp\/v2\/ignition_package_destination?post=22290"},{"taxonomy":"ignition_package_category","embeddable":true,"href":"https:\/\/mesqueunviatge.cat\/es\/wp-json\/wp\/v2\/ignition_package_category?post=22290"}],"curies":[{"name":"wp","href":"https:\/\/api.w.org\/{rel}","templated":true}]}}