{"id":22380,"date":"2026-02-16T18:33:47","date_gmt":"2026-02-16T18:33:47","guid":{"rendered":"https:\/\/mesqueunviatge.cat\/?post_type=ignition-package&#038;p=22380"},"modified":"2026-02-16T18:33:50","modified_gmt":"2026-02-16T18:33:50","slug":"viaje-a-guatemala-y-belice","status":"publish","type":"ignition-package","link":"https:\/\/mesqueunviatge.cat\/es\/viaje-es\/viaje-a-guatemala-y-belice\/","title":{"rendered":"Viaje a Guatemala y Belice: cultura maya, lago Atitl\u00e1n y Caribe de San Pedro"},"content":{"rendered":"\n<h2>Viaje a Guatemala y Belice: cultura maya, lago Atitl\u00e1n y Caribe de San Pedro<\/h2>\n\n\n\n<blockquote class=\"wp-block-quote is-layout-flow wp-block-quote-is-layout-flow\">\n<p class=\"\">Sue\u00f1a con un viaje a Guatemala y Belice a medida que combine templos mayas imponentes, pueblos ind\u00edgenas llenos de vida y las aguas turquesa del Caribe de Belice en una sola aventura. En 13 d\u00edas descubrir\u00e1s mercados coloreados como Chichicastenango, el encanto colonial de Antigua, la magia del lago Atitl\u00e1n rodeado de volcanes y la fuerza de Tikal entre la selva tropical. El final perfecto te espera en Cayo San Pedro, con playas de arena blanca y arrecifes de coral ideales para el snorkel y el relax m\u00e1s absoluto.   <\/p>\n\n\n\n<p class=\"\">Perfecto para viajeros curiosos, parejas o familias que busquen cultura, naturaleza y relax en un ritmo moderado. Adem\u00e1s, en<a href=\"http:\/\/mesqueunviatge.cat\/es\"> mesqueunviatge.cat<\/a> le hacemos flexible: ad\u00e1ptalo a tu ritmo, intereses y presupuesto para un viaje a medida \u00fanico desde Barcelona. <\/p>\n<\/blockquote>\n\n\n\n<div class=\"wp-block-group\"><div class=\"wp-block-group__inner-container is-layout-constrained wp-block-group-is-layout-constrained\">\n<p id=\"block-aa9595-eff9-42\" class=\"is-style-default wp-block-gutenbee-paragraph block-aa9595-eff9-42 gutenbee-hidden-tablet gutenbee-hidden-mobile has-text-color\" style=\"color:rgba(0, 0, 0, 0.73);border-radius:0px\"><br><em>Si buscas otras alternativas a este viaje a Guatemala y Belice<\/em>,<em> tambi\u00e9n podemos adaptar la ruta partiendo de vuestras necesidades e intereses. Asesorados por nuestro equipo de corresponsales locales podemos preparar tu viaje perfecto. S\u00f3lo tienes que rellenar el formulario, que nos llames al <strong>93 664 59 17 <\/strong>o al <strong>660 29 25 16 <\/strong>o nos escribas a <strong><a href=\"mailto:info@mesqueunviatge.cat\">info@mesqueunviatge.cat<\/a><\/strong> <\/em>.<\/p><style>.wp-block-gutenbee-paragraph.block-aa9595-eff9-42 { font-size: 13px; }<\/style>\n\n\n\n<div class=\"wp-block-group\"><div class=\"wp-block-group__inner-container is-layout-constrained wp-block-group-is-layout-constrained\">\n<p id=\"block-13ef30-0708-40\" class=\"is-style-default wp-block-gutenbee-paragraph block-13ef30-0708-40 gutenbee-hidden-tablet gutenbee-hidden-mobile has-text-color\" style=\"color:rgba(0, 0, 0, 0.73);border-radius:0px\"><strong><em>Otros viajes a <a href=\"https:\/\/mesqueunviatge.cat\/es\/\" target=\"_blank\" rel=\"noreferrer noopener\">mesqueunviaje.cat<\/a><\/em><\/strong><\/p><style>.wp-block-gutenbee-paragraph.block-13ef30-0708-40 { font-size: 13px; }<\/style>\n<\/div><\/div>\n<\/div><\/div>\n\n\n\n<h2 class=\"is-style-ignition-cousteau-pro-anchor-title wp-block-heading\">Im\u00e1genes<\/h2>\n\n\n\n<figure class=\"wp-block-gallery has-nested-images columns-default is-cropped wp-block-gallery-1 is-layout-flex wp-block-gallery-is-layout-flex\">\n<figure class=\"is-style-rounded wp-block-image size-full\"><a href=\"https:\/\/i0.wp.com\/mesqueunviatge.cat\/wp-content\/uploads\/2026\/02\/Antigua-Guatemala.webp?ssl=1\" data-lightbox=\"gal[22380]\"><img data-recalc-dims=\"1\" loading=\"lazy\" decoding=\"async\" width=\"870\" height=\"528\" loading=\"lazy\" data-id=\"22371\" src=\"https:\/\/i0.wp.com\/mesqueunviatge.cat\/wp-content\/uploads\/2026\/02\/Antigua-Guatemala.webp?resize=870%2C528&#038;ssl=1\" alt=\"Viatge a mida a Guatemala, viaje a medida a Guatemala\" class=\"wp-image-22371\" srcset=\"https:\/\/i0.wp.com\/mesqueunviatge.cat\/wp-content\/uploads\/2026\/02\/Antigua-Guatemala.webp?w=2000&amp;ssl=1 2000w, https:\/\/i0.wp.com\/mesqueunviatge.cat\/wp-content\/uploads\/2026\/02\/Antigua-Guatemala.webp?resize=600%2C364&amp;ssl=1 600w, https:\/\/i0.wp.com\/mesqueunviatge.cat\/wp-content\/uploads\/2026\/02\/Antigua-Guatemala.webp?resize=1024%2C622&amp;ssl=1 1024w, https:\/\/i0.wp.com\/mesqueunviatge.cat\/wp-content\/uploads\/2026\/02\/Antigua-Guatemala.webp?resize=768%2C466&amp;ssl=1 768w, https:\/\/i0.wp.com\/mesqueunviatge.cat\/wp-content\/uploads\/2026\/02\/Antigua-Guatemala.webp?resize=1536%2C932&amp;ssl=1 1536w, https:\/\/i0.wp.com\/mesqueunviatge.cat\/wp-content\/uploads\/2026\/02\/Antigua-Guatemala.webp?w=1740&amp;ssl=1 1740w\" sizes=\"auto, (max-width: 870px) 100vw, 870px\" \/><\/a><\/figure>\n\n\n\n<figure class=\"wp-block-image size-full\"><a href=\"https:\/\/i0.wp.com\/mesqueunviatge.cat\/wp-content\/uploads\/2026\/02\/barqueta-a-Belice.webp?ssl=1\" data-lightbox=\"gal[22380]\"><img data-recalc-dims=\"1\" loading=\"lazy\" decoding=\"async\" width=\"870\" height=\"528\" loading=\"lazy\" data-id=\"22368\" src=\"https:\/\/i0.wp.com\/mesqueunviatge.cat\/wp-content\/uploads\/2026\/02\/barqueta-a-Belice.webp?resize=870%2C528&#038;ssl=1\" alt=\"Viatge a Belice, viaje a Belice\" class=\"wp-image-22368\" srcset=\"https:\/\/i0.wp.com\/mesqueunviatge.cat\/wp-content\/uploads\/2026\/02\/barqueta-a-Belice.webp?w=2000&amp;ssl=1 2000w, https:\/\/i0.wp.com\/mesqueunviatge.cat\/wp-content\/uploads\/2026\/02\/barqueta-a-Belice.webp?resize=600%2C364&amp;ssl=1 600w, https:\/\/i0.wp.com\/mesqueunviatge.cat\/wp-content\/uploads\/2026\/02\/barqueta-a-Belice.webp?resize=1024%2C622&amp;ssl=1 1024w, https:\/\/i0.wp.com\/mesqueunviatge.cat\/wp-content\/uploads\/2026\/02\/barqueta-a-Belice.webp?resize=768%2C466&amp;ssl=1 768w, https:\/\/i0.wp.com\/mesqueunviatge.cat\/wp-content\/uploads\/2026\/02\/barqueta-a-Belice.webp?resize=1536%2C932&amp;ssl=1 1536w, https:\/\/i0.wp.com\/mesqueunviatge.cat\/wp-content\/uploads\/2026\/02\/barqueta-a-Belice.webp?w=1740&amp;ssl=1 1740w\" sizes=\"auto, (max-width: 870px) 100vw, 870px\" \/><\/a><\/figure>\n\n\n\n<figure class=\"wp-block-image size-full\"><a href=\"https:\/\/i0.wp.com\/mesqueunviatge.cat\/wp-content\/uploads\/2026\/02\/Caracol-maia-Belice.webp?ssl=1\" data-lightbox=\"gal[22380]\"><img data-recalc-dims=\"1\" loading=\"lazy\" decoding=\"async\" width=\"870\" height=\"528\" loading=\"lazy\" data-id=\"22369\" src=\"https:\/\/i0.wp.com\/mesqueunviatge.cat\/wp-content\/uploads\/2026\/02\/Caracol-maia-Belice.webp?resize=870%2C528&#038;ssl=1\" alt=\"Viatge a les ru\u00efnes maies, viaje a las ruinas mayas\" class=\"wp-image-22369\" srcset=\"https:\/\/i0.wp.com\/mesqueunviatge.cat\/wp-content\/uploads\/2026\/02\/Caracol-maia-Belice.webp?w=2000&amp;ssl=1 2000w, https:\/\/i0.wp.com\/mesqueunviatge.cat\/wp-content\/uploads\/2026\/02\/Caracol-maia-Belice.webp?resize=600%2C364&amp;ssl=1 600w, https:\/\/i0.wp.com\/mesqueunviatge.cat\/wp-content\/uploads\/2026\/02\/Caracol-maia-Belice.webp?resize=1024%2C622&amp;ssl=1 1024w, https:\/\/i0.wp.com\/mesqueunviatge.cat\/wp-content\/uploads\/2026\/02\/Caracol-maia-Belice.webp?resize=768%2C466&amp;ssl=1 768w, https:\/\/i0.wp.com\/mesqueunviatge.cat\/wp-content\/uploads\/2026\/02\/Caracol-maia-Belice.webp?resize=1536%2C932&amp;ssl=1 1536w, https:\/\/i0.wp.com\/mesqueunviatge.cat\/wp-content\/uploads\/2026\/02\/Caracol-maia-Belice.webp?w=1740&amp;ssl=1 1740w\" sizes=\"auto, (max-width: 870px) 100vw, 870px\" \/><\/a><\/figure>\n\n\n\n<figure class=\"wp-block-image size-full\"><a href=\"https:\/\/i0.wp.com\/mesqueunviatge.cat\/wp-content\/uploads\/2026\/02\/Llac-Atitlan-Guatemala.webp?ssl=1\" data-lightbox=\"gal[22380]\"><img data-recalc-dims=\"1\" loading=\"lazy\" decoding=\"async\" width=\"870\" height=\"528\" loading=\"lazy\" data-id=\"22377\" src=\"https:\/\/i0.wp.com\/mesqueunviatge.cat\/wp-content\/uploads\/2026\/02\/Llac-Atitlan-Guatemala.webp?resize=870%2C528&#038;ssl=1\" alt=\"viatge diferent a Guatemala, viaje diferente a Guatemala\" class=\"wp-image-22377\" srcset=\"https:\/\/i0.wp.com\/mesqueunviatge.cat\/wp-content\/uploads\/2026\/02\/Llac-Atitlan-Guatemala.webp?w=2000&amp;ssl=1 2000w, https:\/\/i0.wp.com\/mesqueunviatge.cat\/wp-content\/uploads\/2026\/02\/Llac-Atitlan-Guatemala.webp?resize=600%2C364&amp;ssl=1 600w, https:\/\/i0.wp.com\/mesqueunviatge.cat\/wp-content\/uploads\/2026\/02\/Llac-Atitlan-Guatemala.webp?resize=1024%2C622&amp;ssl=1 1024w, https:\/\/i0.wp.com\/mesqueunviatge.cat\/wp-content\/uploads\/2026\/02\/Llac-Atitlan-Guatemala.webp?resize=768%2C466&amp;ssl=1 768w, https:\/\/i0.wp.com\/mesqueunviatge.cat\/wp-content\/uploads\/2026\/02\/Llac-Atitlan-Guatemala.webp?resize=1536%2C932&amp;ssl=1 1536w, https:\/\/i0.wp.com\/mesqueunviatge.cat\/wp-content\/uploads\/2026\/02\/Llac-Atitlan-Guatemala.webp?w=1740&amp;ssl=1 1740w\" sizes=\"auto, (max-width: 870px) 100vw, 870px\" \/><\/a><\/figure>\n\n\n\n<figure class=\"wp-block-image size-large\"><a href=\"https:\/\/i0.wp.com\/mesqueunviatge.cat\/wp-content\/uploads\/2026\/02\/Chichicastenango-Guatemala-1024x622.webp?ssl=1\" data-lightbox=\"gal[22380]\"><img data-recalc-dims=\"1\" loading=\"lazy\" decoding=\"async\" width=\"870\" height=\"528\" loading=\"lazy\" data-id=\"22375\" src=\"https:\/\/i0.wp.com\/mesqueunviatge.cat\/wp-content\/uploads\/2026\/02\/Chichicastenango-Guatemala.webp?resize=870%2C528&#038;ssl=1\" alt=\"ruta por Guatemala y Belice, ruta por Guatemala y Belice\" class=\"wp-image-22375\" srcset=\"https:\/\/i0.wp.com\/mesqueunviatge.cat\/wp-content\/uploads\/2026\/02\/Chichicastenango-Guatemala.webp?resize=1024%2C622&amp;ssl=1 1024w, https:\/\/i0.wp.com\/mesqueunviatge.cat\/wp-content\/uploads\/2026\/02\/Chichicastenango-Guatemala.webp?resize=600%2C364&amp;ssl=1 600w, https:\/\/i0.wp.com\/mesqueunviatge.cat\/wp-content\/uploads\/2026\/02\/Chichicastenango-Guatemala.webp?resize=768%2C466&amp;ssl=1 768w, https:\/\/i0.wp.com\/mesqueunviatge.cat\/wp-content\/uploads\/2026\/02\/Chichicastenango-Guatemala.webp?resize=1536%2C932&amp;ssl=1 1536w, https:\/\/i0.wp.com\/mesqueunviatge.cat\/wp-content\/uploads\/2026\/02\/Chichicastenango-Guatemala.webp?w=2000&amp;ssl=1 2000w, https:\/\/i0.wp.com\/mesqueunviatge.cat\/wp-content\/uploads\/2026\/02\/Chichicastenango-Guatemala.webp?w=1740&amp;ssl=1 1740w\" sizes=\"auto, (max-width: 870px) 100vw, 870px\" \/><\/a><\/figure>\n\n\n\n<figure class=\"wp-block-image size-full\"><a href=\"<!--[CDATA[https:\/\/mesqueunviatge.cat\/wp-content\/uploads\/2026\/02\/Cayo-San-Pedro-Belice.webp]]--&gt;\"><img data-recalc-dims=\"1\" loading=\"lazy\" decoding=\"async\" width=\"870\" height=\"528\" loading=\"lazy\" data-id=\"22373\" src=\"https:\/\/i0.wp.com\/mesqueunviatge.cat\/wp-content\/uploads\/2026\/02\/Cayo-San-Pedro-Belice.webp?resize=870%2C528&#038;ssl=1\" alt=\"viatge de noces a Belice, viaje de novios a Belice\" class=\"wp-image-22373\" srcset=\"https:\/\/i0.wp.com\/mesqueunviatge.cat\/wp-content\/uploads\/2026\/02\/Cayo-San-Pedro-Belice.webp?w=2000&amp;ssl=1 2000w, https:\/\/i0.wp.com\/mesqueunviatge.cat\/wp-content\/uploads\/2026\/02\/Cayo-San-Pedro-Belice.webp?resize=600%2C364&amp;ssl=1 600w, https:\/\/i0.wp.com\/mesqueunviatge.cat\/wp-content\/uploads\/2026\/02\/Cayo-San-Pedro-Belice.webp?resize=1024%2C622&amp;ssl=1 1024w, https:\/\/i0.wp.com\/mesqueunviatge.cat\/wp-content\/uploads\/2026\/02\/Cayo-San-Pedro-Belice.webp?resize=768%2C466&amp;ssl=1 768w, https:\/\/i0.wp.com\/mesqueunviatge.cat\/wp-content\/uploads\/2026\/02\/Cayo-San-Pedro-Belice.webp?resize=1536%2C932&amp;ssl=1 1536w, https:\/\/i0.wp.com\/mesqueunviatge.cat\/wp-content\/uploads\/2026\/02\/Cayo-San-Pedro-Belice.webp?w=1740&amp;ssl=1 1740w\" sizes=\"auto, (max-width: 870px) 100vw, 870px\" \/><\/a><\/figure>\n<\/figure>\n\n\n\n<h2 class=\"is-style-ignition-cousteau-pro-anchor-title wp-block-heading\">Itinerario<\/h2>\n\n\n\n<div class=\"wp-block-group\"><div class=\"wp-block-group__inner-container is-layout-constrained wp-block-group-is-layout-constrained\">\n<h6 id=\"block-96e5da-a11f-4f\" class=\"is-style-ignition-cousteau-pro-boxed-content wp-block-gutenbee-heading block-96e5da-a11f-4f\">D\u00eda 1: Ciudad de origen &#8211; Ciudad de Guatemala<\/h6><style>.wp-block-gutenbee-heading.block-96e5da-a11f-4f { font-size: 20px; line-height: 1; text-transform: uppercase; }<\/style>\n<\/div><\/div>\n\n\n\n<p class=\"\">Inicia tu viaje a Guatemala y Belice con un vuelo a la capital guatemalteca, puerta de entrada al coraz\u00f3n maya. Tras la llegada, disfruta de alojamiento para descansar, con ritmo suave ideal para aclimatarte al encanto centroamericano. <\/p>\n\n\n\n<div class=\"wp-block-group\"><div class=\"wp-block-group__inner-container is-layout-constrained wp-block-group-is-layout-constrained\">\n<h6 id=\"block-38b69d-0764-4f\" class=\"is-style-ignition-cousteau-pro-boxed-content wp-block-gutenbee-heading block-38b69d-0764-4f\">D\u00eda 2: Guatemala &#8211; Chichicastenango &#8211; Lago Atitl\u00e1n<\/h6><style>.wp-block-gutenbee-heading.block-38b69d-0764-4f { font-size: 20px; line-height: 1; text-transform: uppercase; }<\/style>\n\n\n\n<p class=\"\">Despu\u00e9s del desayuno, dir\u00edgete al altiplano para explorar el mercado ind\u00edgena m\u00e1s famoso de Am\u00e9rica Latina en Chichicastenango. Para empezar, participa en un taller de &#8220;tortillas&#8221; de ma\u00edz en una casa comunitaria, conectando con la gente local. Contin\u00faa al Lago Atitl\u00e1n, uno de los m\u00e1s bellos del mundo con tres volcanes y doce pueblos ind\u00edgenas; ambiente m\u00e1gico y familiar, perfecto para todos los ritmos.  <\/p>\n<\/div><\/div>\n\n\n\n<div class=\"wp-block-group\"><div class=\"wp-block-group__inner-container is-layout-constrained wp-block-group-is-layout-constrained\">\n<h6 id=\"block-800fa2-0ab9-4d\" class=\"is-style-ignition-cousteau-pro-boxed-content wp-block-gutenbee-heading block-800fa2-0ab9-4d\">D\u00eda 3: Lago Atitl\u00e1n (San Juan y Santiago)<\/h6><style>.wp-block-gutenbee-heading.block-800fa2-0ab9-4d { font-size: 20px; line-height: 1; text-transform: uppercase; }<\/style>\n<\/div><\/div>\n\n\n\n<p class=\"\">Realiza un paseo en lancha p\u00fablica por los pueblos de San Juan La Laguna, en armon\u00eda con naturaleza y cultura, y Santiago Atitl\u00e1n, con tz&#8217;utujiles pescadores y adoradores de Maxim\u00f3n. Tarde libre para relajarte a orillas del lago, ritmo tranquilo apto para viaje en familia. <\/p>\n\n\n\n<div class=\"wp-block-group\"><div class=\"wp-block-group__inner-container is-layout-constrained wp-block-group-is-layout-constrained\">\n<h6 id=\"block-3cf962-92c2-41\" class=\"is-style-ignition-cousteau-pro-boxed-content wp-block-gutenbee-heading block-3cf962-92c2-41\">D\u00eda 4: Lago Atitl\u00e1n &#8211; Iximch\u00e9 &#8211; Antigua<\/h6><style>.wp-block-gutenbee-heading.block-3cf962-92c2-41 { font-size: 20px; line-height: 1; text-transform: uppercase; }<\/style>\n<\/div><\/div>\n\n\n\n<p class=\"\">Ruta hacia Antigua v\u00eda Iximch\u00e9, antigua capital cakchiquel maya que evoca misterios prehisp\u00e1nicos. Al llegar, visita la ciudad Patrimonio de la Humanidad: Catedral, Iglesia de La Merced, Plaza Central y calles coloniales. Ambiente hist\u00f3rico y colorido, con ritmo moderado.  <\/p>\n\n\n\n<div class=\"wp-block-group\"><div class=\"wp-block-group__inner-container is-layout-constrained wp-block-group-is-layout-constrained\">\n<h6 id=\"block-db18ee-4aec-48\" class=\"is-style-ignition-cousteau-pro-boxed-content wp-block-gutenbee-heading block-db18ee-4aec-48\">D\u00eda 5: Antigua<\/h6><style>.wp-block-gutenbee-heading.block-db18ee-4aec-48 { font-size: 20px; line-height: 1; text-transform: uppercase; }<\/style>\n<\/div><\/div>\n\n\n\n<p class=\"\">D\u00eda libre en Antigua, joya colonial del siglo XVII con arquitectura espa\u00f1ola preservada que transporta en el tiempo. Explora libremente o rel\u00e1jate, ritmo personalizable para tus preferencias. <\/p>\n\n\n\n<div class=\"wp-block-group\"><div class=\"wp-block-group__inner-container is-layout-constrained wp-block-group-is-layout-constrained\">\n<h6 id=\"block-abebcc-c540-45\" class=\"is-style-ignition-cousteau-pro-boxed-content wp-block-gutenbee-heading block-abebcc-c540-45\">D\u00eda 6: Antigua &#8211; Pet\u00e9n (Flores)<\/h6><style>.wp-block-gutenbee-heading.block-abebcc-c540-45 { font-size: 20px; line-height: 1; text-transform: uppercase; }<\/style>\n\n\n\n<p class=\"\">Ma\u00f1ana libre y vuelo a Flores. Tarde para disfrutar la isla, el Lago Pet\u00e9n Itz\u00e1 o excursi\u00f3n opcional a Yaxh\u00e1; serenidad natural que inspira paz. <\/p>\n<\/div><\/div>\n\n\n\n<div class=\"wp-block-group\"><div class=\"wp-block-group__inner-container is-layout-constrained wp-block-group-is-layout-constrained\">\n<h6 id=\"block-dc1953-2cfd-48\" class=\"is-style-ignition-cousteau-pro-boxed-content wp-block-gutenbee-heading block-dc1953-2cfd-48\">D\u00eda 7: Pet\u00e9n (Tikal)<\/h6><style>.wp-block-gutenbee-heading.block-dc1953-2cfd-48 { font-size: 20px; line-height: 1; text-transform: uppercase; }<\/style>\n<\/div><\/div>\n\n\n\n<p class=\"\">Visita a Tikal, joya maya cl\u00e1sica con templos imponentes que emergen de la selva como guardianes milenarios. Almuerzo en el recinto y tarde libre en Flores con vistas al lago; aventura cultural moderada, accesible para la mayor\u00eda. <\/p>\n\n\n\n<div class=\"wp-block-group\"><div class=\"wp-block-group__inner-container is-layout-constrained wp-block-group-is-layout-constrained\">\n<h6 id=\"block-c3f19d-8cfa-41\" class=\"is-style-ignition-cousteau-pro-boxed-content wp-block-gutenbee-heading block-c3f19d-8cfa-41\">D\u00eda 8: Pet\u00e9n &#8211; Hidden Valley (Belice)<\/h6><style>.wp-block-gutenbee-heading.block-c3f19d-8cfa-41 { font-size: 20px; line-height: 1; text-transform: uppercase; }<\/style>\n<\/div><\/div>\n\n\n\n<p class=\"\">Traslado terrestre a la frontera y hacia Hidden Valley, reserva natural de paz y biodiversidad exuberante. Visita guiada por la selva, ambiente aventurero pero c\u00f3modo para exploradores. <\/p>\n\n\n\n<div class=\"wp-block-group\"><div class=\"wp-block-group__inner-container is-layout-constrained wp-block-group-is-layout-constrained\">\n<h6 id=\"block-cedee6-0967-46\" class=\"is-style-ignition-cousteau-pro-boxed-content wp-block-gutenbee-heading block-cedee6-0967-46\">D\u00eda 9: Hidden Valley<\/h6><style>.wp-block-gutenbee-heading.block-cedee6-0967-46 { font-size: 20px; line-height: 1; text-transform: uppercase; }<\/style>\n<\/div><\/div>\n\n\n\n<p class=\"\">D\u00eda libre en este para\u00edso natural: senderos del lodge o opcional a Caracol maya. Ritmo relajado con opciones activas, ideal para conectar con la naturaleza. <\/p>\n\n\n\n<div class=\"wp-block-group\"><div class=\"wp-block-group__inner-container is-layout-constrained wp-block-group-is-layout-constrained\">\n<h6 id=\"block-42cde7-12f4-46\" class=\"is-style-ignition-cousteau-pro-boxed-content wp-block-gutenbee-heading block-42cde7-12f4-46\">D\u00eda 10: Hidden Valley &#8211; Cayo San Pedro<\/h6><style>.wp-block-gutenbee-heading.block-42cde7-12f4-46 { font-size: 20px; line-height: 1; text-transform: uppercase; }<\/style>\n\n\n\n<p class=\"\">Traslado y ferry al caribe belice\u00f1o de San Pedro, isla de playas y ritmos afrocaribe\u00f1os vibrantes. Ambiente tropical que invita al relax. <\/p>\n<\/div><\/div>\n\n\n\n<div class=\"wp-block-group\"><div class=\"wp-block-group__inner-container is-layout-constrained wp-block-group-is-layout-constrained\">\n<h6 id=\"block-902b54-dd3a-4d\" class=\"is-style-ignition-cousteau-pro-boxed-content wp-block-gutenbee-heading block-902b54-dd3a-4d\">D\u00eda 11: Cayo San Pedro<\/h6><style>.wp-block-gutenbee-heading.block-902b54-dd3a-4d { font-size: 20px; line-height: 1; text-transform: uppercase; }<\/style>\n<\/div><\/div>\n\n\n\n<p class=\"\">D\u00eda libre para snorkel en escullos de coral inexplorados y playas id\u00edlicas. Perfecto para descanso familiar en aguas turquesas. <\/p>\n\n\n\n<div class=\"wp-block-group\"><div class=\"wp-block-group__inner-container is-layout-constrained wp-block-group-is-layout-constrained\">\n<h6 id=\"block-2d4e08-26da-46\" class=\"is-style-ignition-cousteau-pro-boxed-content wp-block-gutenbee-heading block-2d4e08-26da-46\">D\u00eda 12: Cayo San Pedro &#8211; Belice &#8211; Ciudad de origen<\/h6><style>.wp-block-gutenbee-heading.block-2d4e08-26da-46 { font-size: 20px; line-height: 1; text-transform: uppercase; }<\/style>\n<\/div><\/div>\n\n\n\n<p class=\"\">Vuelo de regreso v\u00eda Belice. Noche a bordo. <\/p>\n\n\n\n<div class=\"wp-block-group\"><div class=\"wp-block-group__inner-container is-layout-constrained wp-block-group-is-layout-constrained\">\n<h6 id=\"block-8db3a9-b8b9-4b\" class=\"is-style-ignition-cousteau-pro-boxed-content wp-block-gutenbee-heading block-8db3a9-b8b9-4b\">D\u00eda 13: Ciudad de origen<\/h6><style>.wp-block-gutenbee-heading.block-8db3a9-b8b9-4b { font-size: 20px; line-height: 1; text-transform: uppercase; }<\/style>\n<\/div><\/div>\n\n\n\n<p class=\"\">Llegada y final del Viaje a Guatemala y Belice pero con el recuerdo de much\u00edsimas experiencias que nunca olvidar\u00e1.<\/p>\n\n\n\n<h2 class=\"is-style-ignition-cousteau-pro-anchor-title wp-block-heading\">Informaci\u00f3n importante<\/h2>\n\n\n\n<div class=\"is-style-ignition-cousteau-pro-boxed-content wp-block-group\"><div class=\"wp-block-group__inner-container is-layout-constrained wp-block-group-is-layout-constrained\">\n<p id=\"block-686ae4-f84a-4c\" class=\"wp-block-gutenbee-paragraph block-686ae4-f84a-4c\"><strong>El precio incluye<\/strong><\/p><style>.wp-block-gutenbee-paragraph.block-686ae4-f84a-4c { font-size: 20px; }<\/style>\n\n\n\n<ul class=\"wp-block-list\">\n<li class=\"\">Vuelo regular, clase turista (clases especiales).<\/li>\n\n\n\n<li class=\"\">Alojamiento con desayuno.<\/li>\n\n\n\n<li class=\"\">1 almuerzo campestre (bebidas no incluidas).<\/li>\n\n\n\n<li class=\"\">Traslados, visitas y transporte regular con gu\u00edas locales biling\u00fces.<\/li>\n\n\n\n<li class=\"\">Ferry Belice-San Pedro.<\/li>\n\n\n\n<li class=\"\">Seguro de viaje.<\/li>\n<\/ul>\n\n\n\n<p id=\"block-b93f96-df47-46\" class=\"is-style-default wp-block-gutenbee-paragraph block-b93f96-df47-46\"><strong>El precio no incluye<\/strong><\/p><style>.wp-block-gutenbee-paragraph.block-b93f96-df47-46 { font-size: 20px; }<\/style>\n\n\n\n<ul class=\"wp-block-list\">\n<li class=\"\">Cualquier cuesti\u00f3n no especificada en el apartado &#8220;el precio incluye&#8221;.<\/li>\n<\/ul>\n<\/div><\/div>\n\n\n\n<h2 class=\"is-style-ignition-cousteau-pro-anchor-title wp-block-heading\">Faq&#8217;s<\/h2>\n\n\n\n<div class=\"nfd-container nfd-p-lg nfd-gap-2xl nfd-wb-faq__faq-1 is-style-ignition-cousteau-pro-boxed-content wp-block-group\"><div class=\"wp-block-group__inner-container is-layout-constrained wp-block-group-is-layout-constrained\">\n<div class=\"nfd-gap-2xl wp-block-group is-vertical is-layout-flex wp-container-core-group-is-layout-8cf370e7 wp-block-group-is-layout-flex\">\n<div class=\"nfd-gap-xl nfd-gap-y-2xl wp-block-columns is-layout-flex wp-container-core-columns-is-layout-9d6595d7 wp-block-columns-is-layout-flex\">\n<div class=\"wp-block-column is-layout-flow wp-block-column-is-layout-flow\">\n<div class=\"nfd-gap-sm wp-block-group is-vertical is-layout-flex wp-container-core-group-is-layout-8cf370e7 wp-block-group-is-layout-flex\">\n<h3 class=\"wp-block-heading nfd-text-md nfd-text-contrast\" style=\"font-style:normal;font-weight:500\"><b style=\"caret-color: rgb(0, 0, 0); color: rgb(0, 0, 0); font-family: Aptos, sans-serif; letter-spacing: normal; white-space: normal;\"><span lang=\"EN-US\"><strong><strong>\u00bfCu\u00e1l es la mejor \u00e9poca para un viaje a Guatemala y Belice?<\/strong><\/strong><\/span><\/b><\/h3>\n\n\n\n<p class=\"\"><span style=\"color: rgb(85, 85, 109); font-size: calc(var(--wndb--text--base)*var(--wndb--text-scale-factor)); letter-spacing: 0em;\">Febrero-marzo, estaci\u00f3n seca con buen clima para ruinas y playas en esta ruta organizada sin lluvias.<\/span><\/p>\n<\/div>\n<\/div>\n\n\n\n<div class=\"wp-block-column is-layout-flow wp-block-column-is-layout-flow\">\n<div class=\"nfd-gap-sm wp-block-group is-vertical is-layout-flex wp-container-core-group-is-layout-8cf370e7 wp-block-group-is-layout-flex\">\n<h3 class=\"wp-block-heading nfd-text-md nfd-text-contrast\" style=\"font-style:normal;font-weight:500\"><strong><strong><strong><strong><strong>\u00bfPara qui\u00e9n es adecuado este viaje a Guatemala y Belice?<\/strong><\/strong><\/strong><\/strong><\/strong><\/h3>\n\n\n\n<p class=\"nfd-text-faded nfd-text-base\">Para adultos o familias con ni\u00f1os grandes; ritmo moderado, hoteles B c\u00f3modos, alguna caminata pero accesible como viaje en familia.<\/p>\n<\/div>\n<\/div>\n\n\n\n<div class=\"wp-block-column is-layout-flow wp-block-column-is-layout-flow\">\n<div class=\"nfd-gap-sm wp-block-group is-vertical is-layout-flex wp-container-core-group-is-layout-8cf370e7 wp-block-group-is-layout-flex\">\n<h3 class=\"wp-block-heading nfd-text-md nfd-text-contrast\" style=\"font-style:normal;font-weight:500\"><strong><strong><strong><strong><strong>\u00bfC\u00f3mo personalizar esta ruta a medida?<\/strong><\/strong><\/strong><\/strong><\/strong><\/h3>\n\n\n\n<p class=\"nfd-text-faded nfd-text-base\">En <a href=\"http:\/\/mesqueunviatge.cat\/es\">mesqueunviatge.cat<\/a> a\u00f1adimos d\u00edas extra, tours privados o extensiones caribe\u00f1as seg\u00fan presupuesto y preferencias.<\/p>\n<\/div>\n<\/div>\n<\/div>\n\n\n\n<div class=\"nfd-gap-xl nfd-gap-y-2xl wp-block-columns is-layout-flex wp-container-core-columns-is-layout-9d6595d7 wp-block-columns-is-layout-flex\">\n<div class=\"wp-block-column is-layout-flow wp-block-column-is-layout-flow\"><\/div>\n<\/div>\n<\/div>\n\n\n\n<div class=\"nfd-container wp-block-group\"><div class=\"wp-block-group__inner-container is-layout-constrained wp-container-core-group-is-layout-801f6f31 wp-block-group-is-layout-constrained\">\n<div class=\"nfd-p-card-md nfd-gap-xl nfd-shadow-xs nfd-bg-surface nfd-theme-white nfd-rounded is-style-nfd-theme-white wp-block-group is-content-justification-space-between is-layout-flex wp-container-core-group-is-layout-e3bc7287 wp-block-group-is-layout-flex\">\n<div class=\"nfd-gap-md wp-block-group is-layout-flex wp-block-group-is-layout-flex\">\n<figure class=\"is-style-rounded wp-block-image size-full is-resized\"><img data-recalc-dims=\"1\" loading=\"lazy\" decoding=\"async\" width=\"150\" height=\"109\" loading=\"lazy\" src=\"https:\/\/i0.wp.com\/mesqueunviatge.cat\/wp-content\/uploads\/2018\/10\/cropped-logo-transparent-mmqv.png?resize=150%2C109&#038;ssl=1\" alt=\"\" class=\"wp-image-15117\" style=\"aspect-ratio:4\/3;object-fit:cover;width:46px;height:auto\"\/><\/figure>\n\n\n\n<div class=\"nfd-gap-0 wp-block-group is-vertical is-layout-flex wp-container-core-group-is-layout-8cf370e7 wp-block-group-is-layout-flex\">\n<p class=\"nfd-text-md\" style=\"font-style:normal;font-weight:600\">\u00bfQuieres contactar con nosotros?<\/p>\n\n\n\n<p class=\"nfd-text-base nfd-text-faded\">Claro, puedes hacerlo envi\u00e1ndonos un mail a <a href=\"mailto:info@mesqueunviatge.cat\">info@mesqueunviatge.cat,<\/a> llamar al 93 664 59 17, enviarnos un mensaje al 660 29 25 16 o rellenar el cuestionario que te aparece en el lateral.<\/p>\n<\/div>\n<\/div>\n\n\n\n<div class=\"wp-block-buttons is-layout-flex wp-block-buttons-is-layout-flex\"><\/div>\n<\/div>\n<\/div><\/div>\n<\/div><\/div>\n\n\n\n<p id=\"block-5be2fc-5ed0-4f\" class=\"is-style-default wp-block-gutenbee-paragraph block-5be2fc-5ed0-4f gutenbee-hidden-desktop has-text-color\" style=\"color:rgba(0, 0, 0, 0.73);border-radius:0px\"><em>Si buscas otras alternativas a este viaje a Guatemala y Belice, tambi\u00e9n podemos adaptar la ruta partiendo de sus necesidades e intereses. Asesorados por nuestro equipo de corresponsales locales podemos preparar tu viaje perfecto. S\u00f3lo tienes que rellenar el formulario, que nos llames al <strong>93 664 59 17<\/strong> o al <strong>660 29 25 16<\/strong> o nos escribas a <strong><a href=\"mailto:info@mesqueunviatge.cat\">info@mesqueunviatge.cat<\/a><\/strong>  <\/em>.<\/p><style>.wp-block-gutenbee-paragraph.block-5be2fc-5ed0-4f { font-size: 13px; }<\/style>\n\n\n\n<p id=\"block-76aeb2-f64c-49\" class=\"is-style-default wp-block-gutenbee-paragraph block-76aeb2-f64c-49 gutenbee-hidden-desktop has-text-color\" style=\"color:rgba(0, 0, 0, 0.73);border-radius:0px\"><strong><em>Otros viajes a <a href=\"https:\/\/mesqueunviatge.cat\/es\/\" target=\"_blank\" rel=\"noreferrer noopener\">mesqueunviaje.cat<\/a><\/em><\/strong><\/p><style>.wp-block-gutenbee-paragraph.block-76aeb2-f64c-49 { font-size: 13px; }<\/style>\n\n\n\n<p class=\"\"><\/p>\n","protected":false},"excerpt":{"rendered":"<p>Viaje a Guatemala y Belice: cultura maya, lago Atitl\u00e1n y Caribe de San Pedro Sue\u00f1a con un viaje a Guatemala y Belice a medida que combine templos mayas imponentes, pueblos ind\u00edgenas llenos de vida y [&hellip;]<\/p>\n","protected":false},"featured_media":22366,"comment_status":"closed","ping_status":"closed","template":"","ignition_package_destination":[931,935,991],"ignition_package_category":[954,955,961],"class_list":["post-22380","ignition-package","type-ignition-package","status-publish","has-post-thumbnail","hentry","ignition_package_destination-rutas-por-america-latina","ignition_package_destination-viajes-al-caribe","ignition_package_destination-viajes-a-america","ignition_package_category-viajes-a-medida","ignition_package_category-luna-de-miel","ignition_package_category-viajes-en-familia"],"acf":[],"jetpack_sharing_enabled":true,"_links":{"self":[{"href":"https:\/\/mesqueunviatge.cat\/es\/wp-json\/wp\/v2\/ignition-package\/22380","targetHints":{"allow":["GET"]}}],"collection":[{"href":"https:\/\/mesqueunviatge.cat\/es\/wp-json\/wp\/v2\/ignition-package"}],"about":[{"href":"https:\/\/mesqueunviatge.cat\/es\/wp-json\/wp\/v2\/types\/ignition-package"}],"replies":[{"embeddable":true,"href":"https:\/\/mesqueunviatge.cat\/es\/wp-json\/wp\/v2\/comments?post=22380"}],"version-history":[{"count":2,"href":"https:\/\/mesqueunviatge.cat\/es\/wp-json\/wp\/v2\/ignition-package\/22380\/revisions"}],"predecessor-version":[{"id":22382,"href":"https:\/\/mesqueunviatge.cat\/es\/wp-json\/wp\/v2\/ignition-package\/22380\/revisions\/22382"}],"wp:featuredmedia":[{"embeddable":true,"href":"https:\/\/mesqueunviatge.cat\/es\/wp-json\/wp\/v2\/media\/22366"}],"wp:attachment":[{"href":"https:\/\/mesqueunviatge.cat\/es\/wp-json\/wp\/v2\/media?parent=22380"}],"wp:term":[{"taxonomy":"ignition_package_destination","embeddable":true,"href":"https:\/\/mesqueunviatge.cat\/es\/wp-json\/wp\/v2\/ignition_package_destination?post=22380"},{"taxonomy":"ignition_package_category","embeddable":true,"href":"https:\/\/mesqueunviatge.cat\/es\/wp-json\/wp\/v2\/ignition_package_category?post=22380"}],"curies":[{"name":"wp","href":"https:\/\/api.w.org\/{rel}","templated":true}]}}