{"id":22538,"date":"2026-02-23T19:18:38","date_gmt":"2026-02-23T19:18:38","guid":{"rendered":"https:\/\/mesqueunviatge.cat\/?post_type=ignition-package&#038;p=22538"},"modified":"2026-02-23T19:18:39","modified_gmt":"2026-02-23T19:18:39","slug":"eslovaquia-con-ninos-en-los-tatras","status":"publish","type":"ignition-package","link":"https:\/\/mesqueunviatge.cat\/es\/viaje-es\/eslovaquia-con-ninos-en-los-tatras\/","title":{"rendered":"Eslovaquia con ni\u00f1os en los Tatras: Bratislava, castillos y aventuras familiares en las monta\u00f1as"},"content":{"rendered":"\n<h2>Eslovaquia con ni\u00f1os en los Tatras: Bratislava, castillos y aventuras familiares en las monta\u00f1as<\/h2>\n\n\n\n<blockquote class=\"wp-block-quote is-layout-flow wp-block-quote-is-layout-flow\">\n<p class=\"\">\u00a1Imagina la magia de un viaje familiar a Eslov\u00e0quia con ni\u00f1os en los Tatras: descubre Bratislava, la capital m\u00e1s encantadora de Europa Central, y ad\u00e9ntrate en los paisajes espectaculares de los Tatras con lagos cristalinos, pueblos de cuento y castillos medievales. Los m\u00e1s peque\u00f1os flipar\u00e1n con Tatralandia (\u00a1el parque acu\u00e1tico perfecto!), Habakuky (parque tem\u00e1tico de cuentos), tirolinas en Tarzania y rutas f\u00e1ciles de senderismo \u2014todo con coche de alquiler, distancias cortas y ritmo a vuestro gusto.  <\/p>\n\n\n\n<p class=\"\">En mesqueunviatge.cat personalizamos cada detalle a medida: m\u00e1s d\u00edas en los Tatras, alojamientos con cocina o actividades extra como telef\u00e9ricos. \u00a1Pide presupuesto gratuito ahora y haz realidad estas vacaciones inolvidables para toda la familia! <\/p>\n<\/blockquote>\n\n\n\n<div class=\"wp-block-group\"><div class=\"wp-block-group__inner-container is-layout-constrained wp-block-group-is-layout-constrained\">\n<p id=\"block-c85367-69ea-42\" class=\"is-style-default wp-block-gutenbee-paragraph block-c85367-69ea-42 gutenbee-hidden-tablet gutenbee-hidden-mobile has-text-color\" style=\"color:rgba(0, 0, 0, 0.73);border-radius:0px\"><br><em>Si busc\u00e1is otras alternativas a este viaje a Eslovaquia con ni\u00f1os, tambi\u00e9n podemos adaptar la ruta seg\u00fan vuestras necesidades e intereses. Asesorados por nuestro equipo de corresponsales locales podemos preparar tu viaje perfecto. S\u00f3lo tienes que rellenar el formulario, que nos llames al <strong>93 664 59 17<\/strong> o al <strong>660 29 25 16<\/strong> o nos escribas a <strong><a href=\"mailto:info@mesqueunviatge.cat\">info@mesqueunviatge.cat<\/a><\/strong>  <\/em>.<\/p><style>.wp-block-gutenbee-paragraph.block-c85367-69ea-42 { font-size: 13px; }<\/style>\n\n\n\n<div class=\"wp-block-group\"><div class=\"wp-block-group__inner-container is-layout-constrained wp-block-group-is-layout-constrained\">\n<p id=\"block-9f2f15-dd68-48\" class=\"is-style-default wp-block-gutenbee-paragraph block-9f2f15-dd68-48 gutenbee-hidden-tablet gutenbee-hidden-mobile has-text-color\" style=\"color:rgba(0, 0, 0, 0.73);border-radius:0px\"><strong><em>Otros viajes a <a href=\"https:\/\/mesqueunviatge.cat\/es\/\" target=\"_blank\" rel=\"noreferrer noopener\">mesqueunviaje.cat<\/a><\/em><\/strong><\/p><style>.wp-block-gutenbee-paragraph.block-9f2f15-dd68-48 { font-size: 13px; }<\/style>\n<\/div><\/div>\n<\/div><\/div>\n\n\n\n<h2 class=\"is-style-ignition-cousteau-pro-anchor-title wp-block-heading\">Im\u00e1genes<\/h2>\n\n\n\n<figure class=\"wp-block-gallery has-nested-images columns-default is-cropped wp-block-gallery-1 is-layout-flex wp-block-gallery-is-layout-flex\">\n<figure class=\"is-style-rounded wp-block-image size-full\"><a href=\"https:\/\/i0.wp.com\/mesqueunviatge.cat\/wp-content\/uploads\/2026\/02\/Serralada-dels-Tatras-Eslovaquia.webp?ssl=1\" data-lightbox=\"gal[22538]\"><img data-recalc-dims=\"1\" loading=\"lazy\" decoding=\"async\" width=\"870\" height=\"528\" loading=\"lazy\" data-id=\"22531\" src=\"https:\/\/i0.wp.com\/mesqueunviatge.cat\/wp-content\/uploads\/2026\/02\/Serralada-dels-Tatras-Eslovaquia.webp?resize=870%2C528&#038;ssl=1\" alt=\"Viatge a mida a Eslov\u00e0quia, ruta a medida por Eslovaquia\" class=\"wp-image-22531\" srcset=\"https:\/\/i0.wp.com\/mesqueunviatge.cat\/wp-content\/uploads\/2026\/02\/Serralada-dels-Tatras-Eslovaquia.webp?w=2000&amp;ssl=1 2000w, https:\/\/i0.wp.com\/mesqueunviatge.cat\/wp-content\/uploads\/2026\/02\/Serralada-dels-Tatras-Eslovaquia.webp?resize=600%2C364&amp;ssl=1 600w, https:\/\/i0.wp.com\/mesqueunviatge.cat\/wp-content\/uploads\/2026\/02\/Serralada-dels-Tatras-Eslovaquia.webp?resize=1024%2C622&amp;ssl=1 1024w, https:\/\/i0.wp.com\/mesqueunviatge.cat\/wp-content\/uploads\/2026\/02\/Serralada-dels-Tatras-Eslovaquia.webp?resize=768%2C466&amp;ssl=1 768w, https:\/\/i0.wp.com\/mesqueunviatge.cat\/wp-content\/uploads\/2026\/02\/Serralada-dels-Tatras-Eslovaquia.webp?resize=1536%2C932&amp;ssl=1 1536w, https:\/\/i0.wp.com\/mesqueunviatge.cat\/wp-content\/uploads\/2026\/02\/Serralada-dels-Tatras-Eslovaquia.webp?w=1740&amp;ssl=1 1740w\" sizes=\"auto, (max-width: 870px) 100vw, 870px\" \/><\/a><\/figure>\n\n\n\n<figure class=\"wp-block-image size-full\"><a href=\"https:\/\/i0.wp.com\/mesqueunviatge.cat\/wp-content\/uploads\/2026\/02\/Vistes-aeries-de-Brastislava-Eslovaquia.webp?ssl=1\" data-lightbox=\"gal[22538]\"><img data-recalc-dims=\"1\" loading=\"lazy\" decoding=\"async\" width=\"870\" height=\"528\" loading=\"lazy\" data-id=\"22517\" src=\"https:\/\/i0.wp.com\/mesqueunviatge.cat\/wp-content\/uploads\/2026\/02\/Vistes-aeries-de-Brastislava-Eslovaquia.webp?resize=870%2C528&#038;ssl=1\" alt=\"viatge organitzat a Eslov\u00e0quia, Viaje organizado a Eslovaquia\" class=\"wp-image-22517\" srcset=\"https:\/\/i0.wp.com\/mesqueunviatge.cat\/wp-content\/uploads\/2026\/02\/Vistes-aeries-de-Brastislava-Eslovaquia.webp?w=2000&amp;ssl=1 2000w, https:\/\/i0.wp.com\/mesqueunviatge.cat\/wp-content\/uploads\/2026\/02\/Vistes-aeries-de-Brastislava-Eslovaquia.webp?resize=600%2C364&amp;ssl=1 600w, https:\/\/i0.wp.com\/mesqueunviatge.cat\/wp-content\/uploads\/2026\/02\/Vistes-aeries-de-Brastislava-Eslovaquia.webp?resize=1024%2C622&amp;ssl=1 1024w, https:\/\/i0.wp.com\/mesqueunviatge.cat\/wp-content\/uploads\/2026\/02\/Vistes-aeries-de-Brastislava-Eslovaquia.webp?resize=768%2C466&amp;ssl=1 768w, https:\/\/i0.wp.com\/mesqueunviatge.cat\/wp-content\/uploads\/2026\/02\/Vistes-aeries-de-Brastislava-Eslovaquia.webp?resize=1536%2C932&amp;ssl=1 1536w, https:\/\/i0.wp.com\/mesqueunviatge.cat\/wp-content\/uploads\/2026\/02\/Vistes-aeries-de-Brastislava-Eslovaquia.webp?w=1740&amp;ssl=1 1740w\" sizes=\"auto, (max-width: 870px) 100vw, 870px\" \/><\/a><\/figure>\n\n\n\n<figure class=\"wp-block-image size-full\"><a href=\"https:\/\/i0.wp.com\/mesqueunviatge.cat\/wp-content\/uploads\/2026\/02\/Fauna-als-Tatras-Eslovaquia.webp?ssl=1\" data-lightbox=\"gal[22538]\"><img data-recalc-dims=\"1\" loading=\"lazy\" decoding=\"async\" width=\"870\" height=\"528\" loading=\"lazy\" data-id=\"22523\" src=\"https:\/\/i0.wp.com\/mesqueunviatge.cat\/wp-content\/uploads\/2026\/02\/Fauna-als-Tatras-Eslovaquia.webp?resize=870%2C528&#038;ssl=1\" alt=\"viatge d'aventures a Eslov\u00e0quia, viaje de Aventuras a Eslovaquia\" class=\"wp-image-22523\" srcset=\"https:\/\/i0.wp.com\/mesqueunviatge.cat\/wp-content\/uploads\/2026\/02\/Fauna-als-Tatras-Eslovaquia.webp?w=2000&amp;ssl=1 2000w, https:\/\/i0.wp.com\/mesqueunviatge.cat\/wp-content\/uploads\/2026\/02\/Fauna-als-Tatras-Eslovaquia.webp?resize=600%2C364&amp;ssl=1 600w, https:\/\/i0.wp.com\/mesqueunviatge.cat\/wp-content\/uploads\/2026\/02\/Fauna-als-Tatras-Eslovaquia.webp?resize=1024%2C622&amp;ssl=1 1024w, https:\/\/i0.wp.com\/mesqueunviatge.cat\/wp-content\/uploads\/2026\/02\/Fauna-als-Tatras-Eslovaquia.webp?resize=768%2C466&amp;ssl=1 768w, https:\/\/i0.wp.com\/mesqueunviatge.cat\/wp-content\/uploads\/2026\/02\/Fauna-als-Tatras-Eslovaquia.webp?resize=1536%2C932&amp;ssl=1 1536w, https:\/\/i0.wp.com\/mesqueunviatge.cat\/wp-content\/uploads\/2026\/02\/Fauna-als-Tatras-Eslovaquia.webp?w=1740&amp;ssl=1 1740w\" sizes=\"auto, (max-width: 870px) 100vw, 870px\" \/><\/a><\/figure>\n\n\n\n<figure class=\"wp-block-image size-large\"><a href=\"https:\/\/i0.wp.com\/mesqueunviatge.cat\/wp-content\/uploads\/2026\/02\/Cicmany-Slovakia-1024x622.webp?ssl=1\" data-lightbox=\"gal[22538]\"><img data-recalc-dims=\"1\" loading=\"lazy\" decoding=\"async\" width=\"870\" height=\"528\" loading=\"lazy\" data-id=\"22513\" src=\"https:\/\/i0.wp.com\/mesqueunviatge.cat\/wp-content\/uploads\/2026\/02\/Cicmany-Slovakia.webp?resize=870%2C528&#038;ssl=1\" alt=\"Viatge a Eslov\u00e0quia, Viaje a Eslovaquia\" class=\"wp-image-22513\" srcset=\"https:\/\/i0.wp.com\/mesqueunviatge.cat\/wp-content\/uploads\/2026\/02\/Cicmany-Slovakia.webp?resize=1024%2C622&amp;ssl=1 1024w, https:\/\/i0.wp.com\/mesqueunviatge.cat\/wp-content\/uploads\/2026\/02\/Cicmany-Slovakia.webp?resize=600%2C364&amp;ssl=1 600w, https:\/\/i0.wp.com\/mesqueunviatge.cat\/wp-content\/uploads\/2026\/02\/Cicmany-Slovakia.webp?resize=768%2C466&amp;ssl=1 768w, https:\/\/i0.wp.com\/mesqueunviatge.cat\/wp-content\/uploads\/2026\/02\/Cicmany-Slovakia.webp?resize=1536%2C932&amp;ssl=1 1536w, https:\/\/i0.wp.com\/mesqueunviatge.cat\/wp-content\/uploads\/2026\/02\/Cicmany-Slovakia.webp?w=2000&amp;ssl=1 2000w, https:\/\/i0.wp.com\/mesqueunviatge.cat\/wp-content\/uploads\/2026\/02\/Cicmany-Slovakia.webp?w=1740&amp;ssl=1 1740w\" sizes=\"auto, (max-width: 870px) 100vw, 870px\" \/><\/a><\/figure>\n\n\n\n<figure class=\"wp-block-image size-full\"><a href=\"https:\/\/i0.wp.com\/mesqueunviatge.cat\/wp-content\/uploads\/2026\/02\/Tatralandia-Eslovaquia.webp?ssl=1\" data-lightbox=\"gal[22538]\"><img data-recalc-dims=\"1\" loading=\"lazy\" decoding=\"async\" width=\"870\" height=\"528\" loading=\"lazy\" data-id=\"22521\" src=\"https:\/\/i0.wp.com\/mesqueunviatge.cat\/wp-content\/uploads\/2026\/02\/Tatralandia-Eslovaquia.webp?resize=870%2C528&#038;ssl=1\" alt=\"viatge a Eslov\u00e0quia amb nens, viaje a Eslovaquia con ni\u00f1os\" class=\"wp-image-22521\" srcset=\"https:\/\/i0.wp.com\/mesqueunviatge.cat\/wp-content\/uploads\/2026\/02\/Tatralandia-Eslovaquia.webp?w=2000&amp;ssl=1 2000w, https:\/\/i0.wp.com\/mesqueunviatge.cat\/wp-content\/uploads\/2026\/02\/Tatralandia-Eslovaquia.webp?resize=600%2C364&amp;ssl=1 600w, https:\/\/i0.wp.com\/mesqueunviatge.cat\/wp-content\/uploads\/2026\/02\/Tatralandia-Eslovaquia.webp?resize=1024%2C622&amp;ssl=1 1024w, https:\/\/i0.wp.com\/mesqueunviatge.cat\/wp-content\/uploads\/2026\/02\/Tatralandia-Eslovaquia.webp?resize=768%2C466&amp;ssl=1 768w, https:\/\/i0.wp.com\/mesqueunviatge.cat\/wp-content\/uploads\/2026\/02\/Tatralandia-Eslovaquia.webp?resize=1536%2C932&amp;ssl=1 1536w, https:\/\/i0.wp.com\/mesqueunviatge.cat\/wp-content\/uploads\/2026\/02\/Tatralandia-Eslovaquia.webp?w=1740&amp;ssl=1 1740w\" sizes=\"auto, (max-width: 870px) 100vw, 870px\" \/><\/a><\/figure>\n\n\n\n<figure class=\"wp-block-image size-large\"><a href=\"<!--[CDATA[https:\/\/mesqueunviatge.cat\/wp-content\/uploads\/2026\/02\/Habakuky-Eslovaquia.webp]]--&gt;\"><img data-recalc-dims=\"1\" loading=\"lazy\" decoding=\"async\" width=\"870\" height=\"528\" loading=\"lazy\" data-id=\"22525\" src=\"https:\/\/i0.wp.com\/mesqueunviatge.cat\/wp-content\/uploads\/2026\/02\/Habakuky-Eslovaquia-1024x622.webp?resize=870%2C528&#038;ssl=1\" alt=\"viatge en fam\u00edlia a Eslov\u00e0quia, viaje en familia a Eslovaquia\" class=\"wp-image-22525\" srcset=\"https:\/\/i0.wp.com\/mesqueunviatge.cat\/wp-content\/uploads\/2026\/02\/Habakuky-Eslovaquia.webp?resize=1024%2C622&amp;ssl=1 1024w, https:\/\/i0.wp.com\/mesqueunviatge.cat\/wp-content\/uploads\/2026\/02\/Habakuky-Eslovaquia.webp?resize=600%2C364&amp;ssl=1 600w, https:\/\/i0.wp.com\/mesqueunviatge.cat\/wp-content\/uploads\/2026\/02\/Habakuky-Eslovaquia.webp?resize=768%2C466&amp;ssl=1 768w, https:\/\/i0.wp.com\/mesqueunviatge.cat\/wp-content\/uploads\/2026\/02\/Habakuky-Eslovaquia.webp?resize=1536%2C932&amp;ssl=1 1536w, https:\/\/i0.wp.com\/mesqueunviatge.cat\/wp-content\/uploads\/2026\/02\/Habakuky-Eslovaquia.webp?w=2000&amp;ssl=1 2000w, https:\/\/i0.wp.com\/mesqueunviatge.cat\/wp-content\/uploads\/2026\/02\/Habakuky-Eslovaquia.webp?w=1740&amp;ssl=1 1740w\" sizes=\"auto, (max-width: 870px) 100vw, 870px\" \/><\/a><\/figure>\n<\/figure>\n\n\n\n<h2 class=\"is-style-ignition-cousteau-pro-anchor-title wp-block-heading\">Itinerario<\/h2>\n\n\n\n<div class=\"wp-block-group\"><div class=\"wp-block-group__inner-container is-layout-constrained wp-block-group-is-layout-constrained\">\n<h6 id=\"block-85cf32-5a4b-4d\" class=\"is-style-ignition-cousteau-pro-boxed-content wp-block-gutenbee-heading block-85cf32-5a4b-4d\">D\u00cdA 1: VUELO A VIENA Y PRIMERA NOCHE EN BRATISLAVA<\/h6><style>.wp-block-gutenbee-heading.block-85cf32-5a4b-4d { font-size: 20px; line-height: 1; text-transform: uppercase; }<\/style>\n<\/div><\/div>\n\n\n\n<p class=\"\">Presentaos en vuestro aeropuerto de origen a la hora indicada para volar a Viena. Recogemos el equipaje y el coche de alquiler para recorrer los escasos 45 km hasta Bratislava, la alegre capital de Eslovaquia. Seg\u00fan la hora de llegada, pasead por su casco antiguo preservado \u2014uno de los m\u00e1s bonitos de Centroeuropa\u2014, dominado por el castillo hist\u00f3rico y cruzado por el Danubio. Check-in en los Apartamentos Ambient o similar. Noche en Bratislava.    <\/p>\n\n\n\n<div class=\"wp-block-group\"><div class=\"wp-block-group__inner-container is-layout-constrained wp-block-group-is-layout-constrained\">\n<h6 id=\"block-46a716-9f5c-41\" class=\"is-style-ignition-cousteau-pro-boxed-content wp-block-gutenbee-heading block-46a716-9f5c-41\">D\u00cdA 2: DE BRATISLAVA A LOS TATRAS ESLOVACOS CON PARADAS FAMILIARES<\/h6><style>.wp-block-gutenbee-heading.block-46a716-9f5c-41 { font-size: 20px; line-height: 1; text-transform: uppercase; }<\/style>\n\n\n\n<p class=\"\">Despu\u00e9s de desayunar, poned rumbo a la regi\u00f3n monta\u00f1osa de los Tatras eslovacos (unas 4 horas). En ruta, elegid el Castillo de Trenc\u00edn para una dosis de historia o el n\u00facleo antiguo de \u017dilina con plazas empedradas y el Parque Budat\u00edn \u2014ideal para familias con espacios verdes y paseos relajados al lado del castillo. Llegada y check-in en el Maladinovo Resort 4* o similar, justo al lado del parque acu\u00e1tico Tatralandia. Primera noche en los Tatras.   <\/p>\n<\/div><\/div>\n\n\n\n<div class=\"wp-block-group\"><div class=\"wp-block-group__inner-container is-layout-constrained wp-block-group-is-layout-constrained\">\n<h6 id=\"block-77683c-861b-4f\" class=\"is-style-ignition-cousteau-pro-boxed-content wp-block-gutenbee-heading block-77683c-861b-4f\">D\u00cdA 3 AL 6: 4 D\u00cdAS COMPLETOS DE AVENTURAS FAMILIARES EN LOS TATRAS ESLOVACOS<\/h6><style>.wp-block-gutenbee-heading.block-77683c-861b-4f { font-size: 20px; line-height: 1; text-transform: uppercase; }<\/style>\n<\/div><\/div>\n\n\n\n<p class=\"\">Disfrutad de 4 d\u00edas completos (m\u00e1s la llegada) explorando los Tatras eslovacos, un para\u00edso de naturaleza y diversi\u00f3n para Eslovaquia con ni\u00f1os. Visitad Strbsk\u00e9 Pleso \u2014el pueblo m\u00e1s alto con lago precioso\u2014, Stary Smokovec para senderismo f\u00e1cil o Tatransk\u00e1 Lomnica con el telef\u00e9rico a Lomnick\u00fd \u0161t\u00edt (uno de los m\u00e1s altos de Europa). No os perd\u00e1is castillos como Orava y Spi\u0161, pueblos pintorescos como Vlkol\u00ednec y Terchov\u00e1, el parque tem\u00e1tico Habakuky de cuentos infantiles y Tarzania con tirolinas y bosques verticales. Noches en el resort en los Tatras.   <\/p>\n\n\n\n<div class=\"wp-block-group\"><div class=\"wp-block-group__inner-container is-layout-constrained wp-block-group-is-layout-constrained\">\n<h6 id=\"block-76ea92-574f-44\" class=\"is-style-ignition-cousteau-pro-boxed-content wp-block-gutenbee-heading block-76ea92-574f-44\">D\u00cdA 7: RETORNO DE LOS TATRAS A BRATISLAVA CON \u00daLTIMA RUTA CULTURAL<\/h6><style>.wp-block-gutenbee-heading.block-76ea92-574f-44 { font-size: 20px; line-height: 1; text-transform: uppercase; }<\/style>\n<\/div><\/div>\n\n\n\n<p class=\"\">Regresad a Bratislava en coche, con parada en \u010ci\u010dmany (casas de madera decoradas con motivos geom\u00e9tricos) o el Castillo de Beckov para una visita hist\u00f3rica final. En la capital, aprovechad el atardecer para pasear por el n\u00facleo hist\u00f3rico, calles vivas y plazas con encanto. Check-in en los Apartamentos Ambient o similar. Noche en Bratislava.   <\/p>\n\n\n\n<div class=\"wp-block-group\"><div class=\"wp-block-group__inner-container is-layout-constrained wp-block-group-is-layout-constrained\">\n<h6 id=\"block-4f5718-cdae-4d\" class=\"is-style-ignition-cousteau-pro-boxed-content wp-block-gutenbee-heading block-4f5718-cdae-4d\">D\u00cdA 8: \u00daLTIMAS HORAS EN BRATISLAVA Y VUELO DE REGRESO DESDE VIENA<\/h6><style>.wp-block-gutenbee-heading.block-4f5718-cdae-4d { font-size: 20px; line-height: 1; text-transform: uppercase; }<\/style>\n\n\n\n<p class=\"\">Desayuno libre y, seg\u00fan el vuelo, completad visitas pendientes en Bratislava o haced compras familiares. Recorred los 45 km al aeropuerto de Viena para devolver el coche con margen. Facturaci\u00f3n y embarque hacia tu ciudad de origen. Llegada y fin de los servicios de mesqueunviatge.cat.   <\/p>\n<\/div><\/div>\n\n\n\n<h2 class=\"is-style-ignition-cousteau-pro-anchor-title wp-block-heading\">Informaci\u00f3n importante<\/h2>\n\n\n\n<div class=\"is-style-ignition-cousteau-pro-boxed-content wp-block-group\"><div class=\"wp-block-group__inner-container is-layout-constrained wp-block-group-is-layout-constrained\">\n<p id=\"block-351153-adcc-49\" class=\"wp-block-gutenbee-paragraph block-351153-adcc-49\"><strong>El precio incluye<\/strong><\/p><style>.wp-block-gutenbee-paragraph.block-351153-adcc-49 { font-size: 20px; }<\/style>\n\n\n\n<ul class=\"wp-block-list\">\n<li class=\"\">Vuelos ida y vuelta a Viena.<\/li>\n\n\n\n<li class=\"\">Tasas de aeropuerto y suplemento de combustible.<\/li>\n\n\n\n<li class=\"\">2 noches en apartamento en Bratislava.<\/li>\n\n\n\n<li class=\"\">5 noches en apartamento 4* en la regi\u00f3n de los Tatras.<\/li>\n\n\n\n<li class=\"\">Coche de alquiler tipo Seat Ibiza (2p) o tipo Kia Ceed (3-4p) o Seat Ateca (5p) con km ilimitados y seguros (con franquicia). <\/li>\n<\/ul>\n\n\n\n<p id=\"block-4056dc-0813-4b\" class=\"is-style-default wp-block-gutenbee-paragraph block-4056dc-0813-4b\"><strong>El precio no incluye<\/strong><\/p><style>.wp-block-gutenbee-paragraph.block-4056dc-0813-4b { font-size: 20px; }<\/style>\n\n\n\n<ul class=\"wp-block-list\">\n<li class=\"\">La vi\u00f1eta de autopista eslovaca (25\u20ac).<\/li>\n\n\n\n<li class=\"\">Tasas municipales, a pagar en destino (aprox: 1-3\u20ac por persona y noche).  <\/li>\n\n\n\n<li class=\"\">Al recoger el coche en Viena se ha de abonar un seguro extra para entrar en Eslovaquia (aprox. 72 euros).<\/li>\n\n\n\n<li class=\"\">Comidas, bebidas, actividades, seguros, maletas y cualquier otro concepto opcional no mencionado expresamente en el presupuesto como incluido.<\/li>\n\n\n\n<li class=\"\">Cualquier cuesti\u00f3n no especificada en el apartado &#8220;el precio incluye&#8221;.<\/li>\n<\/ul>\n<\/div><\/div>\n\n\n\n<h2 class=\"is-style-ignition-cousteau-pro-anchor-title wp-block-heading\">Faq&#8217;s<\/h2>\n\n\n\n<div class=\"nfd-container nfd-p-lg nfd-gap-2xl nfd-wb-faq__faq-1 is-style-ignition-cousteau-pro-boxed-content wp-block-group\"><div class=\"wp-block-group__inner-container is-layout-constrained wp-block-group-is-layout-constrained\">\n<div class=\"nfd-gap-2xl wp-block-group is-vertical is-layout-flex wp-container-core-group-is-layout-8cf370e7 wp-block-group-is-layout-flex\">\n<div class=\"nfd-gap-xl nfd-gap-y-2xl wp-block-columns is-layout-flex wp-container-core-columns-is-layout-9d6595d7 wp-block-columns-is-layout-flex\">\n<div class=\"wp-block-column is-layout-flow wp-block-column-is-layout-flow\">\n<div class=\"nfd-gap-sm wp-block-group is-vertical is-layout-flex wp-container-core-group-is-layout-8cf370e7 wp-block-group-is-layout-flex\">\n<h3 class=\"wp-block-heading nfd-text-md nfd-text-contrast\" style=\"font-style:normal;font-weight:500\"><strong><strong><strong><strong>\u00bfEs adecuado este viaje a Eslovaquia con ni\u00f1os en los Tatras para familias con ni\u00f1os peque\u00f1os?<\/strong><\/strong><\/strong><\/strong><\/h3>\n\n\n\n<p class=\"nfd-text-faded nfd-text-base\">\u00a1S\u00ed! Las rutas son cortas y f\u00e1ciles, con actividades como Tatralandia (parque acu\u00e1tico), Habakuky (cuentos) y senderismo sencillo. Distancias reducidas y alojamientos familiares lo hacen perfecto para ni\u00f1os peque\u00f1os.  <\/p>\n<\/div>\n<\/div>\n\n\n\n<div class=\"wp-block-column is-layout-flow wp-block-column-is-layout-flow\">\n<div class=\"nfd-gap-sm wp-block-group is-vertical is-layout-flex wp-container-core-group-is-layout-8cf370e7 wp-block-group-is-layout-flex\">\n<h3 class=\"wp-block-heading nfd-text-md nfd-text-contrast\" style=\"font-style:normal;font-weight:500\"><strong><strong><strong>\u00bfCu\u00e1l es la mejor \u00e9poca para viajar a Eslovaquia con ni\u00f1os en los Tatras?<\/strong><\/strong><\/strong><\/h3>\n\n\n\n<p class=\"nfd-text-faded nfd-text-base\">Verano (junio-septiembre) para Tatralandia y senderismo, o oto\u00f1o por colores espectaculares. Evitad invierno si busc\u00e1is actividades acu\u00e1ticas; nosotros adaptamos fechas a medida. <\/p>\n<\/div>\n<\/div>\n\n\n\n<div class=\"wp-block-column is-layout-flow wp-block-column-is-layout-flow\">\n<div class=\"nfd-gap-sm wp-block-group is-vertical is-layout-flex wp-container-core-group-is-layout-8cf370e7 wp-block-group-is-layout-flex\">\n<h3 class=\"wp-block-heading nfd-text-md nfd-text-contrast\" style=\"font-style:normal;font-weight:500\"><strong><strong><strong>\u00bfSe puede personalizar este viaje familiar en los Tatras eslovacos?<\/strong><\/strong><\/strong><\/h3>\n\n\n\n<p class=\"nfd-text-faded nfd-text-base\">\u00a1Absolutamente! En mesqueunviatge.cat a\u00f1adimos d\u00edas extra, cocinas en apartamentos, telef\u00e9ricos privados o extensiones a castillos. Pide presupuesto personalizado sin compromiso.<br><br><br><br><br> <\/p>\n<\/div>\n<\/div>\n<\/div>\n\n\n\n<div class=\"nfd-gap-xl nfd-gap-y-2xl wp-block-columns is-layout-flex wp-container-core-columns-is-layout-9d6595d7 wp-block-columns-is-layout-flex\">\n<div class=\"wp-block-column is-layout-flow wp-block-column-is-layout-flow\"><\/div>\n<\/div>\n<\/div>\n\n\n\n<div class=\"nfd-container wp-block-group\"><div class=\"wp-block-group__inner-container is-layout-constrained wp-container-core-group-is-layout-801f6f31 wp-block-group-is-layout-constrained\">\n<div class=\"nfd-p-card-md nfd-gap-xl nfd-shadow-xs nfd-bg-surface nfd-theme-white nfd-rounded is-style-nfd-theme-white wp-block-group is-content-justification-space-between is-layout-flex wp-container-core-group-is-layout-e3bc7287 wp-block-group-is-layout-flex\">\n<div class=\"nfd-gap-md wp-block-group is-layout-flex wp-block-group-is-layout-flex\">\n<figure class=\"is-style-rounded wp-block-image size-full is-resized\"><img data-recalc-dims=\"1\" loading=\"lazy\" decoding=\"async\" width=\"150\" height=\"109\" loading=\"lazy\" src=\"https:\/\/i0.wp.com\/mesqueunviatge.cat\/wp-content\/uploads\/2018\/10\/cropped-logo-transparent-mmqv.png?resize=150%2C109&#038;ssl=1\" alt=\"\" class=\"wp-image-15117\" style=\"aspect-ratio:4\/3;object-fit:cover;width:46px;height:auto\"\/><\/figure>\n\n\n\n<div class=\"nfd-gap-0 wp-block-group is-vertical is-layout-flex wp-container-core-group-is-layout-8cf370e7 wp-block-group-is-layout-flex\">\n<p class=\"nfd-text-md\" style=\"font-style:normal;font-weight:600\">\u00bfQuieres contactar con nosotros?<\/p>\n\n\n\n<p class=\"nfd-text-base nfd-text-faded\">Claro, puedes hacerlo envi\u00e1ndonos un mail a <a href=\"mailto:info@mesqueunviatge.cat\">info@mesqueunviatge.cat,<\/a> llamar al 93 664 59 17, enviarnos un mensaje al 660 29 25 16 o rellenar el cuestionario que te aparece en el lateral.<\/p>\n<\/div>\n<\/div>\n\n\n\n<div class=\"wp-block-buttons is-layout-flex wp-block-buttons-is-layout-flex\"><\/div>\n<\/div>\n<\/div><\/div>\n<\/div><\/div>\n\n\n\n<p id=\"block-1a0513-9c98-4c\" class=\"is-style-default wp-block-gutenbee-paragraph block-1a0513-9c98-4c gutenbee-hidden-desktop has-text-color\" style=\"color:rgba(0, 0, 0, 0.73);border-radius:0px\"><em>Si busc\u00e1is otras alternativas a este viaje a Eslovaquia con ni\u00f1os, tambi\u00e9n podemos adaptar la ruta seg\u00fan vuestras necesidades e intereses. Asesorados por nuestro equipo de corresponsales locales podemos preparar tu viaje perfecto. S\u00f3lo tienes que rellenar el formulario, que nos llames al <strong>93 664 59 17 <\/strong>o al <strong>660 29 25 16 <\/strong>o nos escribas a <strong><a href=\"mailto:info@mesqueunviatge.cat\">info@mesqueunviatge.cat<\/a><\/strong> <\/em>.<\/p><style>.wp-block-gutenbee-paragraph.block-1a0513-9c98-4c { font-size: 13px; }<\/style>\n\n\n\n<p id=\"block-9ddbfd-b0dc-4c\" class=\"is-style-default wp-block-gutenbee-paragraph block-9ddbfd-b0dc-4c gutenbee-hidden-desktop has-text-color\" style=\"color:rgba(0, 0, 0, 0.73);border-radius:0px\"><strong><em>Otros viajes a <a href=\"https:\/\/mesqueunviatge.cat\/es\/\" target=\"_blank\" rel=\"noreferrer noopener\">mesqueunviaje.cat<\/a><\/em><\/strong><\/p><style>.wp-block-gutenbee-paragraph.block-9ddbfd-b0dc-4c { font-size: 13px; }<\/style>\n\n\n\n<p class=\"\"><\/p>\n","protected":false},"excerpt":{"rendered":"<p>Eslovaquia con ni\u00f1os en los Tatras: Bratislava, castillos y aventuras familiares en las monta\u00f1as \u00a1Imagina la magia de un viaje familiar a Eslov\u00e0quia con ni\u00f1os en los Tatras: descubre Bratislava, la capital m\u00e1s encantadora de [&hellip;]<\/p>\n","protected":false},"featured_media":22516,"comment_status":"open","ping_status":"closed","template":"","ignition_package_destination":[936],"ignition_package_category":[954,961,965,969],"class_list":["post-22538","ignition-package","type-ignition-package","status-publish","has-post-thumbnail","hentry","ignition_package_destination-viajes-por-europa","ignition_package_category-viajes-a-medida","ignition_package_category-viajes-en-familia","ignition_package_category-fly-d-drive-es","ignition_package_category-viajes-en-coche"],"acf":[],"jetpack_sharing_enabled":true,"_links":{"self":[{"href":"https:\/\/mesqueunviatge.cat\/es\/wp-json\/wp\/v2\/ignition-package\/22538","targetHints":{"allow":["GET"]}}],"collection":[{"href":"https:\/\/mesqueunviatge.cat\/es\/wp-json\/wp\/v2\/ignition-package"}],"about":[{"href":"https:\/\/mesqueunviatge.cat\/es\/wp-json\/wp\/v2\/types\/ignition-package"}],"replies":[{"embeddable":true,"href":"https:\/\/mesqueunviatge.cat\/es\/wp-json\/wp\/v2\/comments?post=22538"}],"version-history":[{"count":2,"href":"https:\/\/mesqueunviatge.cat\/es\/wp-json\/wp\/v2\/ignition-package\/22538\/revisions"}],"predecessor-version":[{"id":22541,"href":"https:\/\/mesqueunviatge.cat\/es\/wp-json\/wp\/v2\/ignition-package\/22538\/revisions\/22541"}],"wp:featuredmedia":[{"embeddable":true,"href":"https:\/\/mesqueunviatge.cat\/es\/wp-json\/wp\/v2\/media\/22516"}],"wp:attachment":[{"href":"https:\/\/mesqueunviatge.cat\/es\/wp-json\/wp\/v2\/media?parent=22538"}],"wp:term":[{"taxonomy":"ignition_package_destination","embeddable":true,"href":"https:\/\/mesqueunviatge.cat\/es\/wp-json\/wp\/v2\/ignition_package_destination?post=22538"},{"taxonomy":"ignition_package_category","embeddable":true,"href":"https:\/\/mesqueunviatge.cat\/es\/wp-json\/wp\/v2\/ignition_package_category?post=22538"}],"curies":[{"name":"wp","href":"https:\/\/api.w.org\/{rel}","templated":true}]}}