{"id":22602,"date":"2026-02-25T18:26:37","date_gmt":"2026-02-25T18:26:37","guid":{"rendered":"https:\/\/mesqueunviatge.cat\/?post_type=ignition-package&#038;p=22602"},"modified":"2026-02-25T18:26:39","modified_gmt":"2026-02-25T18:26:39","slug":"crucero-fluvial-gastronomico-por-el-rodano","status":"publish","type":"ignition-package","link":"https:\/\/mesqueunviatge.cat\/es\/viaje-es\/crucero-fluvial-gastronomico-por-el-rodano\/","title":{"rendered":"Crucero fluvial gastron\u00f3mico por el R\u00f3dano: Lyon, vinos de Beaujolais y cena con Paul Bocuse"},"content":{"rendered":"\n<h2>Crucero fluvial gastron\u00f3mico por el R\u00f3dano: Lyon, vinos de Beaujolais y cena con Paul Bocuse<\/h2>\n\n\n\n<blockquote class=\"wp-block-quote is-layout-flow wp-block-quote-is-layout-flow\">\n<p class=\"\">\u00a1D\u00e9jate seducir por el R\u00f3dano a trav\u00e9s de sus vinos y estrellas Michelin!<br>Este crucero fluvial gastron\u00f3mico por el R\u00f3dano desde Lyon es un para\u00edso para en\u00f3logos y gourmets: navega por el valle del R\u00f3dano entre vi\u00f1edos de C\u00f4tes R\u00f4tie, Condrieu y Saint-Joseph, catas en bodegas de Tain l&#8217;Hermitage y Hameau Duboeuf de Beaujolais (\u00fanico centro vitivin\u00edcola de Europa), visita guiada a Vienne y el cl\u00edmax: cena gastron\u00f3mica incluida en l&#8217;Abbaye de Collonges \u2014el legendario restaurante de Paul Bocuse! <\/p>\n\n\n\n<p class=\"\">Todo en ritmo exclusivo fluvial con vistas espectaculares. En mesqueunviatge.cat lo adaptamos a medida: a\u00f1ade d\u00edas, extensiones a Provenza o catas privadas. \u00a1Reserva tu crucero fluvial gastron\u00f3mico por el R\u00f3dano y vive Francia desde el paladar!  <\/p>\n<\/blockquote>\n\n\n\n<div class=\"wp-block-group\"><div class=\"wp-block-group__inner-container is-layout-constrained wp-block-group-is-layout-constrained\">\n<p id=\"block-8c09c1-668a-40\" class=\"is-style-default wp-block-gutenbee-paragraph block-8c09c1-668a-40 gutenbee-hidden-tablet gutenbee-hidden-mobile has-text-color\" style=\"color:rgba(0, 0, 0, 0.73);border-radius:0px\"><br><em>Si busc\u00e1is otras alternativas a este crucero fluvial gastron\u00f3mico por el R\u00f3dano, tambi\u00e9n podemos adaptar la ruta seg\u00fan vuestras necesidades e intereses. Asesorados por nuestro equipo de corresponsales locales podemos preparar tu viaje perfecto. S\u00f3lo tienes que rellenar el formulario, que nos llames al <strong>93 664 59 17<\/strong> o al <strong>660 29 25 16<\/strong> o nos escribas a <strong><a href=\"mailto:info@mesqueunviatge.cat\">info@mesqueunviatge.cat<\/a><\/strong>  <\/em><\/p><style>.wp-block-gutenbee-paragraph.block-8c09c1-668a-40 { font-size: 13px; }<\/style>\n\n\n\n<div class=\"wp-block-group\"><div class=\"wp-block-group__inner-container is-layout-constrained wp-block-group-is-layout-constrained\">\n<p id=\"block-ed1cbe-7263-49\" class=\"is-style-default wp-block-gutenbee-paragraph block-ed1cbe-7263-49 gutenbee-hidden-tablet gutenbee-hidden-mobile has-text-color\" style=\"color:rgba(0, 0, 0, 0.73);border-radius:0px\"><strong><em>Otros viajes a <a href=\"https:\/\/mesqueunviatge.cat\/es\/\" target=\"_blank\" rel=\"noreferrer noopener\">mesqueunviaje.cat<\/a><\/em><\/strong><\/p><style>.wp-block-gutenbee-paragraph.block-ed1cbe-7263-49 { font-size: 13px; }<\/style>\n<\/div><\/div>\n<\/div><\/div>\n\n\n\n<h2 class=\"is-style-ignition-cousteau-pro-anchor-title wp-block-heading\">Im\u00e1genes<\/h2>\n\n\n\n<figure class=\"wp-block-gallery has-nested-images columns-default is-cropped wp-block-gallery-1 is-layout-flex wp-block-gallery-is-layout-flex\">\n<figure class=\"is-style-rounded wp-block-image size-large\"><a href=\"https:\/\/i0.wp.com\/mesqueunviatge.cat\/wp-content\/uploads\/2026\/02\/vinyes-de-Beaujolais-Franca-1024x622.webp?ssl=1\" data-lightbox=\"gal[22602]\"><img data-recalc-dims=\"1\" loading=\"lazy\" decoding=\"async\" width=\"870\" height=\"528\" loading=\"lazy\" data-id=\"22593\" src=\"https:\/\/i0.wp.com\/mesqueunviatge.cat\/wp-content\/uploads\/2026\/02\/vinyes-de-Beaujolais-Franca.webp?resize=870%2C528&#038;ssl=1\" alt=\"creuer fluvial gastron\u00f2mic pel R\u00f3dano, crucero fluvial gastron\u00f3mico por el R\u00f3dano\" class=\"wp-image-22593\" srcset=\"https:\/\/i0.wp.com\/mesqueunviatge.cat\/wp-content\/uploads\/2026\/02\/vinyes-de-Beaujolais-Franca.webp?resize=1024%2C622&amp;ssl=1 1024w, https:\/\/i0.wp.com\/mesqueunviatge.cat\/wp-content\/uploads\/2026\/02\/vinyes-de-Beaujolais-Franca.webp?resize=600%2C364&amp;ssl=1 600w, https:\/\/i0.wp.com\/mesqueunviatge.cat\/wp-content\/uploads\/2026\/02\/vinyes-de-Beaujolais-Franca.webp?resize=768%2C466&amp;ssl=1 768w, https:\/\/i0.wp.com\/mesqueunviatge.cat\/wp-content\/uploads\/2026\/02\/vinyes-de-Beaujolais-Franca.webp?resize=1536%2C932&amp;ssl=1 1536w, https:\/\/i0.wp.com\/mesqueunviatge.cat\/wp-content\/uploads\/2026\/02\/vinyes-de-Beaujolais-Franca.webp?w=2000&amp;ssl=1 2000w, https:\/\/i0.wp.com\/mesqueunviatge.cat\/wp-content\/uploads\/2026\/02\/vinyes-de-Beaujolais-Franca.webp?w=1740&amp;ssl=1 1740w\" sizes=\"auto, (max-width: 870px) 100vw, 870px\" \/><\/a><\/figure>\n\n\n\n<figure class=\"wp-block-image size-full\"><a href=\"https:\/\/i0.wp.com\/mesqueunviatge.cat\/wp-content\/uploads\/2026\/02\/restaurant-de-Paul-Bocuse-Franca.webp?ssl=1\" data-lightbox=\"gal[22602]\"><img data-recalc-dims=\"1\" loading=\"lazy\" decoding=\"async\" width=\"870\" height=\"528\" loading=\"lazy\" data-id=\"22591\" src=\"https:\/\/i0.wp.com\/mesqueunviatge.cat\/wp-content\/uploads\/2026\/02\/restaurant-de-Paul-Bocuse-Franca.webp?resize=870%2C528&#038;ssl=1\" alt=\"viatge gastron\u00f2mic a Fran\u00e7a, viaje gastron\u00f3mico a Francia\" class=\"wp-image-22591\" srcset=\"https:\/\/i0.wp.com\/mesqueunviatge.cat\/wp-content\/uploads\/2026\/02\/restaurant-de-Paul-Bocuse-Franca.webp?w=2000&amp;ssl=1 2000w, https:\/\/i0.wp.com\/mesqueunviatge.cat\/wp-content\/uploads\/2026\/02\/restaurant-de-Paul-Bocuse-Franca.webp?resize=600%2C364&amp;ssl=1 600w, https:\/\/i0.wp.com\/mesqueunviatge.cat\/wp-content\/uploads\/2026\/02\/restaurant-de-Paul-Bocuse-Franca.webp?resize=1024%2C622&amp;ssl=1 1024w, https:\/\/i0.wp.com\/mesqueunviatge.cat\/wp-content\/uploads\/2026\/02\/restaurant-de-Paul-Bocuse-Franca.webp?resize=768%2C466&amp;ssl=1 768w, https:\/\/i0.wp.com\/mesqueunviatge.cat\/wp-content\/uploads\/2026\/02\/restaurant-de-Paul-Bocuse-Franca.webp?resize=1536%2C932&amp;ssl=1 1536w, https:\/\/i0.wp.com\/mesqueunviatge.cat\/wp-content\/uploads\/2026\/02\/restaurant-de-Paul-Bocuse-Franca.webp?w=1740&amp;ssl=1 1740w\" sizes=\"auto, (max-width: 870px) 100vw, 870px\" \/><\/a><\/figure>\n\n\n\n<figure class=\"wp-block-image size-large\"><a href=\"<!--[CDATA[https:\/\/mesqueunviatge.cat\/wp-content\/uploads\/2026\/02\/Creuer-fluvial-Rodano.webp]]--&gt;\"><img data-recalc-dims=\"1\" loading=\"lazy\" decoding=\"async\" width=\"870\" height=\"528\" loading=\"lazy\" data-id=\"22587\" src=\"https:\/\/i0.wp.com\/mesqueunviatge.cat\/wp-content\/uploads\/2026\/02\/Creuer-fluvial-Rodano.webp?resize=870%2C528&#038;ssl=1\" alt=\"Crucero fluvial por Francia, creuer Fluvial per Fran\u00e7a\" class=\"wp-image-22587\" srcset=\"https:\/\/i0.wp.com\/mesqueunviatge.cat\/wp-content\/uploads\/2026\/02\/Creuer-fluvial-Rodano.webp?resize=1024%2C622&amp;ssl=1 1024w, https:\/\/i0.wp.com\/mesqueunviatge.cat\/wp-content\/uploads\/2026\/02\/Creuer-fluvial-Rodano.webp?resize=600%2C364&amp;ssl=1 600w, https:\/\/i0.wp.com\/mesqueunviatge.cat\/wp-content\/uploads\/2026\/02\/Creuer-fluvial-Rodano.webp?resize=768%2C466&amp;ssl=1 768w, https:\/\/i0.wp.com\/mesqueunviatge.cat\/wp-content\/uploads\/2026\/02\/Creuer-fluvial-Rodano.webp?resize=1536%2C932&amp;ssl=1 1536w, https:\/\/i0.wp.com\/mesqueunviatge.cat\/wp-content\/uploads\/2026\/02\/Creuer-fluvial-Rodano.webp?w=2000&amp;ssl=1 2000w, https:\/\/i0.wp.com\/mesqueunviatge.cat\/wp-content\/uploads\/2026\/02\/Creuer-fluvial-Rodano.webp?w=1740&amp;ssl=1 1740w\" sizes=\"auto, (max-width: 870px) 100vw, 870px\" \/><\/a><\/figure>\n<\/figure>\n\n\n\n<h2 class=\"is-style-ignition-cousteau-pro-anchor-title wp-block-heading\">Itinerario<\/h2>\n\n\n\n<div class=\"wp-block-group\"><div class=\"wp-block-group__inner-container is-layout-constrained wp-block-group-is-layout-constrained\">\n<h6 id=\"block-d6860f-b14c-42\" class=\"is-style-ignition-cousteau-pro-boxed-content wp-block-gutenbee-heading block-d6860f-b14c-42\">D\u00cdA 1: EMBARQUE EN LYON \u2014BIENVENIDA AL CRUCERO FLUVIAL GASTRON\u00d3MICO R\u00d3DANO<\/h6><style>.wp-block-gutenbee-heading.block-d6860f-b14c-42 { font-size: 20px; line-height: 1; text-transform: uppercase; }<\/style>\n<\/div><\/div>\n\n\n\n<p class=\"\">Embarque a las 18h en Lyon. Presentaci\u00f3n de la tripulaci\u00f3n, c\u00f3ctel de bienvenida, cena y noche de animaci\u00f3n. Inicio perfecto para degustar la esencia gastron\u00f3mica del R\u00f3dano.  <\/p>\n\n\n\n<div class=\"wp-block-group\"><div class=\"wp-block-group__inner-container is-layout-constrained wp-block-group-is-layout-constrained\">\n<h6 id=\"block-8f46e0-5179-45\" class=\"is-style-ignition-cousteau-pro-boxed-content wp-block-gutenbee-heading block-8f46e0-5179-45\">D\u00cdA 2: LYON \u2014 TAIN L&#8217;HERMITAGE (VI\u00d1EDOS DEL R\u00d3DANO Y CATAS EXCLUSIVAS)<\/h6><style>.wp-block-gutenbee-heading.block-8f46e0-5179-45 { font-size: 20px; line-height: 1; text-transform: uppercase; }<\/style>\n<\/div><\/div>\n\n\n\n<p class=\"\">Ma\u00f1ana navegando por el valle del R\u00f3dano entre vi\u00f1edos ic\u00f3nicos: C\u00f4tes R\u00f4tie, Condrieu, Ch\u00e2teau Grillet y Saint-Joseph. Llegada a Tain l&#8217;Hermitage y excursi\u00f3n opcional a bodega con cata de vinos. Noche de baile con sabores locales.  <\/p>\n\n\n\n<div class=\"wp-block-group\"><div class=\"wp-block-group__inner-container is-layout-constrained wp-block-group-is-layout-constrained\">\n<h6 id=\"block-960993-5951-4e\" class=\"is-style-ignition-cousteau-pro-boxed-content wp-block-gutenbee-heading block-960993-5951-4e\">D\u00cdA 3: TAIN L&#8217;HERMITAGE \u2014 VIENNE \u2014 LYON \u2014 COLLONGES AU MONT D&#8217;OR (CL\u00cdMAX CON PAUL BOCUSE)<\/h6><style>.wp-block-gutenbee-heading.block-960993-5951-4e { font-size: 20px; line-height: 1; text-transform: uppercase; }<\/style>\n<\/div><\/div>\n\n\n\n<p class=\"\">Navegaci\u00f3n hacia Vienne: excursi\u00f3n guiada opcional a pie por la ciudad romana. Tarde en Lyon con opciones: &#8220;Cl\u00e1sica&#8221; (visita de Lyon) o &#8220;Din\u00e1mica&#8221; (Chic Franc\u00e9s: elegancia y placer culinario, reserva previa). Escala frente al restaurante Paul Bocuse en Collonges au Mont d&#8217;Or. Noche: cena gastron\u00f3mica incluida en l&#8217;Abbaye de Collonges \u2014Paul Bocuse*. Retorno a bordo pasada la medianoche.    <\/p>\n\n\n\n<div class=\"wp-block-group\"><div class=\"wp-block-group__inner-container is-layout-constrained wp-block-group-is-layout-constrained\">\n<h6 id=\"block-77429b-0335-44\" class=\"is-style-ignition-cousteau-pro-boxed-content wp-block-gutenbee-heading block-77429b-0335-44\">D\u00cdA 4: COLLONGES AU MONT D&#8217;OR \u2014 M\u00c2CON \u2014 BELLEVILLE \u2014 LYON (BEAUJOLAIS Y NOCHE DE GALA)<\/h6><style>.wp-block-gutenbee-heading.block-77429b-0335-44 { font-size: 20px; line-height: 1; text-transform: uppercase; }<\/style>\n<\/div><\/div>\n\n\n\n<p class=\"\">Tiempo libre en M\u00e2con. Navegaci\u00f3n hacia Belleville y excursi\u00f3n opcional a los vi\u00f1edos de Beaujolais: cata en Hameau Duboeuf, centro vitivin\u00edcola \u00fanico de Europa. Retorno a Lyon. Noche de gala con brindis.   <\/p>\n\n\n\n<div class=\"wp-block-group\"><div class=\"wp-block-group__inner-container is-layout-constrained wp-block-group-is-layout-constrained\">\n<h6 id=\"block-8d63ac-5ceb-47\" class=\"is-style-ignition-cousteau-pro-boxed-content wp-block-gutenbee-heading block-8d63ac-5ceb-47\">D\u00cdA 5: LYON (DESEMBARQUE)<\/h6><style>.wp-block-gutenbee-heading.block-8d63ac-5ceb-47 { font-size: 20px; line-height: 1; text-transform: uppercase; }<\/style>\n<\/div><\/div>\n\n\n\n<p class=\"\">Desayuno a bordo. Desembarque a las 9h. Fin de los servicios \u2014con recuerdos gastron\u00f3micos inolvidables.  <\/p>\n\n\n\n<h2 class=\"is-style-ignition-cousteau-pro-anchor-title wp-block-heading\">Informaci\u00f3n importante<\/h2>\n\n\n\n<div class=\"is-style-ignition-cousteau-pro-boxed-content wp-block-group\"><div class=\"wp-block-group__inner-container is-layout-constrained wp-block-group-is-layout-constrained\">\n<p id=\"block-bd1427-c304-42\" class=\"wp-block-gutenbee-paragraph block-bd1427-c304-42\"><strong>El precio incluye<\/strong><\/p><style>.wp-block-gutenbee-paragraph.block-bd1427-c304-42 { font-size: 20px; }<\/style>\n\n\n\n<ul class=\"wp-block-list\">\n<li class=\"\">Crucero con todas las comidas desde la cena del primer d\u00eda hasta el desayuno del \u00faltimo \u2013 bebidas incluidas a bordo (excepto cartas especiales).<\/li>\n\n\n\n<li class=\"\">Alojamiento en cabina doble exterior con ba\u00f1o completo. <\/li>\n\n\n\n<li class=\"\">Animaci\u00f3n.<\/li>\n\n\n\n<li class=\"\">Asistencia a bordo.<\/li>\n\n\n\n<li class=\"\">C\u00f3ctel de bienvenida.<\/li>\n\n\n\n<li class=\"\">Noche de gala. <\/li>\n\n\n\n<li class=\"\">Seguro de asistencia\/repatriaci\u00f3n. <\/li>\n\n\n\n<li class=\"\">Una cena en la Abad\u00eda de Paul Bocuse \u2013 tasas portuarias.<\/li>\n<\/ul>\n\n\n\n<p id=\"block-f0ef11-4a4f-41\" class=\"is-style-default wp-block-gutenbee-paragraph block-f0ef11-4a4f-41\"><strong>El precio no incluye<\/strong><\/p><style>.wp-block-gutenbee-paragraph.block-f0ef11-4a4f-41 { font-size: 20px; }<\/style>\n\n\n\n<ul class=\"wp-block-list\">\n<li class=\"\">Vuelos internacionales.<\/li>\n\n\n\n<li class=\"\">Las bebidas que figuran en las cartas especiales, las bebidas durante las excursiones o traslados.<\/li>\n\n\n\n<li class=\"\">Excursiones opcionales.<\/li>\n\n\n\n<li class=\"\">Cualquier cuesti\u00f3n no especificada en el apartado &#8220;el precio incluye&#8221;<\/li>\n<\/ul>\n<\/div><\/div>\n\n\n\n<h2 class=\"is-style-ignition-cousteau-pro-anchor-title wp-block-heading\">Faq&#8217;s<\/h2>\n\n\n\n<div class=\"nfd-container nfd-p-lg nfd-gap-2xl nfd-wb-faq__faq-1 is-style-ignition-cousteau-pro-boxed-content wp-block-group\"><div class=\"wp-block-group__inner-container is-layout-constrained wp-block-group-is-layout-constrained\">\n<div class=\"nfd-gap-2xl wp-block-group is-vertical is-layout-flex wp-container-core-group-is-layout-8cf370e7 wp-block-group-is-layout-flex\">\n<div class=\"nfd-gap-xl nfd-gap-y-2xl wp-block-columns is-layout-flex wp-container-core-columns-is-layout-9d6595d7 wp-block-columns-is-layout-flex\">\n<div class=\"wp-block-column is-layout-flow wp-block-column-is-layout-flow\">\n<div class=\"nfd-gap-sm wp-block-group is-vertical is-layout-flex wp-container-core-group-is-layout-8cf370e7 wp-block-group-is-layout-flex\">\n<h3 class=\"wp-block-heading nfd-text-md nfd-text-contrast\" style=\"font-style:normal;font-weight:500\"><strong>\u00bfCu\u00e1l es el enfoque gastron\u00f3mico del crucero fluvial R\u00f3dano desde Lyon?<\/strong><\/h3>\n\n\n\n<p class=\"nfd-text-faded nfd-text-base\">Vinos del R\u00f3dano (C\u00f4tes R\u00f4tie, Beaujolais), catas en bodegas y cena exclusiva con Paul Bocuse\u2014experiencias premium incluidas u opcionales.<\/p>\n<\/div>\n<\/div>\n\n\n\n<div class=\"wp-block-column is-layout-flow wp-block-column-is-layout-flow\">\n<div class=\"nfd-gap-sm wp-block-group is-vertical is-layout-flex wp-container-core-group-is-layout-8cf370e7 wp-block-group-is-layout-flex\">\n<h3 class=\"wp-block-heading nfd-text-md nfd-text-contrast\" style=\"font-style:normal;font-weight:500\"><strong>\u00bfEs adecuado para parejas o grupos peque\u00f1os este crucero fluvial gastron\u00f3mico por Francia?<\/strong><\/h3>\n\n\n\n<p class=\"nfd-text-faded nfd-text-base\">\u00a1S\u00ed! Ritmo \u00edntimo, pensi\u00f3n completa y opciones como &#8220;Chic Franc\u00e9s&#8221;. A medida: a\u00f1ade catas privadas o extensiones a Provenza.  <\/p>\n<\/div>\n<\/div>\n\n\n\n<div class=\"wp-block-column is-layout-flow wp-block-column-is-layout-flow\">\n<div class=\"nfd-gap-sm wp-block-group is-vertical is-layout-flex wp-container-core-group-is-layout-8cf370e7 wp-block-group-is-layout-flex\">\n<h3 class=\"wp-block-heading nfd-text-md nfd-text-contrast\" style=\"font-style:normal;font-weight:500\"><strong>\u00bfC\u00f3mo personalizar el crucero fluvial R\u00f3dano con m\u00e1s d\u00edas o en coche?<\/strong><\/h3>\n\n\n\n<p class=\"nfd-text-faded nfd-text-base\">\u00a1F\u00e1cil! En mesqueunviatge.cat extendemos a Arles, Avi\u00f1\u00f3n o combinamos con ruta en coche por Borgo\u00f1a. Pide presupuesto sin compromiso.  <\/p>\n<\/div>\n<\/div>\n<\/div>\n\n\n\n<div class=\"nfd-gap-xl nfd-gap-y-2xl wp-block-columns is-layout-flex wp-container-core-columns-is-layout-9d6595d7 wp-block-columns-is-layout-flex\">\n<div class=\"wp-block-column is-layout-flow wp-block-column-is-layout-flow\"><\/div>\n<\/div>\n<\/div>\n\n\n\n<div class=\"nfd-container wp-block-group\"><div class=\"wp-block-group__inner-container is-layout-constrained wp-container-core-group-is-layout-801f6f31 wp-block-group-is-layout-constrained\">\n<div class=\"nfd-p-card-md nfd-gap-xl nfd-shadow-xs nfd-bg-surface nfd-theme-white nfd-rounded is-style-nfd-theme-white wp-block-group is-content-justification-space-between is-layout-flex wp-container-core-group-is-layout-e3bc7287 wp-block-group-is-layout-flex\">\n<div class=\"nfd-gap-md wp-block-group is-layout-flex wp-block-group-is-layout-flex\">\n<figure class=\"is-style-rounded wp-block-image size-full is-resized\"><img data-recalc-dims=\"1\" loading=\"lazy\" decoding=\"async\" width=\"150\" height=\"109\" loading=\"lazy\" src=\"https:\/\/i0.wp.com\/mesqueunviatge.cat\/wp-content\/uploads\/2018\/10\/cropped-logo-transparent-mmqv.png?resize=150%2C109&#038;ssl=1\" alt=\"\" class=\"wp-image-15117\" style=\"aspect-ratio:4\/3;object-fit:cover;width:46px;height:auto\"\/><\/figure>\n\n\n\n<div class=\"nfd-gap-0 wp-block-group is-vertical is-layout-flex wp-container-core-group-is-layout-8cf370e7 wp-block-group-is-layout-flex\">\n<p class=\"nfd-text-md\" style=\"font-style:normal;font-weight:600\">\u00bfQuieres contactar con nosotros?<\/p>\n\n\n\n<p class=\"nfd-text-base nfd-text-faded\">Claro, puedes hacerlo envi\u00e1ndonos un mail a <a href=\"mailto:info@mesqueunviatge.cat\">info@mesqueunviatge.cat,<\/a> llamar al 93 664 59 17, enviarnos un mensaje al 660 29 25 16 o rellenar el cuestionario que te aparece en el lateral.<\/p>\n<\/div>\n<\/div>\n\n\n\n<div class=\"wp-block-buttons is-layout-flex wp-block-buttons-is-layout-flex\"><\/div>\n<\/div>\n<\/div><\/div>\n<\/div><\/div>\n\n\n\n<p id=\"block-1dd281-bf45-41\" class=\"is-style-default wp-block-gutenbee-paragraph block-1dd281-bf45-41 gutenbee-hidden-desktop has-text-color\" style=\"color:rgba(0, 0, 0, 0.73);border-radius:0px\"><em>Si busc\u00e1is otras alternativas a este crucero fluvial gastron\u00f3mico por el R\u00f3dano, tambi\u00e9n podemos adaptar la ruta seg\u00fan vuestras necesidades e intereses. Asesorados por nuestro equipo de corresponsales locales podemos preparar tu viaje perfecto. S\u00f3lo tienes que rellenar el formulario, que nos llames al <strong>93 664 59 17<\/strong> o al <strong>660 29 25 16<\/strong> o nos escribas a <strong><a href=\"mailto:info@mesqueunviatge.cat\">info@mesqueunviatge.cat<\/a><\/strong>  <\/em><\/p><style>.wp-block-gutenbee-paragraph.block-1dd281-bf45-41 { font-size: 13px; }<\/style>\n\n\n\n<p id=\"block-fcbb53-5a5e-42\" class=\"is-style-default wp-block-gutenbee-paragraph block-fcbb53-5a5e-42 gutenbee-hidden-desktop has-text-color\" style=\"color:rgba(0, 0, 0, 0.73);border-radius:0px\"><strong><em>Otros viajes a <a href=\"https:\/\/mesqueunviatge.cat\/es\/\" target=\"_blank\" rel=\"noreferrer noopener\">mesqueunviaje.cat<\/a><\/em><\/strong><\/p><style>.wp-block-gutenbee-paragraph.block-fcbb53-5a5e-42 { font-size: 13px; }<\/style>\n\n\n\n<p class=\"\"><\/p>\n","protected":false},"excerpt":{"rendered":"<p>Crucero fluvial gastron\u00f3mico por el R\u00f3dano: Lyon, vinos de Beaujolais y cena con Paul Bocuse \u00a1D\u00e9jate seducir por el R\u00f3dano a trav\u00e9s de sus vinos y estrellas Michelin!Este crucero fluvial gastron\u00f3mico por el R\u00f3dano desde [&hellip;]<\/p>\n","protected":false},"featured_media":22590,"comment_status":"open","ping_status":"closed","template":"","ignition_package_destination":[936],"ignition_package_category":[957,959,961,973,977],"class_list":["post-22602","ignition-package","type-ignition-package","status-publish","has-post-thumbnail","hentry","ignition_package_destination-viajes-por-europa","ignition_package_category-crucero","ignition_package_category-crucero-fluvial-es","ignition_package_category-viajes-en-familia","ignition_package_category-viajes-organizados","ignition_package_category-viajes-gastronomicos"],"acf":[],"jetpack_sharing_enabled":true,"_links":{"self":[{"href":"https:\/\/mesqueunviatge.cat\/es\/wp-json\/wp\/v2\/ignition-package\/22602","targetHints":{"allow":["GET"]}}],"collection":[{"href":"https:\/\/mesqueunviatge.cat\/es\/wp-json\/wp\/v2\/ignition-package"}],"about":[{"href":"https:\/\/mesqueunviatge.cat\/es\/wp-json\/wp\/v2\/types\/ignition-package"}],"replies":[{"embeddable":true,"href":"https:\/\/mesqueunviatge.cat\/es\/wp-json\/wp\/v2\/comments?post=22602"}],"version-history":[{"count":2,"href":"https:\/\/mesqueunviatge.cat\/es\/wp-json\/wp\/v2\/ignition-package\/22602\/revisions"}],"predecessor-version":[{"id":22605,"href":"https:\/\/mesqueunviatge.cat\/es\/wp-json\/wp\/v2\/ignition-package\/22602\/revisions\/22605"}],"wp:featuredmedia":[{"embeddable":true,"href":"https:\/\/mesqueunviatge.cat\/es\/wp-json\/wp\/v2\/media\/22590"}],"wp:attachment":[{"href":"https:\/\/mesqueunviatge.cat\/es\/wp-json\/wp\/v2\/media?parent=22602"}],"wp:term":[{"taxonomy":"ignition_package_destination","embeddable":true,"href":"https:\/\/mesqueunviatge.cat\/es\/wp-json\/wp\/v2\/ignition_package_destination?post=22602"},{"taxonomy":"ignition_package_category","embeddable":true,"href":"https:\/\/mesqueunviatge.cat\/es\/wp-json\/wp\/v2\/ignition_package_category?post=22602"}],"curies":[{"name":"wp","href":"https:\/\/api.w.org\/{rel}","templated":true}]}}