{"id":22753,"date":"2026-03-10T18:22:34","date_gmt":"2026-03-10T18:22:34","guid":{"rendered":"https:\/\/mesqueunviatge.cat\/?post_type=ignition-package&#038;p=22753"},"modified":"2026-03-10T18:22:36","modified_gmt":"2026-03-10T18:22:36","slug":"viaje-a-las-dolomitas-y-alpes","status":"publish","type":"ignition-package","link":"https:\/\/mesqueunviatge.cat\/es\/viaje-es\/viaje-a-las-dolomitas-y-alpes\/","title":{"rendered":"Viaje a las Dolomitas y Alpes italianos con Bernina Express, lagos alpinos y pueblos tirolesos"},"content":{"rendered":"\n<h2>Viaje a las Dolomitas y Alpes italianos con Bernina Express, lagos alpinos y pueblos tirolesos<\/h2>\n\n\n\n<blockquote class=\"wp-block-quote is-layout-flow wp-block-quote-is-layout-flow\">\n<p class=\"\">Descubre un viaje a las Dolomitas y a los Alpes italianos saliendo c\u00f3modamente desde tu ciudad de origen, combinando ciudades con encanto, lagos alpinos y monta\u00f1as ic\u00f3nicas en un circuito organizado que tambi\u00e9n se puede adaptar como viaje a medida, en privado o por libre. <\/p>\n\n\n\n<p class=\"\">Este itinerario te permite disfrutar de Mil\u00e1n, del tren panor\u00e1mico Bernina Express, de los pueblos del Tirol del Sur y de algunos de los lagos de monta\u00f1a m\u00e1s espectaculares, con la tranquilidad de un recorrido ya planificado y, al mismo tiempo, con la flexibilidad de ajustar alojamientos, excursiones y servicios seg\u00fan tu ritmo y estilo de viaje.<\/p>\n<\/blockquote>\n\n\n\n<div class=\"wp-block-group\"><div class=\"wp-block-group__inner-container is-layout-constrained wp-block-group-is-layout-constrained\">\n<p id=\"block-c85367-69ea-42\" class=\"is-style-default wp-block-gutenbee-paragraph block-c85367-69ea-42 gutenbee-hidden-tablet gutenbee-hidden-mobile has-text-color\" style=\"color:rgba(0, 0, 0, 0.73);border-radius:0px\"><br><em>Si busc\u00e1is otras alternativas a este viaje a las Dolomitas, tambi\u00e9n podemos adaptar la ruta partiendo de vuestras necesidades e intereses. Asesorados por nuestro equipo de corresponsales locales podemos preparar tu viaje perfecto. S\u00f3lo tienes que rellenar el formulario, que nos llames al <strong>93 664 59 17<\/strong> o al <strong>660 29 25 16<\/strong> o nos escribas a <strong><a href=\"mailto:info@mesqueunviatge.cat\">info@mesqueunviatge.cat<\/a><\/strong>  <\/em>.<\/p><style>.wp-block-gutenbee-paragraph.block-c85367-69ea-42 { font-size: 13px; }<\/style>\n\n\n\n<div class=\"wp-block-group\"><div class=\"wp-block-group__inner-container is-layout-constrained wp-block-group-is-layout-constrained\">\n<p id=\"block-9f2f15-dd68-48\" class=\"is-style-default wp-block-gutenbee-paragraph block-9f2f15-dd68-48 gutenbee-hidden-tablet gutenbee-hidden-mobile has-text-color\" style=\"color:rgba(0, 0, 0, 0.73);border-radius:0px\"><strong><em>Otros viajes a <a href=\"https:\/\/mesqueunviatge.cat\/es\/\" target=\"_blank\" rel=\"noreferrer noopener\">mesqueunviaje.cat<\/a><\/em><\/strong><\/p><style>.wp-block-gutenbee-paragraph.block-9f2f15-dd68-48 { font-size: 13px; }<\/style>\n<\/div><\/div>\n<\/div><\/div>\n\n\n\n<h2 class=\"is-style-ignition-cousteau-pro-anchor-title wp-block-heading\">Im\u00e1genes<\/h2>\n\n\n\n<figure class=\"wp-block-gallery has-nested-images columns-default is-cropped wp-block-gallery-1 is-layout-flex wp-block-gallery-is-layout-flex\">\n<figure class=\"is-style-rounded wp-block-image size-full\"><a href=\"https:\/\/i0.wp.com\/mesqueunviatge.cat\/wp-content\/uploads\/2026\/01\/Mila-Italia.webp?ssl=1\" data-lightbox=\"gal[22753]\"><img data-recalc-dims=\"1\" loading=\"lazy\" decoding=\"async\" width=\"870\" height=\"528\" loading=\"lazy\" data-id=\"21946\" src=\"https:\/\/i0.wp.com\/mesqueunviatge.cat\/wp-content\/uploads\/2026\/01\/Mila-Italia.webp?resize=870%2C528&#038;ssl=1\" alt=\"Escapada a Mil\u00e0\" class=\"wp-image-21946\" srcset=\"https:\/\/i0.wp.com\/mesqueunviatge.cat\/wp-content\/uploads\/2026\/01\/Mila-Italia.webp?w=2000&amp;ssl=1 2000w, https:\/\/i0.wp.com\/mesqueunviatge.cat\/wp-content\/uploads\/2026\/01\/Mila-Italia.webp?resize=600%2C364&amp;ssl=1 600w, https:\/\/i0.wp.com\/mesqueunviatge.cat\/wp-content\/uploads\/2026\/01\/Mila-Italia.webp?resize=1024%2C622&amp;ssl=1 1024w, https:\/\/i0.wp.com\/mesqueunviatge.cat\/wp-content\/uploads\/2026\/01\/Mila-Italia.webp?resize=768%2C466&amp;ssl=1 768w, https:\/\/i0.wp.com\/mesqueunviatge.cat\/wp-content\/uploads\/2026\/01\/Mila-Italia.webp?resize=1536%2C932&amp;ssl=1 1536w, https:\/\/i0.wp.com\/mesqueunviatge.cat\/wp-content\/uploads\/2026\/01\/Mila-Italia.webp?w=1740&amp;ssl=1 1740w\" sizes=\"auto, (max-width: 870px) 100vw, 870px\" \/><\/a><\/figure>\n\n\n\n<figure class=\"wp-block-image size-full\"><a href=\"https:\/\/i0.wp.com\/mesqueunviatge.cat\/wp-content\/uploads\/2026\/03\/Paisatge-de-les-Dolomites-Italia.webp?ssl=1\" data-lightbox=\"gal[22753]\"><img data-recalc-dims=\"1\" loading=\"lazy\" decoding=\"async\" width=\"870\" height=\"528\" loading=\"lazy\" data-id=\"22746\" src=\"https:\/\/i0.wp.com\/mesqueunviatge.cat\/wp-content\/uploads\/2026\/03\/Paisatge-de-les-Dolomites-Italia.webp?resize=870%2C528&#038;ssl=1\" alt=\"Ruta per les Dolomites, ruta por las Dolomitas\" class=\"wp-image-22746\" srcset=\"https:\/\/i0.wp.com\/mesqueunviatge.cat\/wp-content\/uploads\/2026\/03\/Paisatge-de-les-Dolomites-Italia.webp?w=1500&amp;ssl=1 1500w, https:\/\/i0.wp.com\/mesqueunviatge.cat\/wp-content\/uploads\/2026\/03\/Paisatge-de-les-Dolomites-Italia.webp?resize=600%2C364&amp;ssl=1 600w, https:\/\/i0.wp.com\/mesqueunviatge.cat\/wp-content\/uploads\/2026\/03\/Paisatge-de-les-Dolomites-Italia.webp?resize=1024%2C622&amp;ssl=1 1024w, https:\/\/i0.wp.com\/mesqueunviatge.cat\/wp-content\/uploads\/2026\/03\/Paisatge-de-les-Dolomites-Italia.webp?resize=768%2C466&amp;ssl=1 768w\" sizes=\"auto, (max-width: 870px) 100vw, 870px\" \/><\/a><\/figure>\n\n\n\n<figure class=\"wp-block-image size-full\"><a href=\"https:\/\/i0.wp.com\/mesqueunviatge.cat\/wp-content\/uploads\/2026\/03\/Merano-Italia.webp?ssl=1\" data-lightbox=\"gal[22753]\"><img data-recalc-dims=\"1\" loading=\"lazy\" decoding=\"async\" width=\"870\" height=\"528\" loading=\"lazy\" data-id=\"22744\" src=\"https:\/\/i0.wp.com\/mesqueunviatge.cat\/wp-content\/uploads\/2026\/03\/Merano-Italia.webp?resize=870%2C528&#038;ssl=1\" alt=\"Viatge en fam\u00edlia a les Dolomites, viaje en familia a las Dolomitas\" class=\"wp-image-22744\" srcset=\"https:\/\/i0.wp.com\/mesqueunviatge.cat\/wp-content\/uploads\/2026\/03\/Merano-Italia.webp?w=1500&amp;ssl=1 1500w, https:\/\/i0.wp.com\/mesqueunviatge.cat\/wp-content\/uploads\/2026\/03\/Merano-Italia.webp?resize=600%2C364&amp;ssl=1 600w, https:\/\/i0.wp.com\/mesqueunviatge.cat\/wp-content\/uploads\/2026\/03\/Merano-Italia.webp?resize=1024%2C622&amp;ssl=1 1024w, https:\/\/i0.wp.com\/mesqueunviatge.cat\/wp-content\/uploads\/2026\/03\/Merano-Italia.webp?resize=768%2C466&amp;ssl=1 768w\" sizes=\"auto, (max-width: 870px) 100vw, 870px\" \/><\/a><\/figure>\n\n\n\n<figure class=\"wp-block-image size-full\"><a href=\"https:\/\/i0.wp.com\/mesqueunviatge.cat\/wp-content\/uploads\/2026\/03\/Llac-Misurina-Italia.webp?ssl=1\" data-lightbox=\"gal[22753]\"><img data-recalc-dims=\"1\" loading=\"lazy\" decoding=\"async\" width=\"870\" height=\"528\" loading=\"lazy\" data-id=\"22742\" src=\"https:\/\/i0.wp.com\/mesqueunviatge.cat\/wp-content\/uploads\/2026\/03\/Llac-Misurina-Italia.webp?resize=870%2C528&#038;ssl=1\" alt=\"Viatge organitzat a les Dolomites, viaje organizado a las Dolomitas\" class=\"wp-image-22742\" srcset=\"https:\/\/i0.wp.com\/mesqueunviatge.cat\/wp-content\/uploads\/2026\/03\/Llac-Misurina-Italia.webp?w=1500&amp;ssl=1 1500w, https:\/\/i0.wp.com\/mesqueunviatge.cat\/wp-content\/uploads\/2026\/03\/Llac-Misurina-Italia.webp?resize=600%2C364&amp;ssl=1 600w, https:\/\/i0.wp.com\/mesqueunviatge.cat\/wp-content\/uploads\/2026\/03\/Llac-Misurina-Italia.webp?resize=1024%2C622&amp;ssl=1 1024w, https:\/\/i0.wp.com\/mesqueunviatge.cat\/wp-content\/uploads\/2026\/03\/Llac-Misurina-Italia.webp?resize=768%2C466&amp;ssl=1 768w\" sizes=\"auto, (max-width: 870px) 100vw, 870px\" \/><\/a><\/figure>\n\n\n\n<figure class=\"wp-block-image size-large\"><a href=\"https:\/\/i0.wp.com\/mesqueunviatge.cat\/wp-content\/uploads\/2026\/03\/Bassano-del-Grappa-Italia-1024x622.webp?ssl=1\" data-lightbox=\"gal[22753]\"><img data-recalc-dims=\"1\" loading=\"lazy\" decoding=\"async\" width=\"870\" height=\"528\" loading=\"lazy\" data-id=\"22736\" src=\"https:\/\/i0.wp.com\/mesqueunviatge.cat\/wp-content\/uploads\/2026\/03\/Bassano-del-Grappa-Italia.webp?resize=870%2C528&#038;ssl=1\" alt=\"Viatge als Alps Italians, viaje a los Alpes italianos\" class=\"wp-image-22736\" srcset=\"https:\/\/i0.wp.com\/mesqueunviatge.cat\/wp-content\/uploads\/2026\/03\/Bassano-del-Grappa-Italia.webp?resize=1024%2C622&amp;ssl=1 1024w, https:\/\/i0.wp.com\/mesqueunviatge.cat\/wp-content\/uploads\/2026\/03\/Bassano-del-Grappa-Italia.webp?resize=600%2C364&amp;ssl=1 600w, https:\/\/i0.wp.com\/mesqueunviatge.cat\/wp-content\/uploads\/2026\/03\/Bassano-del-Grappa-Italia.webp?resize=768%2C466&amp;ssl=1 768w, https:\/\/i0.wp.com\/mesqueunviatge.cat\/wp-content\/uploads\/2026\/03\/Bassano-del-Grappa-Italia.webp?w=1500&amp;ssl=1 1500w\" sizes=\"auto, (max-width: 870px) 100vw, 870px\" \/><\/a><\/figure>\n\n\n\n<figure class=\"wp-block-image size-large\"><a href=\"<!--[CDATA[https:\/\/mesqueunviatge.cat\/wp-content\/uploads\/2026\/03\/Peschiera-del-Garda-Italia.webp]]--&gt;\"><img data-recalc-dims=\"1\" loading=\"lazy\" decoding=\"async\" width=\"870\" height=\"528\" loading=\"lazy\" data-id=\"22748\" src=\"https:\/\/i0.wp.com\/mesqueunviatge.cat\/wp-content\/uploads\/2026\/03\/Peschiera-del-Garda-Italia.webp?resize=870%2C528&#038;ssl=1\" alt=\"Viatges diferents a les Dolomites, viaje diferente a las Dolomitas\" class=\"wp-image-22748\" srcset=\"https:\/\/i0.wp.com\/mesqueunviatge.cat\/wp-content\/uploads\/2026\/03\/Peschiera-del-Garda-Italia.webp?resize=1024%2C622&amp;ssl=1 1024w, https:\/\/i0.wp.com\/mesqueunviatge.cat\/wp-content\/uploads\/2026\/03\/Peschiera-del-Garda-Italia.webp?resize=600%2C364&amp;ssl=1 600w, https:\/\/i0.wp.com\/mesqueunviatge.cat\/wp-content\/uploads\/2026\/03\/Peschiera-del-Garda-Italia.webp?resize=768%2C466&amp;ssl=1 768w, https:\/\/i0.wp.com\/mesqueunviatge.cat\/wp-content\/uploads\/2026\/03\/Peschiera-del-Garda-Italia.webp?w=1500&amp;ssl=1 1500w\" sizes=\"auto, (max-width: 870px) 100vw, 870px\" \/><\/a><\/figure>\n<\/figure>\n\n\n\n<h2 class=\"is-style-ignition-cousteau-pro-anchor-title wp-block-heading\">Itinerario<\/h2>\n\n\n\n<div class=\"wp-block-group\"><div class=\"wp-block-group__inner-container is-layout-constrained wp-block-group-is-layout-constrained\">\n<h6 id=\"block-85cf32-5a4b-4d\" class=\"is-style-ignition-cousteau-pro-boxed-content wp-block-gutenbee-heading block-85cf32-5a4b-4d\">D\u00eda 1: Ciudad de origen \u2013 Mil\u00e0<\/h6><style>.wp-block-gutenbee-heading.block-85cf32-5a4b-4d { font-size: 20px; line-height: 1; text-transform: uppercase; }<\/style>\n<\/div><\/div>\n\n\n\n<p class=\"\">Salida desde tu ciudad de origen en vuelo con destino Mil\u00e1n, en los Alpes italianos. A la llegada, recepci\u00f3n y traslado a tu hotel en el centro o alrededores para empezar el viaje con total comodidad. A continuaci\u00f3n, tiempo libre para dar un primer paseo por la capital de Lombard\u00eda, empaparte del ambiente italiano y acomodarte. Alojamiento en Mil\u00e1n.   <\/p>\n\n\n\n<div class=\"wp-block-group\"><div class=\"wp-block-group__inner-container is-layout-constrained wp-block-group-is-layout-constrained\">\n<h6 id=\"block-46a716-9f5c-41\" class=\"is-style-ignition-cousteau-pro-boxed-content wp-block-gutenbee-heading block-46a716-9f5c-41\">D\u00cdA 2: MIL\u00c1N \u2013 BERNINA EXPRESS \u2013 ST. MORITZ \u2013 TIRANO \u2013 MIL\u00c1N<\/h6><style>.wp-block-gutenbee-heading.block-46a716-9f5c-41 { font-size: 20px; line-height: 1; text-transform: uppercase; }<\/style>\n\n\n\n<p class=\"\">Desayuno en el hotel y salida hacia Suiza para iniciar una de las jornadas m\u00e1s sorprendentes del viaje por los Alpes italianos y suizos. Llegada a St. Moritz, elegante localidad alpina donde dispondr\u00e1s de tiempo libre para pasear, hacer fotos y disfrutar del ambiente de monta\u00f1a antes de embarcar en el Bernina Express, uno de los trenes panor\u00e1micos m\u00e1s famosos de Europa, que recorre t\u00faneles, viaductos y paisajes de alta monta\u00f1a hasta Tirano. Una vez en Tirano, continuaci\u00f3n por carretera de regreso a Mil\u00e1n, aprovechando el trayecto para seguir admirando los paisajes alpinos. Alojamiento en Mil\u00e1n.   <\/p>\n<\/div><\/div>\n\n\n\n<div class=\"wp-block-group\"><div class=\"wp-block-group__inner-container is-layout-constrained wp-block-group-is-layout-constrained\">\n<h6 id=\"block-77683c-861b-4f\" class=\"is-style-ignition-cousteau-pro-boxed-content wp-block-gutenbee-heading block-77683c-861b-4f\">D\u00cdA 3: MIL\u00c1N, CAPITAL DE LOMBARD\u00cdA<\/h6><style>.wp-block-gutenbee-heading.block-77683c-861b-4f { font-size: 20px; line-height: 1; text-transform: uppercase; }<\/style>\n<\/div><\/div>\n\n\n\n<p class=\"\">Tras el desayuno, tendr\u00e1s tiempo libre para explorar Mil\u00e1n a tu ritmo, visitar tiendas, cafeter\u00edas o museos seg\u00fan tus preferencias. Por la tarde, comenzar\u00e1s un recorrido a pie por el centro hist\u00f3rico, desde la zona de Porta Venezia y su elegante Corso Venezia hasta los jardines Giardini Indro Montanelli y la Galleria d\u2019Arte Moderna, pasando por algunos de los rincones m\u00e1s emblem\u00e1ticos de la ciudad. Tambi\u00e9n podr\u00e1s contemplar desde el exterior el famoso Teatro alla Scala, admirar la impresionante fachada del Duomo de Mil\u00e1n y terminar la visita junto al Castello Sforzesco, uno de los grandes s\u00edmbolos de la ciudad. Para completar la jornada, disfrutar\u00e1s de un aperitivo relajado al estilo milan\u00e9s y, posteriormente, dispondr\u00e1s de tarde y noche libres. Alojamiento en Mil\u00e1n.    <\/p>\n\n\n\n<div class=\"wp-block-group\"><div class=\"wp-block-group__inner-container is-layout-constrained wp-block-group-is-layout-constrained\">\n<h6 id=\"block-76ea92-574f-44\" class=\"is-style-ignition-cousteau-pro-boxed-content wp-block-gutenbee-heading block-76ea92-574f-44\">D\u00cdA 4: MIL\u00c1N \u2013 PESCHIERA DEL GARDA \u2013 TRENTO \u2013 RUTA DEL VINO \u2013 BOLZANO<\/h6><style>.wp-block-gutenbee-heading.block-76ea92-574f-44 { font-size: 20px; line-height: 1; text-transform: uppercase; }<\/style>\n<\/div><\/div>\n\n\n\n<p class=\"\">Desayuno y salida en direcci\u00f3n al norte de Italia para comenzar tu viaje hacia las Dolomitas y los Alpes italianos. La primera parada ser\u00e1 Peschiera del Garda, un encantador pueblo amurallado a orillas de la parte sur del lago de Garda, donde podr\u00e1s pasear por su centro hist\u00f3rico y disfrutar de vistas al lago m\u00e1s grande de Italia. A continuaci\u00f3n, continuaci\u00f3n hacia Trento, capital del Trentino, para admirar el Castillo del Buonconsiglio y la catedral, en una atm\u00f3sfera que combina car\u00e1cter alpino e italiano.   <\/p>\n\n\n\n<p class=\"\">Despu\u00e9s tomar\u00e9is la ruta del vino m\u00e1s antigua de Italia, atravesando paisajes de vi\u00f1edos hasta llegar a Caldaro, conocido por su lago y por los vinos locales que dan personalidad a la regi\u00f3n. Finalmente, llegada a Bolzano, puerta de entrada perfecta al coraz\u00f3n de los Alpes italianos. Alojamiento en Bolzano.  <\/p>\n\n\n\n<div class=\"wp-block-group\"><div class=\"wp-block-group__inner-container is-layout-constrained wp-block-group-is-layout-constrained\">\n<h6 id=\"block-4f5718-cdae-4d\" class=\"is-style-ignition-cousteau-pro-boxed-content wp-block-gutenbee-heading block-4f5718-cdae-4d\">D\u00cdA 5: BOLZANO \u2013 MERANO \u2013 VIPITENO \u2013 BOLZANO<\/h6><style>.wp-block-gutenbee-heading.block-4f5718-cdae-4d { font-size: 20px; line-height: 1; text-transform: uppercase; }<\/style>\n\n\n\n<p class=\"\">Desayuno y salida hacia Merano, ciudad balneario rodeada de monta\u00f1as, famosa por su clima suave, su mercado navide\u00f1o y su mezcla de cultura alpina y mediterr\u00e1nea. All\u00ed podr\u00e1s explorar el centro hist\u00f3rico, pasear bajo sus soportales y disponer de tiempo libre para compras o para disfrutar de sus terrazas. Despu\u00e9s, visita de Vipiteno, un pintoresco pueblo alpino con arquitectura medieval, calles empedradas y torres que conservan todo su encanto tradicional tirol\u00e9s. Tras el tiempo para pasear y probar la gastronom\u00eda local, regreso a Bolzano para descubrir su catedral g\u00f3tica y la Via dei Portici, aut\u00e9ntico coraz\u00f3n comercial y social de la ciudad. Alojamiento en Bolzano.    <\/p>\n\n\n\n<div class=\"wp-block-group\"><div class=\"wp-block-group__inner-container is-layout-constrained wp-block-group-is-layout-constrained\">\n<h6 id=\"block-f7ff18-7417-4a\" class=\"is-style-ignition-cousteau-pro-boxed-content wp-block-gutenbee-heading block-f7ff18-7417-4a\">D\u00cdA 6: BOLZANO \u2013 BRESSANONE \u2013 BRUNICO \u2013 LAGO DI BRAIES O LAGO ANTERSELVA \u2013 CORTINA D\u2019AMPEZZO<\/h6><style>.wp-block-gutenbee-heading.block-f7ff18-7417-4a { font-size: 20px; line-height: 1; text-transform: uppercase; }<\/style>\n<\/div><\/div>\n\n\n\n<p class=\"\">Despu\u00e9s del desayuno, inicio de la ruta hacia el norte de las Dolomitas en r\u00e9gimen de media pensi\u00f3n. El d\u00eda comienza en Bressanone, bonito pueblo del valle de Isarco, conocido por su catedral medieval y por su identidad compartida entre la cultura austr\u00edaca e italiana. M\u00e1s tarde, el viaje contin\u00faa hacia Brunico, localidad con calles medievales coloridas y vistas al macizo de Kronplatz, muy conocido en invierno por sus pistas de esqu\u00ed.   <\/p>\n\n\n\n<p class=\"\">En la segunda parte del d\u00eda, visita a uno de los grandes iconos de los Alpes italianos: el lago di Braies, rodeado de picos dolom\u00edticos, o el lago Anterselva si el acceso a Braies no fuese posible; ambos son perfectos para hacer fotos y disfrutar de la calma alpina. El recorrido finaliza en Cortina d\u2019Ampezzo, una de las localidades m\u00e1s conocidas de las Dolomitas y punto de referencia en los Alpes italianos, donde te alojar\u00e1s y disfrutar\u00e1s de la cena. <\/p>\n\n\n\n<div class=\"wp-block-group\"><div class=\"wp-block-group__inner-container is-layout-constrained wp-block-group-is-layout-constrained\">\n<h6 id=\"block-9c66b8-4c14-45\" class=\"is-style-ignition-cousteau-pro-boxed-content wp-block-gutenbee-heading block-9c66b8-4c14-45\">D\u00cdA 7: CORTINA \u2013 LAGO MISURINA \u2013 LAGO DOBBIACO \u2013 SAN VITO DI CADORE \u2013 CORTINA<\/h6><style>.wp-block-gutenbee-heading.block-9c66b8-4c14-45 { font-size: 20px; line-height: 1; text-transform: uppercase; }<\/style>\n<\/div><\/div>\n\n\n\n<p class=\"\">Desayuno y continuaci\u00f3n del viaje por algunos de los paisajes m\u00e1s impresionantes de las Dolomitas, de nuevo en media pensi\u00f3n. Desde Cortina d\u2019Ampezzo disfrutar\u00e1s de vistas espectaculares de las famosas Tres Cimas de Lavaredo, uno de los grandes s\u00edmbolos de Dolomitas y del patrimonio natural alpino.  <\/p>\n\n\n\n<p class=\"\">Despu\u00e9s, la ruta te llevar\u00e1 hasta el lago Misurina, el lago natural m\u00e1s grande de la zona y uno de los miradores m\u00e1s fotog\u00e9nicos de los Alpes italianos. La siguiente parada ser\u00e1 el lago Dobbiaco, conocido por el tono esmeralda de sus aguas y por su entorno tranquilo, ideal para pasear alrededor del lago y relajarse. Finalmente, visita de San Vito di Cadore, pueblo alpino rodeado de monta\u00f1as que forman parte del Patrimonio Mundial de la UNESCO, antes de regresar a Cortina d\u2019Ampezzo, donde cenar\u00e1s y pasar\u00e1s la noche.<br>  <\/p>\n\n\n\n<div class=\"wp-block-group\"><div class=\"wp-block-group__inner-container is-layout-constrained wp-block-group-is-layout-constrained\">\n<h6 id=\"block-6e020e-32f4-47\" class=\"is-style-ignition-cousteau-pro-boxed-content wp-block-gutenbee-heading block-6e020e-32f4-47\">D\u00cdA 8: CORTINA \u2013 BASSANO DEL GRAPPA \u2013 MIL\u00c1N<\/h6><style>.wp-block-gutenbee-heading.block-6e020e-32f4-47 { font-size: 20px; line-height: 1; text-transform: uppercase; }<\/style>\n\n\n\n<p class=\"\">Desayuno en el hotel y salida hacia el sur del V\u00e9neto, dejando atr\u00e1s los paisajes dolom\u00edticos en direcci\u00f3n a Bassano del Grappa, localidad situada a los pies de los Prealpes V\u00e9netos. Durante la visita podr\u00e1s caminar por sus calles empedradas, admirar torres medievales y palacios de estilo veneciano, y conocer el famoso Ponte degli Alpini, puente cubierto dise\u00f1ado por Andrea Palladio que cruza el r\u00edo Brenta con magn\u00edficas vistas de la ciudad y de las monta\u00f1as.  <\/p>\n\n\n\n<p class=\"\">Adem\u00e1s, entrar\u00e1s en el Museo della Grappa para descubrir la historia de este destilado t\u00edpico y disfrutar de una peque\u00f1a degustaci\u00f3n, una experiencia muy aut\u00e9ntica dentro de este viaje por los Alpes italianos. Una vez finalizada la visita, continuaci\u00f3n por carretera hasta Mil\u00e1n, donde pasar\u00e1s la \u00faltima noche del viaje. Alojamiento en Mil\u00e1n.  <br><\/p>\n\n\n\n<p class=\"\"><\/p>\n<\/div><\/div>\n\n\n\n<div class=\"wp-block-group\"><div class=\"wp-block-group__inner-container is-layout-constrained wp-block-group-is-layout-constrained\">\n<h6 id=\"block-af1452-e234-49\" class=\"is-style-ignition-cousteau-pro-boxed-content wp-block-gutenbee-heading block-af1452-e234-49\">D\u00cdA 9: MIL\u00c1N \u2013 CIUDAD DE ORIGEN<\/h6><style>.wp-block-gutenbee-heading.block-af1452-e234-49 { font-size: 20px; line-height: 1; text-transform: uppercase; }<\/style>\n\n\n\n<p class=\"\">Desayuno y tiempo libre en Mil\u00e1n en funci\u00f3n del horario del vuelo de regreso a tu ciudad de origen. Puedes aprovechar estas \u00faltimas horas para hacer compras, completar alguna visita pendiente o simplemente pasear por el centro hist\u00f3rico y despedirte de la ciudad. A la hora indicada, traslado al aeropuerto y vuelo de vuelta, con llegada a tu ciudad de origen y fin de este viaje a las Dolomitas y a los Alpes italianos, que tambi\u00e9n se puede adaptar como circuito a medida, tanto en privado como para viajar por libre con todo organizado.   <br><\/p>\n<\/div><\/div>\n<\/div><\/div>\n\n\n\n<h2 class=\"is-style-ignition-cousteau-pro-anchor-title wp-block-heading\">Informaci\u00f3n importante<\/h2>\n\n\n\n<div class=\"is-style-ignition-cousteau-pro-boxed-content wp-block-group\"><div class=\"wp-block-group__inner-container is-layout-constrained wp-block-group-is-layout-constrained\">\n<p id=\"block-351153-adcc-49\" class=\"wp-block-gutenbee-paragraph block-351153-adcc-49\"><strong>El precio incluye<\/strong><\/p><style>.wp-block-gutenbee-paragraph.block-351153-adcc-49 { font-size: 20px; }<\/style>\n\n\n\n<ul class=\"wp-block-list\">\n<li class=\"\">Vuelo de l\u00ednea regular (opcional) en clase turista, con reservas en clases especiales seg\u00fan disponibilidad.<\/li>\n\n\n\n<li class=\"\">Alojamiento y desayuno. <\/li>\n\n\n\n<li class=\"\">2 cenas y 1 experiencia gastron\u00f3mica (bebidas no incluidas).<\/li>\n\n\n\n<li class=\"\">Incorporaci\u00f3n a un circuito regular con gu\u00eda de habla espa\u00f1ola.<\/li>\n\n\n\n<li class=\"\">Visitas especificadas<\/li>\n\n\n\n<li class=\"\">Seguro de viaje.<\/li>\n<\/ul>\n\n\n\n<p id=\"block-4056dc-0813-4b\" class=\"is-style-default wp-block-gutenbee-paragraph block-4056dc-0813-4b\"><strong>El precio no incluye<\/strong><\/p><style>.wp-block-gutenbee-paragraph.block-4056dc-0813-4b { font-size: 20px; }<\/style>\n\n\n\n<ul class=\"wp-block-list\">\n<li class=\"\">Cualquier cuesti\u00f3n no especificada en el apartado &#8220;el precio incluye&#8221;.<\/li>\n<\/ul>\n<\/div><\/div>\n\n\n\n<h2 class=\"is-style-ignition-cousteau-pro-anchor-title wp-block-heading\">Faq&#8217;s<\/h2>\n\n\n\n<div class=\"nfd-container nfd-p-lg nfd-gap-2xl nfd-wb-faq__faq-1 is-style-ignition-cousteau-pro-boxed-content wp-block-group\"><div class=\"wp-block-group__inner-container is-layout-constrained wp-block-group-is-layout-constrained\">\n<div class=\"nfd-gap-2xl wp-block-group is-vertical is-layout-flex wp-container-core-group-is-layout-8cf370e7 wp-block-group-is-layout-flex\">\n<div class=\"nfd-gap-xl nfd-gap-y-2xl wp-block-columns is-layout-flex wp-container-core-columns-is-layout-9d6595d7 wp-block-columns-is-layout-flex\">\n<div class=\"wp-block-column is-layout-flow wp-block-column-is-layout-flow\">\n<div class=\"nfd-gap-sm wp-block-group is-vertical is-layout-flex wp-container-core-group-is-layout-8cf370e7 wp-block-group-is-layout-flex\">\n<h3 class=\"wp-block-heading nfd-text-md nfd-text-contrast\" style=\"font-style:normal;font-weight:500\"><strong><strong><strong><strong><strong>\u00bfCu\u00e1l es el mejor momento para realizar este viaje a las Dolomitas ya los Alpes italianos?<\/strong><\/strong><\/strong><\/strong><\/strong><\/h3>\n\n\n\n<p class=\"nfd-text-faded nfd-text-base\">La mejor \u00e9poca para disfrutar de este circuito desde Barcelona suele ser entre finales de primavera, verano y principios de oto\u00f1o, cuando los pasos de monta\u00f1a est\u00e1n abiertos y los lagos alpinos muestran sus colores m\u00e1s espectaculares. Adem\u00e1s, en estas fechas la climatolog\u00eda suele ser m\u00e1s suave y agradable para caminar, realizar excursiones y aprovechar al m\u00e1ximo las visitas a los pueblos alpinos. <\/p>\n<\/div>\n<\/div>\n\n\n\n<div class=\"wp-block-column is-layout-flow wp-block-column-is-layout-flow\">\n<div class=\"nfd-gap-sm wp-block-group is-vertical is-layout-flex wp-container-core-group-is-layout-8cf370e7 wp-block-group-is-layout-flex\">\n<h3 class=\"wp-block-heading nfd-text-md nfd-text-contrast\" style=\"font-style:normal;font-weight:500\"><strong><strong><strong><strong>\u00bfSe puede adaptar el circuito a un viaje a medida o privado?<\/strong><\/strong><\/strong><\/strong><\/h3>\n\n\n\n<p class=\"nfd-text-faded nfd-text-base\">S\u00ed, este itinerario por las Dolomitas y los Alpes italianos est\u00e1 pensado como un circuito organizado, pero puede personalizarse en funci\u00f3n de tus necesidades. Se pueden a\u00f1adir noches extras en Mil\u00e1n o en la zona de monta\u00f1a, cambiar categor\u00edas de hotel, incluir excursiones privadas o ajustar transportes para que puedas viajar en privado o incluso por libre. <\/p>\n<\/div>\n<\/div>\n\n\n\n<div class=\"wp-block-column is-layout-flow wp-block-column-is-layout-flow\">\n<div class=\"nfd-gap-sm wp-block-group is-vertical is-layout-flex wp-container-core-group-is-layout-8cf370e7 wp-block-group-is-layout-flex\">\n<h3 class=\"wp-block-heading nfd-text-md nfd-text-contrast\" style=\"font-style:normal;font-weight:500\"><strong><strong><strong><strong>\u00bfEs un viaje apto para todos o hace falta una gran forma f\u00edsica?<\/strong><\/strong><\/strong><\/strong><\/h3>\n\n\n\n<p class=\"nfd-text-faded nfd-text-base\">Se trata de un viaje de car\u00e1cter panor\u00e1mico y cultural por las Dolomitas y por los Alpes italianos, pensado para que puedan disfrutarlo tanto parejas como familias y viajeros seniors. Aunque hay paseos por pueblos y alrededores de lagos, los recorridos se pueden adaptar, y siempre tienes la opci\u00f3n de dar paseos m\u00e1s cortos o descansar en alg\u00fan caf\u00e9 con vistas, sin necesidad de realizar grandes rutas de senderismo. <\/p>\n<\/div>\n<\/div>\n<\/div>\n\n\n\n<div class=\"nfd-gap-xl nfd-gap-y-2xl wp-block-columns is-layout-flex wp-container-core-columns-is-layout-9d6595d7 wp-block-columns-is-layout-flex\">\n<div class=\"wp-block-column is-layout-flow wp-block-column-is-layout-flow\"><\/div>\n<\/div>\n<\/div>\n\n\n\n<div class=\"nfd-container wp-block-group\"><div class=\"wp-block-group__inner-container is-layout-constrained wp-container-core-group-is-layout-801f6f31 wp-block-group-is-layout-constrained\">\n<div class=\"nfd-p-card-md nfd-gap-xl nfd-shadow-xs nfd-bg-surface nfd-theme-white nfd-rounded is-style-nfd-theme-white wp-block-group is-content-justification-space-between is-layout-flex wp-container-core-group-is-layout-e3bc7287 wp-block-group-is-layout-flex\">\n<div class=\"nfd-gap-md wp-block-group is-layout-flex wp-block-group-is-layout-flex\">\n<figure class=\"is-style-rounded wp-block-image size-full is-resized\"><img data-recalc-dims=\"1\" loading=\"lazy\" decoding=\"async\" width=\"150\" height=\"109\" loading=\"lazy\" src=\"https:\/\/i0.wp.com\/mesqueunviatge.cat\/wp-content\/uploads\/2018\/10\/cropped-logo-transparent-mmqv.png?resize=150%2C109&#038;ssl=1\" alt=\"\" class=\"wp-image-15117\" style=\"aspect-ratio:4\/3;object-fit:cover;width:46px;height:auto\"\/><\/figure>\n\n\n\n<div class=\"nfd-gap-0 wp-block-group is-vertical is-layout-flex wp-container-core-group-is-layout-8cf370e7 wp-block-group-is-layout-flex\">\n<p class=\"nfd-text-md\" style=\"font-style:normal;font-weight:600\">\u00bfQuieres contactar con nosotros?<\/p>\n\n\n\n<p class=\"nfd-text-base nfd-text-faded\">Claro, puedes hacerlo envi\u00e1ndonos un mail a <a href=\"mailto:info@mesqueunviatge.cat\">info@mesqueunviatge.cat,<\/a> llamar al 93 664 59 17, enviarnos un mensaje al 660 29 25 16 o rellenar el cuestionario que te aparece en el lateral.<\/p>\n<\/div>\n<\/div>\n\n\n\n<div class=\"wp-block-buttons is-layout-flex wp-block-buttons-is-layout-flex\"><\/div>\n<\/div>\n<\/div><\/div>\n<\/div><\/div>\n\n\n\n<p id=\"block-1a0513-9c98-4c\" class=\"is-style-default wp-block-gutenbee-paragraph block-1a0513-9c98-4c gutenbee-hidden-desktop has-text-color\" style=\"color:rgba(0, 0, 0, 0.73);border-radius:0px\"><em>Si busc\u00e1is otras alternativas a este viaje a las Dolomitas, tambi\u00e9n podemos adaptar la ruta partiendo de vuestras necesidades e intereses. Asesorados por nuestro equipo de corresponsales locales podemos preparar tu viaje perfecto. S\u00f3lo tienes que rellenar el formulario, que nos llames al <strong>93 664 59 17<\/strong> o al <strong>660 29 25 16<\/strong> o nos escribas a <strong><a href=\"mailto:info@mesqueunviatge.cat\">info@mesqueunviatge.cat<\/a><\/strong>  <\/em>.<\/p><style>.wp-block-gutenbee-paragraph.block-1a0513-9c98-4c { font-size: 13px; }<\/style>\n\n\n\n<p id=\"block-9ddbfd-b0dc-4c\" class=\"is-style-default wp-block-gutenbee-paragraph block-9ddbfd-b0dc-4c gutenbee-hidden-desktop has-text-color\" style=\"color:rgba(0, 0, 0, 0.73);border-radius:0px\"><strong><em>Otros viajes a <a href=\"https:\/\/mesqueunviatge.cat\/es\/\" target=\"_blank\" rel=\"noreferrer noopener\">mesqueunviaje.cat<\/a><\/em><\/strong><\/p><style>.wp-block-gutenbee-paragraph.block-9ddbfd-b0dc-4c { font-size: 13px; }<\/style>\n\n\n\n<p class=\"\"><\/p>\n","protected":false},"excerpt":{"rendered":"<p>Viaje a las Dolomitas y Alpes italianos con Bernina Express, lagos alpinos y pueblos tirolesos Descubre un viaje a las Dolomitas y a los Alpes italianos saliendo c\u00f3modamente desde tu ciudad de origen, combinando ciudades [&hellip;]<\/p>\n","protected":false},"featured_media":22741,"comment_status":"open","ping_status":"closed","template":"","ignition_package_destination":[936],"ignition_package_category":[961,973,975,977,979],"class_list":["post-22753","ignition-package","type-ignition-package","status-publish","has-post-thumbnail","hentry","ignition_package_destination-viajes-por-europa","ignition_package_category-viajes-en-familia","ignition_package_category-viajes-organizados","ignition_package_category-viajes-en-tren","ignition_package_category-viajes-gastronomicos","ignition_package_category-con-guia"],"acf":[],"jetpack_sharing_enabled":true,"_links":{"self":[{"href":"https:\/\/mesqueunviatge.cat\/es\/wp-json\/wp\/v2\/ignition-package\/22753","targetHints":{"allow":["GET"]}}],"collection":[{"href":"https:\/\/mesqueunviatge.cat\/es\/wp-json\/wp\/v2\/ignition-package"}],"about":[{"href":"https:\/\/mesqueunviatge.cat\/es\/wp-json\/wp\/v2\/types\/ignition-package"}],"replies":[{"embeddable":true,"href":"https:\/\/mesqueunviatge.cat\/es\/wp-json\/wp\/v2\/comments?post=22753"}],"version-history":[{"count":2,"href":"https:\/\/mesqueunviatge.cat\/es\/wp-json\/wp\/v2\/ignition-package\/22753\/revisions"}],"predecessor-version":[{"id":22755,"href":"https:\/\/mesqueunviatge.cat\/es\/wp-json\/wp\/v2\/ignition-package\/22753\/revisions\/22755"}],"wp:featuredmedia":[{"embeddable":true,"href":"https:\/\/mesqueunviatge.cat\/es\/wp-json\/wp\/v2\/media\/22741"}],"wp:attachment":[{"href":"https:\/\/mesqueunviatge.cat\/es\/wp-json\/wp\/v2\/media?parent=22753"}],"wp:term":[{"taxonomy":"ignition_package_destination","embeddable":true,"href":"https:\/\/mesqueunviatge.cat\/es\/wp-json\/wp\/v2\/ignition_package_destination?post=22753"},{"taxonomy":"ignition_package_category","embeddable":true,"href":"https:\/\/mesqueunviatge.cat\/es\/wp-json\/wp\/v2\/ignition_package_category?post=22753"}],"curies":[{"name":"wp","href":"https:\/\/api.w.org\/{rel}","templated":true}]}}