{"id":22798,"date":"2026-03-12T18:20:05","date_gmt":"2026-03-12T18:20:05","guid":{"rendered":"https:\/\/mesqueunviatge.cat\/?post_type=ignition-package&#038;p=22798"},"modified":"2026-03-12T18:20:09","modified_gmt":"2026-03-12T18:20:09","slug":"viaje-a-panama-a-medida-cafetales-de-boquete-volcan-baru-y-parque-nacional-de-coiba","status":"publish","type":"ignition-package","link":"https:\/\/mesqueunviatge.cat\/es\/viaje-es\/viaje-a-panama-a-medida-cafetales-de-boquete-volcan-baru-y-parque-nacional-de-coiba\/","title":{"rendered":"Viaje a Panam\u00e1 a medida: Cafetales de Boquete, Volc\u00e1n Bar\u00fa y Parque Nacional de Coiba"},"content":{"rendered":"\n<h2>Viaje a Panam\u00e1 a medida: Cafetales de Boquete, Volc\u00e1n Bar\u00fa y Parque Nacional de Coiba<\/h2>\n\n\n\n<blockquote class=\"wp-block-quote is-layout-flow wp-block-quote-is-layout-flow\">\n<p class=\"\">Este viaje a medida a Panam\u00e1 fue dise\u00f1ado para un grupo de 5 amigos que quer\u00edan conocer el pa\u00eds en profundidad, combinando la vibrancia de la Ciudad de Panam\u00e1 con la magia de los cafetales de Boquete y una experiencia \u00fanica en las playas del Pac\u00edfico y el Parque Nacional de Coiba. En Boquete descubrieron el famoso caf\u00e9 Geisha en visitas exclusivas a fincas premiadas, ascendieron al Volc\u00e1n Bar\u00fa para ver los dos oc\u00e9anos al mismo tiempo y exploraron el bosque nuboso de Chiriqu\u00ed. Despu\u00e9s, se relajaron en las playas paradis\u00edacas del Pac\u00edfico, donde hicieron snorkel en Coiba y avistaron tortugas marinas, tiburones de aleta blanca y una riqueza espectacular de fauna submarina, en un entorno de arenas blancas y aguas turquesas.   <\/p>\n\n\n\n<p class=\"\">Este itinerario flexible, perfecto para viajes en grupo peque\u00f1o desde Barcelona, se puede adaptar totalmente a tus intereses, ya sea con m\u00e1s \u00e9nfasis en naturaleza, gastronom\u00eda o aventura.<\/p>\n<\/blockquote>\n\n\n\n<div class=\"wp-block-group\"><div class=\"wp-block-group__inner-container is-layout-constrained wp-block-group-is-layout-constrained\">\n<p id=\"block-aa9595-eff9-42\" class=\"is-style-default wp-block-gutenbee-paragraph block-aa9595-eff9-42 gutenbee-hidden-tablet gutenbee-hidden-mobile has-text-color\" style=\"color:rgba(0, 0, 0, 0.73);border-radius:0px\"><br><em>Si busc\u00e1is otras alternativas a este viaje a<\/em> <em>Panam\u00e1 a medida, tambi\u00e9n podemos adaptar la ruta partiendo de vuestras necesidades e intereses. Asesorados por nuestro equipo de corresponsales locales podemos preparar tu viaje perfecto. S\u00f3lo tienes que rellenar el formulario, que nos llames al <strong>93 664 59 17<\/strong> o al <strong>660 29 25 16<\/strong> o nos escribas a <strong><a href=\"mailto:info@mesqueunviatge.cat\">info@mesqueunviatge.cat<\/a><\/strong>  <\/em>.<\/p><style>.wp-block-gutenbee-paragraph.block-aa9595-eff9-42 { font-size: 13px; }<\/style>\n\n\n\n<div class=\"wp-block-group\"><div class=\"wp-block-group__inner-container is-layout-constrained wp-block-group-is-layout-constrained\">\n<p id=\"block-13ef30-0708-40\" class=\"is-style-default wp-block-gutenbee-paragraph block-13ef30-0708-40 gutenbee-hidden-tablet gutenbee-hidden-mobile has-text-color\" style=\"color:rgba(0, 0, 0, 0.73);border-radius:0px\"><strong><em>Otros viajes a <a href=\"https:\/\/mesqueunviatge.cat\/es\/\" target=\"_blank\" rel=\"noreferrer noopener\">mesqueunviaje.cat<\/a><\/em><\/strong><\/p><style>.wp-block-gutenbee-paragraph.block-13ef30-0708-40 { font-size: 13px; }<\/style>\n<\/div><\/div>\n<\/div><\/div>\n\n\n\n<h2 class=\"is-style-ignition-cousteau-pro-anchor-title wp-block-heading\">Im\u00e1genes<\/h2>\n\n\n\n<figure class=\"wp-block-gallery has-nested-images columns-default is-cropped wp-block-gallery-1 is-layout-flex wp-block-gallery-is-layout-flex\">\n<figure class=\"is-style-rounded wp-block-image size-full\"><a href=\"https:\/\/i0.wp.com\/mesqueunviatge.cat\/wp-content\/uploads\/2026\/03\/Canal-de-Panama.webp?ssl=1\" data-lightbox=\"gal[22798]\"><img data-recalc-dims=\"1\" loading=\"lazy\" decoding=\"async\" width=\"870\" height=\"528\" loading=\"lazy\" data-id=\"22791\" src=\"https:\/\/i0.wp.com\/mesqueunviatge.cat\/wp-content\/uploads\/2026\/03\/Canal-de-Panama.webp?resize=870%2C528&#038;ssl=1\" alt=\"viatge diferent a Panam\u00e0, viaje diferente a Panam\u00e1\" class=\"wp-image-22791\" srcset=\"https:\/\/i0.wp.com\/mesqueunviatge.cat\/wp-content\/uploads\/2026\/03\/Canal-de-Panama.webp?w=1500&amp;ssl=1 1500w, https:\/\/i0.wp.com\/mesqueunviatge.cat\/wp-content\/uploads\/2026\/03\/Canal-de-Panama.webp?resize=600%2C364&amp;ssl=1 600w, https:\/\/i0.wp.com\/mesqueunviatge.cat\/wp-content\/uploads\/2026\/03\/Canal-de-Panama.webp?resize=1024%2C622&amp;ssl=1 1024w, https:\/\/i0.wp.com\/mesqueunviatge.cat\/wp-content\/uploads\/2026\/03\/Canal-de-Panama.webp?resize=768%2C466&amp;ssl=1 768w\" sizes=\"auto, (max-width: 870px) 100vw, 870px\" \/><\/a><\/figure>\n\n\n\n<figure class=\"wp-block-image size-full\"><a href=\"https:\/\/i0.wp.com\/mesqueunviatge.cat\/wp-content\/uploads\/2026\/03\/Llac-Misurina-Italia-1.webp?ssl=1\" data-lightbox=\"gal[22798]\"><img data-recalc-dims=\"1\" loading=\"lazy\" decoding=\"async\" width=\"870\" height=\"528\" loading=\"lazy\" data-id=\"22783\" src=\"https:\/\/i0.wp.com\/mesqueunviatge.cat\/wp-content\/uploads\/2026\/03\/Llac-Misurina-Italia-1.webp?resize=870%2C528&#038;ssl=1\" alt=\"viatge a Ciutat de Panam\u00e0, viaje a ciudad de Panam\u00e1\" class=\"wp-image-22783\" srcset=\"https:\/\/i0.wp.com\/mesqueunviatge.cat\/wp-content\/uploads\/2026\/03\/Llac-Misurina-Italia-1.webp?w=1500&amp;ssl=1 1500w, https:\/\/i0.wp.com\/mesqueunviatge.cat\/wp-content\/uploads\/2026\/03\/Llac-Misurina-Italia-1.webp?resize=600%2C364&amp;ssl=1 600w, https:\/\/i0.wp.com\/mesqueunviatge.cat\/wp-content\/uploads\/2026\/03\/Llac-Misurina-Italia-1.webp?resize=1024%2C622&amp;ssl=1 1024w, https:\/\/i0.wp.com\/mesqueunviatge.cat\/wp-content\/uploads\/2026\/03\/Llac-Misurina-Italia-1.webp?resize=768%2C466&amp;ssl=1 768w\" sizes=\"auto, (max-width: 870px) 100vw, 870px\" \/><\/a><\/figure>\n\n\n\n<figure class=\"wp-block-image size-full\"><a href=\"https:\/\/i0.wp.com\/mesqueunviatge.cat\/wp-content\/uploads\/2026\/03\/Cafe-Panama.webp?ssl=1\" data-lightbox=\"gal[22798]\"><img data-recalc-dims=\"1\" loading=\"lazy\" decoding=\"async\" width=\"870\" height=\"528\" loading=\"lazy\" data-id=\"22793\" src=\"https:\/\/i0.wp.com\/mesqueunviatge.cat\/wp-content\/uploads\/2026\/03\/Cafe-Panama.webp?resize=870%2C528&#038;ssl=1\" alt=\"viatge als cafetars de Panam\u00e0, viaje a los cafetales de Panam\u00e1\" class=\"wp-image-22793\" srcset=\"https:\/\/i0.wp.com\/mesqueunviatge.cat\/wp-content\/uploads\/2026\/03\/Cafe-Panama.webp?w=1500&amp;ssl=1 1500w, https:\/\/i0.wp.com\/mesqueunviatge.cat\/wp-content\/uploads\/2026\/03\/Cafe-Panama.webp?resize=600%2C364&amp;ssl=1 600w, https:\/\/i0.wp.com\/mesqueunviatge.cat\/wp-content\/uploads\/2026\/03\/Cafe-Panama.webp?resize=1024%2C622&amp;ssl=1 1024w, https:\/\/i0.wp.com\/mesqueunviatge.cat\/wp-content\/uploads\/2026\/03\/Cafe-Panama.webp?resize=768%2C466&amp;ssl=1 768w\" sizes=\"auto, (max-width: 870px) 100vw, 870px\" \/><\/a><\/figure>\n\n\n\n<figure class=\"wp-block-image size-full\"><a href=\"https:\/\/i0.wp.com\/mesqueunviatge.cat\/wp-content\/uploads\/2026\/03\/Cascades-de-Boquete-Panama.webp?ssl=1\" data-lightbox=\"gal[22798]\"><img data-recalc-dims=\"1\" loading=\"lazy\" decoding=\"async\" width=\"870\" height=\"528\" loading=\"lazy\" data-id=\"22789\" src=\"https:\/\/i0.wp.com\/mesqueunviatge.cat\/wp-content\/uploads\/2026\/03\/Cascades-de-Boquete-Panama.webp?resize=870%2C528&#038;ssl=1\" alt=\"viatge a Panam\u00e0 a mida, viaje a Panam\u00e1 a medida\" class=\"wp-image-22789\" srcset=\"https:\/\/i0.wp.com\/mesqueunviatge.cat\/wp-content\/uploads\/2026\/03\/Cascades-de-Boquete-Panama.webp?w=1500&amp;ssl=1 1500w, https:\/\/i0.wp.com\/mesqueunviatge.cat\/wp-content\/uploads\/2026\/03\/Cascades-de-Boquete-Panama.webp?resize=600%2C364&amp;ssl=1 600w, https:\/\/i0.wp.com\/mesqueunviatge.cat\/wp-content\/uploads\/2026\/03\/Cascades-de-Boquete-Panama.webp?resize=1024%2C622&amp;ssl=1 1024w, https:\/\/i0.wp.com\/mesqueunviatge.cat\/wp-content\/uploads\/2026\/03\/Cascades-de-Boquete-Panama.webp?resize=768%2C466&amp;ssl=1 768w\" sizes=\"auto, (max-width: 870px) 100vw, 870px\" \/><\/a><\/figure>\n\n\n\n<figure class=\"wp-block-image size-full\"><a href=\"https:\/\/i0.wp.com\/mesqueunviatge.cat\/wp-content\/uploads\/2026\/03\/Parc-Mari-Coiba-Panama.webp?ssl=1\" data-lightbox=\"gal[22798]\"><img data-recalc-dims=\"1\" loading=\"lazy\" decoding=\"async\" width=\"870\" height=\"528\" loading=\"lazy\" data-id=\"22781\" src=\"https:\/\/i0.wp.com\/mesqueunviatge.cat\/wp-content\/uploads\/2026\/03\/Parc-Mari-Coiba-Panama.webp?resize=870%2C528&#038;ssl=1\" alt=\"snorkel a Panam\u00e0, snorkel en Panam\u00e1\" class=\"wp-image-22781\" srcset=\"https:\/\/i0.wp.com\/mesqueunviatge.cat\/wp-content\/uploads\/2026\/03\/Parc-Mari-Coiba-Panama.webp?w=1500&amp;ssl=1 1500w, https:\/\/i0.wp.com\/mesqueunviatge.cat\/wp-content\/uploads\/2026\/03\/Parc-Mari-Coiba-Panama.webp?resize=600%2C364&amp;ssl=1 600w, https:\/\/i0.wp.com\/mesqueunviatge.cat\/wp-content\/uploads\/2026\/03\/Parc-Mari-Coiba-Panama.webp?resize=1024%2C622&amp;ssl=1 1024w, https:\/\/i0.wp.com\/mesqueunviatge.cat\/wp-content\/uploads\/2026\/03\/Parc-Mari-Coiba-Panama.webp?resize=768%2C466&amp;ssl=1 768w\" sizes=\"auto, (max-width: 870px) 100vw, 870px\" \/><\/a><\/figure>\n\n\n\n<figure class=\"wp-block-image size-large\"><a href=\"https:\/\/i0.wp.com\/mesqueunviatge.cat\/wp-content\/uploads\/2026\/03\/PN-Coiba-Panama-1024x622.webp?ssl=1\" data-lightbox=\"gal[22798]\"><img data-recalc-dims=\"1\" loading=\"lazy\" decoding=\"async\" width=\"870\" height=\"528\" loading=\"lazy\" data-id=\"22779\" src=\"https:\/\/i0.wp.com\/mesqueunviatge.cat\/wp-content\/uploads\/2026\/03\/PN-Coiba-Panama.webp?resize=870%2C528&#038;ssl=1\" alt=\"viatge amb amics a Panam\u00e0, viaje con amigos a Panam\u00e1\" class=\"wp-image-22779\" srcset=\"https:\/\/i0.wp.com\/mesqueunviatge.cat\/wp-content\/uploads\/2026\/03\/PN-Coiba-Panama.webp?resize=1024%2C622&amp;ssl=1 1024w, https:\/\/i0.wp.com\/mesqueunviatge.cat\/wp-content\/uploads\/2026\/03\/PN-Coiba-Panama.webp?resize=600%2C364&amp;ssl=1 600w, https:\/\/i0.wp.com\/mesqueunviatge.cat\/wp-content\/uploads\/2026\/03\/PN-Coiba-Panama.webp?resize=768%2C466&amp;ssl=1 768w, https:\/\/i0.wp.com\/mesqueunviatge.cat\/wp-content\/uploads\/2026\/03\/PN-Coiba-Panama.webp?w=1500&amp;ssl=1 1500w\" sizes=\"auto, (max-width: 870px) 100vw, 870px\" \/><\/a><\/figure>\n<\/figure>\n\n\n\n<h2 class=\"is-style-ignition-cousteau-pro-anchor-title wp-block-heading\">Itinerario<\/h2>\n\n\n\n<div class=\"wp-block-group\"><div class=\"wp-block-group__inner-container is-layout-constrained wp-block-group-is-layout-constrained\">\n<h6 id=\"block-96e5da-a11f-4f\" class=\"is-style-ignition-cousteau-pro-boxed-content wp-block-gutenbee-heading block-96e5da-a11f-4f\">D\u00cdA 1: CIUDAD DE ORIGEN \u2013 CIUDAD DE PANAM\u00c1<\/h6><style>.wp-block-gutenbee-heading.block-96e5da-a11f-4f { font-size: 20px; line-height: 1; text-transform: uppercase; }<\/style>\n<\/div><\/div>\n\n\n\n<p class=\"\">Salida en vuelo directo hacia la Ciudad de Panam\u00e1, capital vibrante en la costa del Pac\u00edfico y uno de los destinos m\u00e1s din\u00e1micos de Am\u00e9rica Central. A la llegada, recepci\u00f3n personalizada y traslado a tu alojamiento en el coraz\u00f3n de la ciudad, donde podr\u00e1s empezar a descubrir su ambiente \u00fanico y multicultural. Tiempo libre para acomodarte y dar un primer paseo por el moderno skyline o el barrio hist\u00f3rico. Alojamiento en Ciudad de Panam\u00e1.   <\/p>\n\n\n\n<h6 id=\"block-de3053-2805-44\" class=\"is-style-ignition-cousteau-pro-boxed-content wp-block-gutenbee-heading block-de3053-2805-44\">D\u00cdA 2: CIUDAD DE PANAM\u00c1: CASCO ANTIGUO Y CANAL<\/h6><style>.wp-block-gutenbee-heading.block-de3053-2805-44 { font-size: 20px; line-height: 1; text-transform: uppercase; }<\/style>\n\n\n\n<div class=\"wp-block-group\"><div class=\"wp-block-group__inner-container is-layout-constrained wp-block-group-is-layout-constrained\">\n<p class=\"\">Despu\u00e9s del desayuno, iniciamos vuestro viaje a Panam\u00e1 a medida con la visita a los puntos m\u00e1s ic\u00f3nicos de la Ciudad de Panam\u00e1, empezando por el Casco Antiguo o Casco Viejo, fundado en 1673 y Patrimonio de la Humanidad. Aqu\u00ed podr\u00e1s explorar calles empedradas llenas de iglesias coloniales, el Teatro Nacional, la Catedral y el famoso Arco Chato del Convento de Santo Domingo, as\u00ed como el Museo del Canal de Panam\u00e1 y el Palacio Presidencial. A continuaci\u00f3n, direcci\u00f3n a las esclusas de Miraflores para ver de cerca la octava maravilla del mundo en acci\u00f3n, con barcos gigantes cruzando el Canal. El d\u00eda acaba en la Calzada de Amador con una degustaci\u00f3n de bombones y caf\u00e9 Geisha premium, introduci\u00e9ndote al circuito cafetalero paname\u00f1o. Alojamiento en Ciudad de Panam\u00e1.    <\/p>\n<\/div><\/div>\n\n\n\n<div class=\"wp-block-group\"><div class=\"wp-block-group__inner-container is-layout-constrained wp-block-group-is-layout-constrained\">\n<h6 id=\"block-800fa2-0ab9-4d\" class=\"is-style-ignition-cousteau-pro-boxed-content wp-block-gutenbee-heading block-800fa2-0ab9-4d\">D\u00cdA 3: CIUDAD DE PANAM\u00c1 \u2013 BOQUETE, CORAZ\u00d3N DE LOS CAFETALES<\/h6><style>.wp-block-gutenbee-heading.block-800fa2-0ab9-4d { font-size: 20px; line-height: 1; text-transform: uppercase; }<\/style>\n<\/div><\/div>\n\n\n\n<p class=\"\">Desayuno y salida temprana en vuelo local hacia David, en la provincia de Chiriqu\u00ed, puerta de entrada al coraz\u00f3n cafetalero de Panam\u00e1. Durante el traslado a Boquete, paramos en lugares emblem\u00e1ticos como El Poder de las Frutas para probar fresas frescas de temporada y otros productos locales. Llegada a Boquete, conocida como la capital del caf\u00e9 Geisha, y tiempo libre para instalarte y explorar este pueblo fresco y verde al pie del Volc\u00e1n Bar\u00fa. Alojamiento en Boquete.   <\/p>\n\n\n\n<div class=\"wp-block-group\"><div class=\"wp-block-group__inner-container is-layout-constrained wp-block-group-is-layout-constrained\">\n<h6 id=\"block-3cf962-92c2-41\" class=\"is-style-ignition-cousteau-pro-boxed-content wp-block-gutenbee-heading block-3cf962-92c2-41\">D\u00cdA 4: BOQUETE: FINCAS DE CAF\u00c9 LAMASTUS Y ALTIERI<\/h6><style>.wp-block-gutenbee-heading.block-3cf962-92c2-41 { font-size: 20px; line-height: 1; text-transform: uppercase; }<\/style>\n<\/div><\/div>\n\n\n\n<p class=\"\">Con media pensi\u00f3n, dedicamos el d\u00eda a dos visitas exclusivas en fincas de caf\u00e9 de renombre internacional. Por la ma\u00f1ana, en la Finca Lamastus \u201cConociendo al Productor\u201d, inmersi\u00f3n total en el proceso del caf\u00e9 Geisha, desde la planta hasta la taza, con catas premiadas. Tras un almuerzo, continuamos en la Finca Altieri \u201cGeney Boy Deluxe\u201d, con caminata panor\u00e1mica, cata guiada y un cierre especial con brindis y helado artesanal de Geisha. Una experiencia sensorial \u00fanica en el circuito cafetalero de Chiriqu\u00ed. Alojamiento en Boquete.    <\/p>\n\n\n\n<div class=\"wp-block-group\"><div class=\"wp-block-group__inner-container is-layout-constrained wp-block-group-is-layout-constrained\">\n<h6 id=\"block-db18ee-4aec-48\" class=\"is-style-ignition-cousteau-pro-boxed-content wp-block-gutenbee-heading block-db18ee-4aec-48\">D\u00cdA 5: BOQUETE: ASCENSO AL VOLC\u00c1N BAR\u00da Y VINTAGE CAF\u00c9<\/h6><style>.wp-block-gutenbee-heading.block-db18ee-4aec-48 { font-size: 20px; line-height: 1; text-transform: uppercase; }<\/style>\n<\/div><\/div>\n\n\n\n<p class=\"\">Seguimos con el viaje a Panam\u00e1 a medida con salida de madrugada en 4&#215;4 para subir al Volc\u00e1n Bar\u00fa, el punto m\u00e1s alto de Panam\u00e1 a 3.475 msnm, desde donde, si el tiempo lo permite, ver\u00e1s el Oc\u00e9ano Pac\u00edfico y el Mar Caribe al mismo tiempo en un panorama m\u00edstico perfecto para fotos. Tras el descenso alrededor de las 9:30, visita a Vintage Caf\u00e9, proyecto familiar sostenible que resalta el impacto comunitario del caf\u00e9 en la regi\u00f3n, acompa\u00f1ados por un gu\u00eda local en castellano o ingl\u00e9s. Tarde libre para relajarte o explorar Boquete. Alojamiento en Boquete.   <\/p>\n\n\n\n<div class=\"wp-block-group\"><div class=\"wp-block-group__inner-container is-layout-constrained wp-block-group-is-layout-constrained\">\n<h6 id=\"block-abebcc-c540-45\" class=\"is-style-ignition-cousteau-pro-boxed-content wp-block-gutenbee-heading block-abebcc-c540-45\">D\u00cdA 6: BOQUETE: BOSQUE NUBOSO Y HACIENDA MAMECILLO<\/h6><style>.wp-block-gutenbee-heading.block-abebcc-c540-45 { font-size: 20px; line-height: 1; text-transform: uppercase; }<\/style>\n\n\n\n<p class=\"\">Con media pensi\u00f3n, dedicaci\u00f3n total a la naturaleza de Chiriqu\u00ed con una experiencia ecol\u00f3gica en Hacienda Mamecillo. Comienza con una caminata de unas 3 horas por el bosque nuboso a lo largo del r\u00edo La Zumbona, encontr\u00e1ndote cascadas, flora exuberante y cientos de especies de aves end\u00e9micas. De regreso, almuerzo gourmet \u201cde la granja a la mesa\u201d con ingredientes org\u00e1nicos locales, incluyendo carnes de corral y opciones vegetarianas. Despu\u00e9s, exploraci\u00f3n de la finca con viveros, invernaderos, animales y proyectos sostenibles como compostaje y reforestaci\u00f3n, finalizando con una degustaci\u00f3n de caf\u00e9 explicando todo el proceso productivo. Alojamiento en Boquete.    <\/p>\n<\/div><\/div>\n\n\n\n<div class=\"wp-block-group\"><div class=\"wp-block-group__inner-container is-layout-constrained wp-block-group-is-layout-constrained\">\n<h6 id=\"block-b4acbb-ce75-4c\" class=\"is-style-ignition-cousteau-pro-boxed-content wp-block-gutenbee-heading block-b4acbb-ce75-4c\">D\u00cdA 7: BOQUETE \u2013 PLAYAS DEL PAC\u00cdFICO Y RELAX<\/h6><style>.wp-block-gutenbee-heading.block-b4acbb-ce75-4c { font-size: 20px; line-height: 1; text-transform: uppercase; }<\/style>\n<\/div><\/div>\n\n\n\n<p class=\"\">Despu\u00e9s del desayuno, traslado hacia las playas id\u00edlicas del Pac\u00edfico paname\u00f1o, donde comenzar\u00e1s unos d\u00edas de desconexi\u00f3n en para\u00edsos de arena blanca y aguas turquesas. Llegada a tu alojamiento en la costa, con tiempo para disfrutar de la playa, ba\u00f1arte y relajarte tras las aventuras en las monta\u00f1as cafetaleras de Boquete. Alojamiento en playas del Pac\u00edfico.  <\/p>\n\n\n\n<div class=\"wp-block-group\"><div class=\"wp-block-group__inner-container is-layout-constrained wp-block-group-is-layout-constrained\">\n<h6 id=\"block-c3f19d-8cfa-41\" class=\"is-style-ignition-cousteau-pro-boxed-content wp-block-gutenbee-heading block-c3f19d-8cfa-41\">D\u00cdA 8: PLAYAS DEL PAC\u00cdFICO: RELAX Y NATURALEZA MARINA<\/h6><style>.wp-block-gutenbee-heading.block-c3f19d-8cfa-41 { font-size: 20px; line-height: 1; text-transform: uppercase; }<\/style>\n<\/div><\/div>\n\n\n\n<p class=\"\">D\u00eda dedicado al descanso en las playas del Pac\u00edfico, con actividades opcionales como paseos por la costa, observaci\u00f3n de aves o simplemente disfrutar del sol y el mar c\u00e1lido. Esta zona destaca por su belleza natural y tranquilidad, ideal para recargar energ\u00edas antes de la excursi\u00f3n a Coiba. Dispondr\u00e1s de tiempo libre para explorar los alrededores o practicar yoga en la playa. Alojamiento en playas del Pac\u00edfico.   <\/p>\n\n\n\n<div class=\"wp-block-group\"><div class=\"wp-block-group__inner-container is-layout-constrained wp-block-group-is-layout-constrained\">\n<h6 id=\"block-cedee6-0967-46\" class=\"is-style-ignition-cousteau-pro-boxed-content wp-block-gutenbee-heading block-cedee6-0967-46\">D\u00cdA 9: EXCURSI\u00d3N A COIBA: SNORKEL Y FAUNA MARINA<\/h6><style>.wp-block-gutenbee-heading.block-cedee6-0967-46 { font-size: 20px; line-height: 1; text-transform: uppercase; }<\/style>\n<\/div><\/div>\n\n\n\n<p class=\"\">D\u00eda estelar con excursi\u00f3n privada al Parque Nacional de Coiba, Patrimonio de la Humanidad y uno de los mejores lugares para snorkel de Panam\u00e1. Tras un trayecto en lancha, podr\u00e1s sumergirte en aguas cristalinas para avistar tortugas marinas, tiburones de aleta blanca y una riqueza espectacular de fauna submarina en arrecifes vibrantes. Adem\u00e1s de snorkel, tiempo para disfrutar de las playas v\u00edrgenes de la isla y, si lo deseas, una caminata guiada para descubrir la biodiversidad terrestre. Regreso a las playas del Pac\u00edfico por la tarde. Alojamiento en playas del Pac\u00edfico.    <\/p>\n\n\n\n<div class=\"wp-block-group\"><div class=\"wp-block-group__inner-container is-layout-constrained wp-block-group-is-layout-constrained\">\n<h6 id=\"block-42cde7-12f4-46\" class=\"is-style-ignition-cousteau-pro-boxed-content wp-block-gutenbee-heading block-42cde7-12f4-46\">D\u00cdA 10: PLAYAS DEL PAC\u00cdFICO \u2013 CIUDAD DE PANAM\u00c1 (OPCIONAL EXTENSI\u00d3N A SAN BLAS) <\/h6><style>.wp-block-gutenbee-heading.block-42cde7-12f4-46 { font-size: 20px; line-height: 1; text-transform: uppercase; }<\/style>\n\n\n\n<p class=\"\">Desayuno y \u00faltimas horas relaj\u00e1ndote en las playas del Pac\u00edfico antes del traslado a Ciudad de Panam\u00e1. Llegada a la capital, donde podr\u00e1s hacer compras de \u00faltima hora o una visita r\u00e1pida a alg\u00fan lugar favorito. Alojamiento en Ciudad de Panam\u00e1.  <\/p>\n<\/div><\/div>\n\n\n\n<div class=\"wp-block-group\"><div class=\"wp-block-group__inner-container is-layout-constrained wp-block-group-is-layout-constrained\">\n<h6 id=\"block-902b54-dd3a-4d\" class=\"is-style-ignition-cousteau-pro-boxed-content wp-block-gutenbee-heading block-902b54-dd3a-4d\">D\u00cdA 11: CIUDAD DE PANAM\u00c1 \u2013 CIUDAD DE ORIGEN <\/h6><style>.wp-block-gutenbee-heading.block-902b54-dd3a-4d { font-size: 20px; line-height: 1; text-transform: uppercase; }<\/style>\n<\/div><\/div>\n\n\n\n<p class=\"\">Tras el desayuno, traslado al aeropuerto para el vuelo de regreso a Barcelona. Llegada y fin de este viaje a Panam\u00e1 a medida, perfecto para grupos de amigos que buscan naturaleza, caf\u00e9 premium y para\u00edsos marinos. <\/p>\n\n\n\n<h2 class=\"is-style-ignition-cousteau-pro-anchor-title wp-block-heading\">Informaci\u00f3n importante<\/h2>\n\n\n\n<div class=\"is-style-ignition-cousteau-pro-boxed-content wp-block-group\"><div class=\"wp-block-group__inner-container is-layout-constrained wp-block-group-is-layout-constrained\">\n<p id=\"block-686ae4-f84a-4c\" class=\"wp-block-gutenbee-paragraph block-686ae4-f84a-4c\"><strong>El precio incluye<\/strong><\/p><style>.wp-block-gutenbee-paragraph.block-686ae4-f84a-4c { font-size: 20px; }<\/style>\n\n\n\n<ul class=\"wp-block-list\">\n<li class=\"\">Vuelo de l\u00ednea regular, clase turista, (reservas en clases especiales).<\/li>\n\n\n\n<li class=\"\">Alojamiento y desayuno.<\/li>\n\n\n\n<li class=\"\">2 almuerzos (bebidas no incluidas).<\/li>\n\n\n\n<li class=\"\">Traslados en servicio privado.<\/li>\n\n\n\n<li class=\"\">Excursiones con servicio privado y gu\u00edas locales biling\u00fces seg\u00fan itinerario.<\/li>\n\n\n\n<li class=\"\">Seguro de viaje.<\/li>\n<\/ul>\n\n\n\n<p id=\"block-b93f96-df47-46\" class=\"is-style-default wp-block-gutenbee-paragraph block-b93f96-df47-46\"><strong>El precio no incluye<\/strong><\/p><style>.wp-block-gutenbee-paragraph.block-b93f96-df47-46 { font-size: 20px; }<\/style>\n\n\n\n<ul class=\"wp-block-list\">\n<li class=\"\">Cualquier cuesti\u00f3n no especificada en el apartado &#8220;el precio incluye&#8221;.<\/li>\n<\/ul>\n<\/div><\/div>\n\n\n\n<h2 class=\"is-style-ignition-cousteau-pro-anchor-title wp-block-heading\">Faq&#8217;s<\/h2>\n\n\n\n<div class=\"nfd-container nfd-p-lg nfd-gap-2xl nfd-wb-faq__faq-1 is-style-ignition-cousteau-pro-boxed-content wp-block-group\"><div class=\"wp-block-group__inner-container is-layout-constrained wp-block-group-is-layout-constrained\">\n<div class=\"nfd-gap-2xl wp-block-group is-vertical is-layout-flex wp-container-core-group-is-layout-8cf370e7 wp-block-group-is-layout-flex\">\n<div class=\"nfd-gap-xl nfd-gap-y-2xl wp-block-columns is-layout-flex wp-container-core-columns-is-layout-9d6595d7 wp-block-columns-is-layout-flex\">\n<div class=\"wp-block-column is-layout-flow wp-block-column-is-layout-flow\">\n<div class=\"nfd-gap-sm wp-block-group is-vertical is-layout-flex wp-container-core-group-is-layout-8cf370e7 wp-block-group-is-layout-flex\">\n<h3 class=\"wp-block-heading nfd-text-md nfd-text-contrast\" style=\"font-style:normal;font-weight:500\"><strong>\u00bfEs posible hacer este viaje a Panam\u00e1 a medida al nuestro aire, alquilando coche en vez de todo privado?<\/strong><\/h3>\n\n\n\n<p class=\"nfd-text-faded nfd-text-base\">S\u00ed, absolutamente. Este itinerario se puede adaptar como viaje por libre con alquiler de coche 4&#215;4 desde el aeropuerto de Panam\u00e1, con mapas, GPS y reservas previas en fincas y hoteles. Nosotros nos ocupamos de los traslados locales complicados como el vuelo a David o la excursi\u00f3n a Coiba, para que puedas conducir con tranquilidad por Boquete y las playas del Pac\u00edfico.  <\/p>\n<\/div>\n<\/div>\n\n\n\n<div class=\"wp-block-column is-layout-flow wp-block-column-is-layout-flow\">\n<div class=\"nfd-gap-sm wp-block-group is-vertical is-layout-flex wp-container-core-group-is-layout-8cf370e7 wp-block-group-is-layout-flex\">\n<h3 class=\"wp-block-heading nfd-text-md nfd-text-contrast\" style=\"font-style:normal;font-weight:500\"><strong>\u00bfCu\u00e1l es el mejor momento para hacer un viaje a Panam\u00e1 a medida con cafetales y snorkel en Coiba?<\/strong><\/h3>\n\n\n\n<p class=\"nfd-text-faded nfd-text-base\">La \u00e9poca ideal es la temporada seca, de diciembre a abril, cuando los cafetales de Boquete est\u00e1n en plena cosecha, el Volc\u00e1n Bar\u00fa ofrece buenas vistas y las aguas de Coiba son cristalinas para snorkel, con menos lluvia y temperaturas agradables tanto en la ciudad como en la costa del Pac\u00edfico.<\/p>\n<\/div>\n<\/div>\n\n\n\n<div class=\"wp-block-column is-layout-flow wp-block-column-is-layout-flow\">\n<div class=\"nfd-gap-sm wp-block-group is-vertical is-layout-flex wp-container-core-group-is-layout-8cf370e7 wp-block-group-is-layout-flex\">\n<h3 class=\"wp-block-heading nfd-text-md nfd-text-contrast\" style=\"font-style:normal;font-weight:500\"><strong>\u00bfEste viaje a Panam\u00e1 a medida es adecuado para grupos de amigos sin gran experiencia en snorkel o senderismo?<\/strong><\/h3>\n\n\n\n<p class=\"nfd-text-faded nfd-text-base\">S\u00ed, est\u00e1 pensado para viajeros como el grupo de amigos que lo inspir\u00f3: moderadamente f\u00edsico, con caminatas cortas en cafetales y bosque nuboso (adaptables), y snorkel guiado en Coiba con equipo incluido para principiantes. Todo es a ritmo relajado, con opciones privadas y foco en experiencias sensoriales como catas de caf\u00e9 y relax en playas. <\/p>\n<\/div>\n<\/div>\n<\/div>\n\n\n\n<div class=\"nfd-gap-xl nfd-gap-y-2xl wp-block-columns is-layout-flex wp-container-core-columns-is-layout-9d6595d7 wp-block-columns-is-layout-flex\">\n<div class=\"wp-block-column is-layout-flow wp-block-column-is-layout-flow\"><\/div>\n<\/div>\n<\/div>\n\n\n\n<div class=\"nfd-container wp-block-group\"><div class=\"wp-block-group__inner-container is-layout-constrained wp-container-core-group-is-layout-801f6f31 wp-block-group-is-layout-constrained\">\n<div class=\"nfd-p-card-md nfd-gap-xl nfd-shadow-xs nfd-bg-surface nfd-theme-white nfd-rounded is-style-nfd-theme-white wp-block-group is-content-justification-space-between is-layout-flex wp-container-core-group-is-layout-e3bc7287 wp-block-group-is-layout-flex\">\n<div class=\"nfd-gap-md wp-block-group is-layout-flex wp-block-group-is-layout-flex\">\n<figure class=\"is-style-rounded wp-block-image size-full is-resized\"><img data-recalc-dims=\"1\" loading=\"lazy\" decoding=\"async\" width=\"150\" height=\"109\" loading=\"lazy\" src=\"https:\/\/i0.wp.com\/mesqueunviatge.cat\/wp-content\/uploads\/2018\/10\/cropped-logo-transparent-mmqv.png?resize=150%2C109&#038;ssl=1\" alt=\"\" class=\"wp-image-15117\" style=\"aspect-ratio:4\/3;object-fit:cover;width:46px;height:auto\"\/><\/figure>\n\n\n\n<div class=\"nfd-gap-0 wp-block-group is-vertical is-layout-flex wp-container-core-group-is-layout-8cf370e7 wp-block-group-is-layout-flex\">\n<p class=\"nfd-text-md\" style=\"font-style:normal;font-weight:600\">\u00bfQuieres contactar con nosotros?<\/p>\n\n\n\n<p class=\"nfd-text-base nfd-text-faded\">Claro, puedes hacerlo envi\u00e1ndonos un mail a <a href=\"mailto:info@mesqueunviatge.cat\">info@mesqueunviatge.cat,<\/a> llamar al 93 664 59 17, enviarnos un mensaje al 660 29 25 16 o rellenar el cuestionario que te aparece en el lateral.<\/p>\n<\/div>\n<\/div>\n\n\n\n<div class=\"wp-block-buttons is-layout-flex wp-block-buttons-is-layout-flex\"><\/div>\n<\/div>\n<\/div><\/div>\n<\/div><\/div>\n\n\n\n<p id=\"block-5be2fc-5ed0-4f\" class=\"is-style-default wp-block-gutenbee-paragraph block-5be2fc-5ed0-4f gutenbee-hidden-desktop has-text-color\" style=\"color:rgba(0, 0, 0, 0.73);border-radius:0px\"><em>Si busc\u00e1is otras alternativas a este viaje a Panam\u00e1 a medida, tambi\u00e9n podemos adaptar la ruta partiendo de vuestras necesidades e intereses. Asesorados por nuestro equipo de corresponsales locales podemos preparar tu viaje perfecto. S\u00f3lo tienes que rellenar el formulario, que nos llames al <strong>93 664 59 17 <\/strong>o al <strong>660 29 25 16 <\/strong>o nos escribas a <strong><a href=\"mailto:info@mesqueunviatge.cat\">info@mesqueunviatge.cat<\/a><\/strong> <\/em>.<\/p><style>.wp-block-gutenbee-paragraph.block-5be2fc-5ed0-4f { font-size: 13px; }<\/style>\n\n\n\n<p id=\"block-76aeb2-f64c-49\" class=\"is-style-default wp-block-gutenbee-paragraph block-76aeb2-f64c-49 gutenbee-hidden-desktop has-text-color\" style=\"color:rgba(0, 0, 0, 0.73);border-radius:0px\"><strong><em>Otros viajes a <a href=\"https:\/\/mesqueunviatge.cat\/es\/\" target=\"_blank\" rel=\"noreferrer noopener\">mesqueunviaje.cat<\/a><\/em><\/strong><\/p><style>.wp-block-gutenbee-paragraph.block-76aeb2-f64c-49 { font-size: 13px; }<\/style>\n\n\n\n<p class=\"\"><\/p>\n","protected":false},"excerpt":{"rendered":"<p>Viaje a Panam\u00e1 a medida: Cafetales de Boquete, Volc\u00e1n Bar\u00fa y Parque Nacional de Coiba Este viaje a medida a Panam\u00e1 fue dise\u00f1ado para un grupo de 5 amigos que quer\u00edan conocer el pa\u00eds en [&hellip;]<\/p>\n","protected":false},"featured_media":22796,"comment_status":"closed","ping_status":"closed","template":"","ignition_package_destination":[931,935,991],"ignition_package_category":[954,955,961,973,977,979],"class_list":["post-22798","ignition-package","type-ignition-package","status-publish","has-post-thumbnail","hentry","ignition_package_destination-rutas-por-america-latina","ignition_package_destination-viajes-al-caribe","ignition_package_destination-viajes-a-america","ignition_package_category-viajes-a-medida","ignition_package_category-luna-de-miel","ignition_package_category-viajes-en-familia","ignition_package_category-viajes-organizados","ignition_package_category-viajes-gastronomicos","ignition_package_category-con-guia"],"acf":[],"jetpack_sharing_enabled":true,"_links":{"self":[{"href":"https:\/\/mesqueunviatge.cat\/es\/wp-json\/wp\/v2\/ignition-package\/22798","targetHints":{"allow":["GET"]}}],"collection":[{"href":"https:\/\/mesqueunviatge.cat\/es\/wp-json\/wp\/v2\/ignition-package"}],"about":[{"href":"https:\/\/mesqueunviatge.cat\/es\/wp-json\/wp\/v2\/types\/ignition-package"}],"replies":[{"embeddable":true,"href":"https:\/\/mesqueunviatge.cat\/es\/wp-json\/wp\/v2\/comments?post=22798"}],"version-history":[{"count":2,"href":"https:\/\/mesqueunviatge.cat\/es\/wp-json\/wp\/v2\/ignition-package\/22798\/revisions"}],"predecessor-version":[{"id":22802,"href":"https:\/\/mesqueunviatge.cat\/es\/wp-json\/wp\/v2\/ignition-package\/22798\/revisions\/22802"}],"wp:featuredmedia":[{"embeddable":true,"href":"https:\/\/mesqueunviatge.cat\/es\/wp-json\/wp\/v2\/media\/22796"}],"wp:attachment":[{"href":"https:\/\/mesqueunviatge.cat\/es\/wp-json\/wp\/v2\/media?parent=22798"}],"wp:term":[{"taxonomy":"ignition_package_destination","embeddable":true,"href":"https:\/\/mesqueunviatge.cat\/es\/wp-json\/wp\/v2\/ignition_package_destination?post=22798"},{"taxonomy":"ignition_package_category","embeddable":true,"href":"https:\/\/mesqueunviatge.cat\/es\/wp-json\/wp\/v2\/ignition_package_category?post=22798"}],"curies":[{"name":"wp","href":"https:\/\/api.w.org\/{rel}","templated":true}]}}