{"id":22835,"date":"2026-03-16T19:00:30","date_gmt":"2026-03-16T19:00:30","guid":{"rendered":"https:\/\/mesqueunviatge.cat\/?post_type=ignition-package&#038;p=22835"},"modified":"2026-03-16T19:00:32","modified_gmt":"2026-03-16T19:00:32","slug":"viaje-organizado-a-bolivia-14-dias","status":"publish","type":"ignition-package","link":"https:\/\/mesqueunviatge.cat\/es\/viaje-es\/viaje-organizado-a-bolivia-14-dias\/","title":{"rendered":"Viaje organizado a Bolivia: Salar de Uyuni, lagunas de colores e Isla del Sol"},"content":{"rendered":"\n<h2>Viaje organizado a Bolivia: Salar de Uyuni, lagunas de colores e Isla del Sol <\/h2>\n\n\n\n<blockquote class=\"wp-block-quote is-layout-flow wp-block-quote-is-layout-flow\">\n<p class=\"\">Descubre Bolivia en un viaje organizado a Bolivia que te llevar\u00e1 desde los paisajes amaz\u00f3nicos de Santa Cruz hasta el espectacular Salar de Uyuni, las lagunas multicolores del desierto de Siloli y la sagrada Isla del Sol en el lago Titicaca. Este circuito completo permite explorar la Ciudad Blanca de Sucre, la hist\u00f3rica Potos\u00ed, el altiplano andino con su flora \u00fanica como la yareta, los g\u00e9iseres de Sol de Ma\u00f1ana y la vibrante La Paz con sus telef\u00e9ricos y los coloridos cholets aymaras. <\/p>\n\n\n\n<p class=\"\">A bordo de veh\u00edculos 4&#215;4, acompa\u00f1ados por gu\u00edas expertos y con pensi\u00f3n completa durante la traves\u00eda por el altiplano, vivir\u00e9is paisajes de otro mundo, descubrir\u00e9is las ruinas preincaicas de Tiwanaku y recorrer\u00e9is mercados tradicionales llenos de vida. Un viaje pensado para disfrutar sin preocupaciones de la magia y la diversidad cultural de Bolivia.<\/p>\n\n\n\n<p class=\"\">Este viaje organizado a Bolivia puede adaptarse completamente a medida seg\u00fan vuestros intereses, ritmo de viaje y presupuesto. El itinerario puede realizarse en servicio privado, lo que permite modificar etapas, a\u00f1adir experiencias culturales o naturales, ampliar estancias en algunos destinos como el Salar de Uyuni o el lago Titicaca, o incluir otros lugares del pa\u00eds. Solo ten\u00e9is que dec\u00edrnoslo.  <\/p>\n<\/blockquote>\n\n\n\n<div class=\"wp-block-group\"><div class=\"wp-block-group__inner-container is-layout-constrained wp-block-group-is-layout-constrained\">\n<p id=\"block-8c09c1-668a-40\" class=\"is-style-default wp-block-gutenbee-paragraph block-8c09c1-668a-40 gutenbee-hidden-tablet gutenbee-hidden-mobile has-text-color\" style=\"color:rgba(0, 0, 0, 0.73);border-radius:0px\"><br><em>Si busc\u00e1is otras alternativas a este viaje organizado a Bolivia, tambi\u00e9n podemos dise\u00f1ar la ruta partiendo de vuestras necesidades e intereses.Asesorados por nuestro equipo de corresponsales locales podemos preparar tu viaje perfecto. S\u00f3lo tienes que rellenar el formulario, que nos llames al <strong>93 664 59 17<\/strong> o al <strong>660 29 25 16<\/strong> o nos escribas a <strong><a href=\"mailto:info@mesqueunviatge.cat\">info@mesqueunviatge.cat<\/a><\/strong>  <\/em><\/p><style>.wp-block-gutenbee-paragraph.block-8c09c1-668a-40 { font-size: 13px; }<\/style>\n\n\n\n<div class=\"wp-block-group\"><div class=\"wp-block-group__inner-container is-layout-constrained wp-block-group-is-layout-constrained\">\n<p id=\"block-ed1cbe-7263-49\" class=\"is-style-default wp-block-gutenbee-paragraph block-ed1cbe-7263-49 gutenbee-hidden-tablet gutenbee-hidden-mobile has-text-color\" style=\"color:rgba(0, 0, 0, 0.73);border-radius:0px\"><strong><em>Otros viajes a <a href=\"https:\/\/mesqueunviatge.cat\/es\/\" target=\"_blank\" rel=\"noreferrer noopener\">mesqueunviaje.cat<\/a><\/em><\/strong><\/p><style>.wp-block-gutenbee-paragraph.block-ed1cbe-7263-49 { font-size: 13px; }<\/style>\n<\/div><\/div>\n<\/div><\/div>\n\n\n\n<h2 class=\"is-style-ignition-cousteau-pro-anchor-title wp-block-heading\">Im\u00e1genes<\/h2>\n\n\n\n<figure class=\"wp-block-gallery has-nested-images columns-default is-cropped wp-block-gallery-1 is-layout-flex wp-block-gallery-is-layout-flex\">\n<figure class=\"is-style-rounded wp-block-image size-large\"><a href=\"https:\/\/i0.wp.com\/mesqueunviatge.cat\/wp-content\/uploads\/2026\/03\/Bolivia-Eduardo-Avaroa-1024x622.webp?ssl=1\" data-lightbox=\"gal[22835]\"><img data-recalc-dims=\"1\" loading=\"lazy\" decoding=\"async\" width=\"870\" height=\"528\" loading=\"lazy\" data-id=\"22805\" src=\"https:\/\/i0.wp.com\/mesqueunviatge.cat\/wp-content\/uploads\/2026\/03\/Bolivia-Eduardo-Avaroa.webp?resize=870%2C528&#038;ssl=1\" alt=\"viatge organitzat a Bol\u00edvia, viaje organizado a Bolivia\" class=\"wp-image-22805\" srcset=\"https:\/\/i0.wp.com\/mesqueunviatge.cat\/wp-content\/uploads\/2026\/03\/Bolivia-Eduardo-Avaroa.webp?resize=1024%2C622&amp;ssl=1 1024w, https:\/\/i0.wp.com\/mesqueunviatge.cat\/wp-content\/uploads\/2026\/03\/Bolivia-Eduardo-Avaroa.webp?resize=600%2C364&amp;ssl=1 600w, https:\/\/i0.wp.com\/mesqueunviatge.cat\/wp-content\/uploads\/2026\/03\/Bolivia-Eduardo-Avaroa.webp?resize=768%2C466&amp;ssl=1 768w, https:\/\/i0.wp.com\/mesqueunviatge.cat\/wp-content\/uploads\/2026\/03\/Bolivia-Eduardo-Avaroa.webp?w=1500&amp;ssl=1 1500w\" sizes=\"auto, (max-width: 870px) 100vw, 870px\" \/><\/a><\/figure>\n\n\n\n<figure class=\"wp-block-image size-full\"><a href=\"https:\/\/i0.wp.com\/mesqueunviatge.cat\/wp-content\/uploads\/2026\/03\/altipla-dels-Andes-Bolivia.webp?ssl=1\" data-lightbox=\"gal[22835]\"><img data-recalc-dims=\"1\" loading=\"lazy\" decoding=\"async\" width=\"870\" height=\"528\" loading=\"lazy\" data-id=\"22832\" src=\"https:\/\/i0.wp.com\/mesqueunviatge.cat\/wp-content\/uploads\/2026\/03\/altipla-dels-Andes-Bolivia.webp?resize=870%2C528&#038;ssl=1\" alt=\"gran viatge a Bol\u00edvia, gran viaje a Bolivia\" class=\"wp-image-22832\" srcset=\"https:\/\/i0.wp.com\/mesqueunviatge.cat\/wp-content\/uploads\/2026\/03\/altipla-dels-Andes-Bolivia.webp?w=1500&amp;ssl=1 1500w, https:\/\/i0.wp.com\/mesqueunviatge.cat\/wp-content\/uploads\/2026\/03\/altipla-dels-Andes-Bolivia.webp?resize=600%2C364&amp;ssl=1 600w, https:\/\/i0.wp.com\/mesqueunviatge.cat\/wp-content\/uploads\/2026\/03\/altipla-dels-Andes-Bolivia.webp?resize=1024%2C622&amp;ssl=1 1024w, https:\/\/i0.wp.com\/mesqueunviatge.cat\/wp-content\/uploads\/2026\/03\/altipla-dels-Andes-Bolivia.webp?resize=768%2C466&amp;ssl=1 768w\" sizes=\"auto, (max-width: 870px) 100vw, 870px\" \/><\/a><\/figure>\n\n\n\n<figure class=\"wp-block-image size-large\"><a href=\"https:\/\/i0.wp.com\/mesqueunviatge.cat\/wp-content\/uploads\/2026\/03\/Isla-Incahuasi-Boivia-1024x622.webp?ssl=1\" data-lightbox=\"gal[22835]\"><img data-recalc-dims=\"1\" loading=\"lazy\" decoding=\"async\" width=\"870\" height=\"528\" loading=\"lazy\" data-id=\"22815\" src=\"https:\/\/i0.wp.com\/mesqueunviatge.cat\/wp-content\/uploads\/2026\/03\/Isla-Incahuasi-Boivia.webp?resize=870%2C528&#038;ssl=1\" alt=\"ruta de 14 dies per Bol\u00edvia, ruta de 14 d\u00edas por Bolivia\" class=\"wp-image-22815\" srcset=\"https:\/\/i0.wp.com\/mesqueunviatge.cat\/wp-content\/uploads\/2026\/03\/Isla-Incahuasi-Boivia.webp?resize=1024%2C622&amp;ssl=1 1024w, https:\/\/i0.wp.com\/mesqueunviatge.cat\/wp-content\/uploads\/2026\/03\/Isla-Incahuasi-Boivia.webp?resize=600%2C364&amp;ssl=1 600w, https:\/\/i0.wp.com\/mesqueunviatge.cat\/wp-content\/uploads\/2026\/03\/Isla-Incahuasi-Boivia.webp?resize=768%2C466&amp;ssl=1 768w, https:\/\/i0.wp.com\/mesqueunviatge.cat\/wp-content\/uploads\/2026\/03\/Isla-Incahuasi-Boivia.webp?w=1500&amp;ssl=1 1500w\" sizes=\"auto, (max-width: 870px) 100vw, 870px\" \/><\/a><\/figure>\n\n\n\n<figure class=\"wp-block-image size-large\"><a href=\"https:\/\/i0.wp.com\/mesqueunviatge.cat\/wp-content\/uploads\/2026\/03\/Uyuni-Bolivia-1024x622.webp?ssl=1\" data-lightbox=\"gal[22835]\"><img data-recalc-dims=\"1\" loading=\"lazy\" decoding=\"async\" width=\"870\" height=\"528\" loading=\"lazy\" data-id=\"22829\" src=\"https:\/\/i0.wp.com\/mesqueunviatge.cat\/wp-content\/uploads\/2026\/03\/Uyuni-Bolivia.webp?resize=870%2C528&#038;ssl=1\" alt=\"viatges especials, viajes especiales\" class=\"wp-image-22829\" srcset=\"https:\/\/i0.wp.com\/mesqueunviatge.cat\/wp-content\/uploads\/2026\/03\/Uyuni-Bolivia.webp?resize=1024%2C622&amp;ssl=1 1024w, https:\/\/i0.wp.com\/mesqueunviatge.cat\/wp-content\/uploads\/2026\/03\/Uyuni-Bolivia.webp?resize=600%2C364&amp;ssl=1 600w, https:\/\/i0.wp.com\/mesqueunviatge.cat\/wp-content\/uploads\/2026\/03\/Uyuni-Bolivia.webp?resize=768%2C466&amp;ssl=1 768w, https:\/\/i0.wp.com\/mesqueunviatge.cat\/wp-content\/uploads\/2026\/03\/Uyuni-Bolivia.webp?w=1500&amp;ssl=1 1500w\" sizes=\"auto, (max-width: 870px) 100vw, 870px\" \/><\/a><\/figure>\n\n\n\n<figure class=\"wp-block-image size-large\"><a href=\"https:\/\/i0.wp.com\/mesqueunviatge.cat\/wp-content\/uploads\/2026\/03\/Tiwanaku-Boivia-1024x622.webp?ssl=1\" data-lightbox=\"gal[22835]\"><img data-recalc-dims=\"1\" loading=\"lazy\" decoding=\"async\" width=\"870\" height=\"528\" loading=\"lazy\" data-id=\"22825\" src=\"https:\/\/i0.wp.com\/mesqueunviatge.cat\/wp-content\/uploads\/2026\/03\/Tiwanaku-Boivia.webp?resize=870%2C528&#038;ssl=1\" alt=\"viatge a ciutats precolombines, viaje a ciudades precolombinas\" class=\"wp-image-22825\" srcset=\"https:\/\/i0.wp.com\/mesqueunviatge.cat\/wp-content\/uploads\/2026\/03\/Tiwanaku-Boivia.webp?resize=1024%2C622&amp;ssl=1 1024w, https:\/\/i0.wp.com\/mesqueunviatge.cat\/wp-content\/uploads\/2026\/03\/Tiwanaku-Boivia.webp?resize=600%2C364&amp;ssl=1 600w, https:\/\/i0.wp.com\/mesqueunviatge.cat\/wp-content\/uploads\/2026\/03\/Tiwanaku-Boivia.webp?resize=768%2C466&amp;ssl=1 768w, https:\/\/i0.wp.com\/mesqueunviatge.cat\/wp-content\/uploads\/2026\/03\/Tiwanaku-Boivia.webp?w=1500&amp;ssl=1 1500w\" sizes=\"auto, (max-width: 870px) 100vw, 870px\" \/><\/a><\/figure>\n\n\n\n<figure class=\"wp-block-image size-large\"><a href=\"<!--[CDATA[https:\/\/mesqueunviatge.cat\/wp-content\/uploads\/2026\/03\/Desert-de-Siloli-Bolivia.webp]]--&gt;\"><img data-recalc-dims=\"1\" loading=\"lazy\" decoding=\"async\" width=\"870\" height=\"528\" loading=\"lazy\" data-id=\"22809\" src=\"https:\/\/i0.wp.com\/mesqueunviatge.cat\/wp-content\/uploads\/2026\/03\/Desert-de-Siloli-Bolivia.webp?resize=870%2C528&#038;ssl=1\" alt=\"viatge de noces a Bol\u00edvia, viaje de novios a Bol\u00edvia\" class=\"wp-image-22809\" srcset=\"https:\/\/i0.wp.com\/mesqueunviatge.cat\/wp-content\/uploads\/2026\/03\/Desert-de-Siloli-Bolivia.webp?resize=1024%2C622&amp;ssl=1 1024w, https:\/\/i0.wp.com\/mesqueunviatge.cat\/wp-content\/uploads\/2026\/03\/Desert-de-Siloli-Bolivia.webp?resize=600%2C364&amp;ssl=1 600w, https:\/\/i0.wp.com\/mesqueunviatge.cat\/wp-content\/uploads\/2026\/03\/Desert-de-Siloli-Bolivia.webp?resize=768%2C466&amp;ssl=1 768w, https:\/\/i0.wp.com\/mesqueunviatge.cat\/wp-content\/uploads\/2026\/03\/Desert-de-Siloli-Bolivia.webp?w=1500&amp;ssl=1 1500w\" sizes=\"auto, (max-width: 870px) 100vw, 870px\" \/><\/a><\/figure>\n<\/figure>\n\n\n\n<h2 class=\"is-style-ignition-cousteau-pro-anchor-title wp-block-heading\">Itinerario<\/h2>\n\n\n\n<div class=\"wp-block-group\"><div class=\"wp-block-group__inner-container is-layout-constrained wp-block-group-is-layout-constrained\">\n<h6 id=\"block-d6860f-b14c-42\" class=\"is-style-ignition-cousteau-pro-boxed-content wp-block-gutenbee-heading block-d6860f-b14c-42\">D\u00cdA 1: TU CIUDAD DE ORIGEN \u2013 SANTA CRUZ<\/h6><style>.wp-block-gutenbee-heading.block-d6860f-b14c-42 { font-size: 20px; line-height: 1; text-transform: uppercase; }<\/style>\n<\/div><\/div>\n\n\n\n<p class=\"\">Salida en vuelo desde tu ciudad de origen con destino a Santa Cruz, la capital oriental y centro econ\u00f3mico de Bolivia, situada en la llanura amaz\u00f3nica. Noche a bordo. <\/p>\n\n\n\n<div class=\"wp-block-group\"><div class=\"wp-block-group__inner-container is-layout-constrained wp-block-group-is-layout-constrained\">\n<h6 id=\"block-8f46e0-5179-45\" class=\"is-style-ignition-cousteau-pro-boxed-content wp-block-gutenbee-heading block-8f46e0-5179-45\">D\u00cdA 2: SANTA CRUZ, CAPITAL ORIENTAL<\/h6><style>.wp-block-gutenbee-heading.block-8f46e0-5179-45 { font-size: 20px; line-height: 1; text-transform: uppercase; }<\/style>\n<\/div><\/div>\n\n\n\n<p class=\"\">Llegada a Santa Cruz y traslado al hotel. Comenzaremos nuestro viaje organizado a Bolivia descubriendo Santa Cruz, conocida como la <em>Capital Oriental<\/em> y actual motor econ\u00f3mico del pa\u00eds. La ciudad se extiende sobre la llanura amaz\u00f3nica y presenta una curiosa estructura urbana circular que parte de su casco hist\u00f3rico. Durante la visita recorreremos la Plaza 24 de Septiembre, con la catedral metropolitana, el Museo Hist\u00f3rico y el centro Artecampo, dedicado a la artesan\u00eda de las comunidades amaz\u00f3nicas. Finalizaremos con un paseo por La Recoba, un mercado tradicional lleno de productos t\u00edpicos de las culturas andinas y orientales. Alojamiento.     Alojamiento.<\/p>\n\n\n\n<div class=\"wp-block-group\"><div class=\"wp-block-group__inner-container is-layout-constrained wp-block-group-is-layout-constrained\">\n<h6 id=\"block-960993-5951-4e\" class=\"is-style-ignition-cousteau-pro-boxed-content wp-block-gutenbee-heading block-960993-5951-4e\">D\u00cdA 3: SANTA CRUZ \u2013 SUCRE, LA CIUDAD BLANCA<\/h6><style>.wp-block-gutenbee-heading.block-960993-5951-4e { font-size: 20px; line-height: 1; text-transform: uppercase; }<\/style>\n<\/div><\/div>\n\n\n\n<p class=\"\">Desayuno y vuelo a Sucre. Sucre est\u00e1 considerada la cuna de la independencia boliviana y es una de las ciudades coloniales m\u00e1s bellas de Sudam\u00e9rica, declarada Patrimonio de la Humanidad por la UNESCO. Visitaremos el mirador de La Recoleta, desde donde se disfruta de una magn\u00edfica panor\u00e1mica de la ciudad blanca. Tambi\u00e9n conoceremos el Museo de Arte Textil Ind\u00edgena, el convento de San Felipe Neri, la Casa de la Libertad, la Catedral y el parque Bol\u00edvar. Durante la visita degustaremos los famosos chocolates artesanales de Sucre. Alojamiento. Alojamiento.<\/p>\n\n\n\n<div class=\"wp-block-group\"><div class=\"wp-block-group__inner-container is-layout-constrained wp-block-group-is-layout-constrained\">\n<h6 id=\"block-77429b-0335-44\" class=\"is-style-ignition-cousteau-pro-boxed-content wp-block-gutenbee-heading block-77429b-0335-44\">D\u00cdA 4: SUCRE \u2013 POTOS\u00cd \u2013 UYUNI<\/h6><style>.wp-block-gutenbee-heading.block-77429b-0335-44 { font-size: 20px; line-height: 1; text-transform: uppercase; }<\/style>\n<\/div><\/div>\n\n\n\n<p class=\"\">Media pensi\u00f3n. Salida por carretera hacia Potos\u00ed, hist\u00f3rica ciudad minera declarada Patrimonio de la Humanidad. Conocida como la Villa Imperial de Carlos V, fue una de las ciudades m\u00e1s ricas del mundo durante la \u00e9poca colonial gracias a las minas del Cerro Rico. Visitaremos la impresionante Casa de la Moneda, donde se acu\u00f1aban las monedas de plata del Imperio espa\u00f1ol. Tras el almuerzo continuaremos hacia Uyuni, puerta de entrada al desierto de sal m\u00e1s grande del planeta. Alojamiento. <\/p>\n\n\n\n<div class=\"wp-block-group\"><div class=\"wp-block-group__inner-container is-layout-constrained wp-block-group-is-layout-constrained\">\n<h6 id=\"block-ad2466-0768-4c\" class=\"is-style-ignition-cousteau-pro-boxed-content wp-block-gutenbee-heading block-ad2466-0768-4c\">D\u00cdA 5: UYUNI \u2013 LAGUNA TURQUIRI \u2013 JOYAS DEL ALTIPLANO \u2013 DESIERTO DE SILOLI<\/h6><style>.wp-block-gutenbee-heading.block-ad2466-0768-4c { font-size: 20px; line-height: 1; text-transform: uppercase; }<\/style>\n<\/div><\/div>\n\n\n\n<p class=\"\">Pensi\u00f3n completa. Comienza una de las experiencias m\u00e1s espectaculares del viaje organizado a Bolivia. Salida en veh\u00edculos 4&#215;4 hacia el altiplano sur. En ruta visitaremos el cementerio de trenes de Uyuni, con locomotoras de los siglos XIX y XX, y el pueblo colonial de San Crist\u00f3bal.<br>Continuaremos hacia la Laguna Turquiri, tambi\u00e9n llamada laguna negra, habitada por aves end\u00e9micas. Cruzaremos la regi\u00f3n de las Joyas Altoandinas, con lagunas de intensos colores rodeadas de volcanes y paisajes inmensos. Llegada al Desierto de Siloli, una de las zonas m\u00e1s impresionantes del altiplano boliviano. Cena y alojamiento.       <\/p>\n\n\n\n<div class=\"wp-block-group\"><div class=\"wp-block-group__inner-container is-layout-constrained wp-block-group-is-layout-constrained\">\n<h6 id=\"block-704ecc-92eb-47\" class=\"is-style-ignition-cousteau-pro-boxed-content wp-block-gutenbee-heading block-704ecc-92eb-47\">D\u00cdA 6: DESIERTO DE SILOLI \u2013 RESERVA EDUARDO AVAROA \u2013 LAGUNA COLORADA<\/h6><style>.wp-block-gutenbee-heading.block-704ecc-92eb-47 { font-size: 20px; line-height: 1; text-transform: uppercase; }<\/style>\n<\/div><\/div>\n\n\n\n<p class=\"\">Pensi\u00f3n completa. Hoy exploraremos la Reserva Nacional Eduardo Avaroa, uno de los paisajes m\u00e1s sorprendentes de Sudam\u00e9rica. Visitaremos el famoso \u00c1rbol de Piedra, una curiosa formaci\u00f3n volc\u00e1nica esculpida por el viento. Continuaremos hacia la zona geot\u00e9rmica de Sol de Ma\u00f1ana, con fumarolas y g\u00e9iseres activos. Tambi\u00e9n conoceremos las termas de Polques, el surrealista Desierto de Dal\u00ed y la impresionante Laguna Verde, al pie del volc\u00e1n Licancabur.<br>El d\u00eda termina en la Laguna Colorada, donde miles de flamencos rosados habitan este lago de intensos tonos rojizos. Alojamiento en San Pedro de Quemez.      <\/p>\n\n\n\n<div class=\"wp-block-group\"><div class=\"wp-block-group__inner-container is-layout-constrained wp-block-group-is-layout-constrained\">\n<h6 id=\"block-79e8be-0196-46\" class=\"is-style-ignition-cousteau-pro-boxed-content wp-block-gutenbee-heading block-79e8be-0196-46\">D\u00cdA 7: SAN PEDRO DE QUEMEZ \u2013 ISLA INCAHUASI \u2013 SALAR DE UYUNI<\/h6><style>.wp-block-gutenbee-heading.block-79e8be-0196-46 { font-size: 20px; line-height: 1; text-transform: uppercase; }<\/style>\n<\/div><\/div>\n\n\n\n<p class=\"\">Media pensi\u00f3n. Por la ma\u00f1ana participaremos en una experiencia tradicional de pastoreo de llamas, un encuentro cultural con las comunidades del altiplano. Despu\u00e9s nos adentraremos en el m\u00edtico Salar de Uyuni, el desierto de sal m\u00e1s grande del mundo con m\u00e1s de 12.000 km\u00b2. Visitaremos la Isla Incahuasi, cubierta de cactus gigantes en pleno salar. Desde aqu\u00ed disfrutaremos de una de las panor\u00e1micas m\u00e1s ic\u00f3nicas de Bolivia. Regreso a Uyuni.     <\/p>\n\n\n\n<div class=\"wp-block-group\"><div class=\"wp-block-group__inner-container is-layout-constrained wp-block-group-is-layout-constrained\">\n<h6 id=\"block-1614a7-de1f-4f\" class=\"is-style-ignition-cousteau-pro-boxed-content wp-block-gutenbee-heading block-1614a7-de1f-4f\">D\u00cdA 8: UYUNI \u2013 LA PAZ<\/h6><style>.wp-block-gutenbee-heading.block-1614a7-de1f-4f { font-size: 20px; line-height: 1; text-transform: uppercase; }<\/style>\n<\/div><\/div>\n\n\n\n<p class=\"\">Desayuno y vuelo hacia La Paz. Por la tarde descubriremos la ciudad de una forma muy especial: un recorrido guiado por un lustrabotas, que nos contar\u00e1 su historia mientras caminamos por barrios populares de la ciudad. Tambi\u00e9n subiremos al famoso telef\u00e9rico de La Paz, desde donde se obtienen impresionantes vistas de la ciudad y del altiplano. Alojamiento.<\/p>\n\n\n\n<div class=\"wp-block-group\"><div class=\"wp-block-group__inner-container is-layout-constrained wp-block-group-is-layout-constrained\">\n<h6 id=\"block-283cce-6956-49\" class=\"is-style-ignition-cousteau-pro-boxed-content wp-block-gutenbee-heading block-283cce-6956-49\">D\u00cdA 9: LA PAZ \u2013 TIWANAKU \u2013 COPACABANA<\/h6><style>.wp-block-gutenbee-heading.block-283cce-6956-49 { font-size: 20px; line-height: 1; text-transform: uppercase; }<\/style>\n\n\n\n<p class=\"\">Desayuno. Excursi\u00f3n al complejo arqueol\u00f3gico de Tiwanaku, una de las civilizaciones m\u00e1s antiguas de los Andes y considerada la cuna de la civilizaci\u00f3n andina. Visitaremos el templo de Kalasasaya, la pir\u00e1mide de Akapana y los museos cer\u00e1mico y l\u00edtico. Continuaci\u00f3n hacia Copacabana, a orillas del lago Titicaca. Alojamiento.<\/p>\n<\/div><\/div>\n\n\n\n<div class=\"wp-block-group\"><div class=\"wp-block-group__inner-container is-layout-constrained wp-block-group-is-layout-constrained\">\n<h6 id=\"block-e47f89-6a35-47\" class=\"is-style-ignition-cousteau-pro-boxed-content wp-block-gutenbee-heading block-e47f89-6a35-47\">D\u00cdA 10: COPACABANA \u2013 ISLA DEL SOL<\/h6><style>.wp-block-gutenbee-heading.block-e47f89-6a35-47 { font-size: 20px; line-height: 1; text-transform: uppercase; }<\/style>\n\n\n\n<p class=\"\">Pensi\u00f3n completa. Navegaci\u00f3n hacia la parte norte de la Isla del Sol, lugar sagrado para las culturas andinas. Visitaremos las ruinas de La Chincana y la Roca de los Or\u00edgenes, vinculadas a la mitolog\u00eda inca. Caminaremos hasta el pueblo de Ch\u2019allapampa con vistas a la Cordillera Real. Disfrutaremos de un almuerzo tradicional apthapi, un banquete comunitario andino con productos locales. Cena y alojamiento.     <\/p>\n<\/div><\/div>\n\n\n\n<div class=\"wp-block-group\"><div class=\"wp-block-group__inner-container is-layout-constrained wp-block-group-is-layout-constrained\">\n<h6 id=\"block-890e01-15f9-4c\" class=\"is-style-ignition-cousteau-pro-boxed-content wp-block-gutenbee-heading block-890e01-15f9-4c\">D\u00cdA 11: ISLA DEL SOL \u2013 COPACABANA \u2013 LA PAZ<\/h6><style>.wp-block-gutenbee-heading.block-890e01-15f9-4c { font-size: 20px; line-height: 1; text-transform: uppercase; }<\/style>\n\n\n\n<p class=\"\">Desayuno. Visita del complejo arqueol\u00f3gico de Pilkokaina, antiguo palacio inca, y de la Fuente Sagrada de las Tres Aguas. Regreso en barco a Copacabana y salida hacia La Paz atravesando el estrecho de Tiquina. Alojamiento.<\/p>\n\n\n\n<div class=\"wp-block-group\"><div class=\"wp-block-group__inner-container is-layout-constrained wp-block-group-is-layout-constrained\">\n<h6 id=\"block-3d026b-f366-43\" class=\"is-style-ignition-cousteau-pro-boxed-content wp-block-gutenbee-heading block-3d026b-f366-43\">D\u00cdA 12: LA PAZ \u2013 CHOLETS DE EL ALTO Y VALLE DE LAS \u00c1NIMAS<\/h6><style>.wp-block-gutenbee-heading.block-3d026b-f366-43 { font-size: 20px; line-height: 1; text-transform: uppercase; }<\/style>\n\n\n\n<p class=\"\">Desayuno. Excursi\u00f3n a El Alto para conocer los sorprendentes cholets, edificios coloridos que simbolizan el ascenso social de la comunidad aymara y que fueron dise\u00f1ados por el arquitecto Freddy Mamani. Por la tarde caminaremos por el Valle de las \u00c1nimas, un paisaje espectacular de formaciones rocosas erosionadas que crean una atm\u00f3sfera casi sobrenatural. Regreso a La Paz.   <\/p>\n<\/div><\/div>\n\n\n\n<div class=\"wp-block-group\"><div class=\"wp-block-group__inner-container is-layout-constrained wp-block-group-is-layout-constrained\">\n<h6 id=\"block-41e85d-0601-4a\" class=\"is-style-ignition-cousteau-pro-boxed-content wp-block-gutenbee-heading block-41e85d-0601-4a\">D\u00cdA 13: LA PAZ \u2013 SANTA CRUZ<\/h6><style>.wp-block-gutenbee-heading.block-41e85d-0601-4a { font-size: 20px; line-height: 1; text-transform: uppercase; }<\/style>\n\n\n\n<p class=\"\">Desayuno. Vuelo a Santa Cruz y excursi\u00f3n a La Rinconada Ecoparque, un espacio natural con senderos y vegetaci\u00f3n tropical donde podremos relajarnos antes del final del viaje. Alojamiento.<\/p>\n\n\n\n<h6 id=\"block-4cde83-0e33-44\" class=\"is-style-ignition-cousteau-pro-boxed-content wp-block-gutenbee-heading block-4cde83-0e33-44\">D\u00cdA 14: SANTA CRUZ \u2013 TU CIUDAD DE ORIGEN<\/h6><style>.wp-block-gutenbee-heading.block-4cde83-0e33-44 { font-size: 20px; line-height: 1; text-transform: uppercase; }<\/style>\n\n\n\n<p class=\"\">Desayuno y traslado al aeropuerto para tomar el vuelo de regreso a tu ciudad de origen. Llegada y fin de este viaje organizado a Bolivia, una aventura inolvidable entre el altiplano, desiertos de sal y culturas milenarias. <\/p>\n<\/div><\/div>\n<\/div><\/div>\n\n\n\n<h2 class=\"is-style-ignition-cousteau-pro-anchor-title wp-block-heading\">Informaci\u00f3n importante<\/h2>\n\n\n\n<div class=\"is-style-ignition-cousteau-pro-boxed-content wp-block-group\"><div class=\"wp-block-group__inner-container is-layout-constrained wp-block-group-is-layout-constrained\">\n<p id=\"block-bd1427-c304-42\" class=\"wp-block-gutenbee-paragraph block-bd1427-c304-42\"><strong>El precio incluye<\/strong><\/p><style>.wp-block-gutenbee-paragraph.block-bd1427-c304-42 { font-size: 20px; }<\/style>\n\n\n\n<ul class=\"wp-block-list\">\n<li class=\"\">Vuelo de l\u00ednea regular, clase turista, (reservas en clases especiales).<\/li>\n\n\n\n<li class=\"\">Alojamiento y desayuno.<\/li>\n\n\n\n<li class=\"\">2 almuerzos, 3 almuerzos picnic y 3 cenas (bebidas no incluidas).<\/li>\n\n\n\n<li class=\"\">Visitas y traslados en veh\u00edculo privado con gu\u00edas locales excepto en Lago Titicaca, en servicio regular acompa\u00f1ados de gu\u00eda privado.<\/li>\n\n\n\n<li class=\"\">Seguro de viaje.<\/li>\n<\/ul>\n\n\n\n<p id=\"block-f0ef11-4a4f-41\" class=\"is-style-default wp-block-gutenbee-paragraph block-f0ef11-4a4f-41\"><strong>El precio no incluye<\/strong><\/p><style>.wp-block-gutenbee-paragraph.block-f0ef11-4a4f-41 { font-size: 20px; }<\/style>\n\n\n\n<ul class=\"wp-block-list\">\n<li class=\"\">Cualquier cuesti\u00f3n no especificada en el apartado &#8220;el precio incluye&#8221;<\/li>\n<\/ul>\n<\/div><\/div>\n\n\n\n<h2 class=\"is-style-ignition-cousteau-pro-anchor-title wp-block-heading\">Faq&#8217;s<\/h2>\n\n\n\n<div class=\"nfd-container nfd-p-lg nfd-gap-2xl nfd-wb-faq__faq-1 is-style-ignition-cousteau-pro-boxed-content wp-block-group\"><div class=\"wp-block-group__inner-container is-layout-constrained wp-block-group-is-layout-constrained\">\n<div class=\"nfd-gap-2xl wp-block-group is-vertical is-layout-flex wp-container-core-group-is-layout-8cf370e7 wp-block-group-is-layout-flex\">\n<div class=\"nfd-gap-xl nfd-gap-y-2xl wp-block-columns is-layout-flex wp-container-core-columns-is-layout-9d6595d7 wp-block-columns-is-layout-flex\">\n<div class=\"wp-block-column is-layout-flow wp-block-column-is-layout-flow\">\n<div class=\"nfd-gap-sm wp-block-group is-vertical is-layout-flex wp-container-core-group-is-layout-8cf370e7 wp-block-group-is-layout-flex\">\n<h3 class=\"wp-block-heading nfd-text-md nfd-text-contrast\" style=\"font-style:normal;font-weight:500\"><strong>\u00bfEl viaje organizado a Bolivia es apto para altura?<\/strong><\/h3>\n\n\n\n<p class=\"nfd-text-faded nfd-text-base\">Gran parte del itinerario de este viaje organizado a Bolivia se desarrolla en la meseta andina, por eso algunas ciudades como La Paz o Uyuni se encuentran a m\u00e1s de 3.500 metros de altitud. El programa est\u00e1 dise\u00f1ado para adaptarse progresivamente a la altura y permitir una buena aclimataci\u00f3n. Adem\u00e1s, se recomienda hidratarse bien, andar con calma los primeros d\u00edas y seguir las indicaciones del gu\u00eda.  <\/p>\n<\/div>\n<\/div>\n\n\n\n<div class=\"wp-block-column is-layout-flow wp-block-column-is-layout-flow\">\n<div class=\"nfd-gap-sm wp-block-group is-vertical is-layout-flex wp-container-core-group-is-layout-8cf370e7 wp-block-group-is-layout-flex\">\n<h3 class=\"wp-block-heading nfd-text-md nfd-text-contrast\" style=\"font-style:normal;font-weight:500\"><strong>\u00bfCu\u00e1l es la mejor \u00e9poca para realizar un viaje organizado a Bolivia?<\/strong><\/h3>\n\n\n\n<p class=\"nfd-text-faded nfd-text-base\">La mejor \u00e9poca del a\u00f1o para realizar un viaje organizado a Bolivia suele ser durante la estaci\u00f3n seca, entre mayo y octubre, cuando el clima es m\u00e1s estable y las carreteras de la meseta est\u00e1n en mejores condiciones. Sin embargo, el Salar de Uyuni tambi\u00e9n ofrece paisajes espectaculares en la temporada de lluvias (enero a marzo), cuando se forma el famoso efecto espejo sobre la superficie de sal. <\/p>\n<\/div>\n<\/div>\n\n\n\n<div class=\"wp-block-column is-layout-flow wp-block-column-is-layout-flow\">\n<div class=\"nfd-gap-sm wp-block-group is-vertical is-layout-flex wp-container-core-group-is-layout-8cf370e7 wp-block-group-is-layout-flex\">\n<h3 class=\"wp-block-heading nfd-text-md nfd-text-contrast\" style=\"font-style:normal;font-weight:500\"><strong>\u00bfEs necesario visa o requisitos especiales para viajar a Bolivia?<\/strong><\/h3>\n\n\n\n<p class=\"nfd-text-faded nfd-text-base\">Els ciutadans espanyols no necessiten visa per fer un viatge organitzat a Bol\u00edvia amb finalitats tur\u00edstiques si l&#8217;estada \u00e9s inferior a 90 dies. Per entrar al pa\u00eds nom\u00e9s cal que tingueu un passaport amb una validesa m\u00ednima de sis mesos des de la data d&#8217;entrada. A m\u00e9s, \u00e9s recomanable portar el certificat de vacunaci\u00f3 contra la febre groga si es visiten zones amaz\u00f2niques i comptar amb una asseguran\u00e7a de viatge que cobreixi assist\u00e8ncia m\u00e8dica durant tota l&#8217;estada.  <\/p>\n<\/div>\n<\/div>\n<\/div>\n\n\n\n<div class=\"nfd-gap-xl nfd-gap-y-2xl wp-block-columns is-layout-flex wp-container-core-columns-is-layout-9d6595d7 wp-block-columns-is-layout-flex\">\n<div class=\"wp-block-column is-layout-flow wp-block-column-is-layout-flow\"><\/div>\n<\/div>\n<\/div>\n\n\n\n<div class=\"nfd-container wp-block-group\"><div class=\"wp-block-group__inner-container is-layout-constrained wp-container-core-group-is-layout-801f6f31 wp-block-group-is-layout-constrained\">\n<div class=\"nfd-p-card-md nfd-gap-xl nfd-shadow-xs nfd-bg-surface nfd-theme-white nfd-rounded is-style-nfd-theme-white wp-block-group is-content-justification-space-between is-layout-flex wp-container-core-group-is-layout-e3bc7287 wp-block-group-is-layout-flex\">\n<div class=\"nfd-gap-md wp-block-group is-layout-flex wp-block-group-is-layout-flex\">\n<figure class=\"is-style-rounded wp-block-image size-full is-resized\"><img data-recalc-dims=\"1\" loading=\"lazy\" decoding=\"async\" width=\"150\" height=\"109\" loading=\"lazy\" src=\"https:\/\/i0.wp.com\/mesqueunviatge.cat\/wp-content\/uploads\/2018\/10\/cropped-logo-transparent-mmqv.png?resize=150%2C109&#038;ssl=1\" alt=\"\" class=\"wp-image-15117\" style=\"aspect-ratio:4\/3;object-fit:cover;width:46px;height:auto\"\/><\/figure>\n\n\n\n<div class=\"nfd-gap-0 wp-block-group is-vertical is-layout-flex wp-container-core-group-is-layout-8cf370e7 wp-block-group-is-layout-flex\">\n<p class=\"nfd-text-md\" style=\"font-style:normal;font-weight:600\">\u00bfQuieres contactar con nosotros?<\/p>\n\n\n\n<p class=\"nfd-text-base nfd-text-faded\">Claro, puedes hacerlo envi\u00e1ndonos un mail a <a href=\"mailto:info@mesqueunviatge.cat\">info@mesqueunviatge.cat,<\/a> llamar al 93 664 59 17, enviarnos un mensaje al 660 29 25 16 o rellenar el cuestionario que te aparece en el lateral.<\/p>\n<\/div>\n<\/div>\n\n\n\n<div class=\"wp-block-buttons is-layout-flex wp-block-buttons-is-layout-flex\"><\/div>\n<\/div>\n<\/div><\/div>\n<\/div><\/div>\n\n\n\n<p id=\"block-1dd281-bf45-41\" class=\"is-style-default wp-block-gutenbee-paragraph block-1dd281-bf45-41 gutenbee-hidden-desktop has-text-color\" style=\"color:rgba(0, 0, 0, 0.73);border-radius:0px\"><em>Si busc\u00e1is otras alternativas a este viaje organizado a Bolivia, tambi\u00e9n podemos dise\u00f1ar la ruta partiendo de vuestras necesidades e intereses.Asesorados por nuestro equipo de corresponsales locales podemos preparar tu viaje perfecto. S\u00f3lo tienes que rellenar el formulario, que nos llames al <strong>93 664 59 17<\/strong> o al <strong>660 29 25 16<\/strong> o nos escribas a <strong><a href=\"mailto:info@mesqueunviatge.cat\">info@mesqueunviatge.cat<\/a><\/strong>  <\/em><\/p><style>.wp-block-gutenbee-paragraph.block-1dd281-bf45-41 { font-size: 13px; }<\/style>\n\n\n\n<p id=\"block-fcbb53-5a5e-42\" class=\"is-style-default wp-block-gutenbee-paragraph block-fcbb53-5a5e-42 gutenbee-hidden-desktop has-text-color\" style=\"color:rgba(0, 0, 0, 0.73);border-radius:0px\"><strong><em>Otros viajes a <a href=\"https:\/\/mesqueunviatge.cat\/es\/\" target=\"_blank\" rel=\"noreferrer noopener\">mesqueunviaje.cat<\/a><\/em><\/strong><\/p><style>.wp-block-gutenbee-paragraph.block-fcbb53-5a5e-42 { font-size: 13px; }<\/style>\n","protected":false},"excerpt":{"rendered":"<p>Viaje organizado a Bolivia: Salar de Uyuni, lagunas de colores e Isla del Sol Descubre Bolivia en un viaje organizado a Bolivia que te llevar\u00e1 desde los paisajes amaz\u00f3nicos de Santa Cruz hasta el espectacular [&hellip;]<\/p>\n","protected":false},"featured_media":22814,"comment_status":"open","ping_status":"closed","template":"","ignition_package_destination":[931,991],"ignition_package_category":[973,979],"class_list":["post-22835","ignition-package","type-ignition-package","status-publish","has-post-thumbnail","hentry","ignition_package_destination-rutas-por-america-latina","ignition_package_destination-viajes-a-america","ignition_package_category-viajes-organizados","ignition_package_category-con-guia"],"acf":[],"jetpack_sharing_enabled":true,"_links":{"self":[{"href":"https:\/\/mesqueunviatge.cat\/es\/wp-json\/wp\/v2\/ignition-package\/22835","targetHints":{"allow":["GET"]}}],"collection":[{"href":"https:\/\/mesqueunviatge.cat\/es\/wp-json\/wp\/v2\/ignition-package"}],"about":[{"href":"https:\/\/mesqueunviatge.cat\/es\/wp-json\/wp\/v2\/types\/ignition-package"}],"replies":[{"embeddable":true,"href":"https:\/\/mesqueunviatge.cat\/es\/wp-json\/wp\/v2\/comments?post=22835"}],"version-history":[{"count":2,"href":"https:\/\/mesqueunviatge.cat\/es\/wp-json\/wp\/v2\/ignition-package\/22835\/revisions"}],"predecessor-version":[{"id":22838,"href":"https:\/\/mesqueunviatge.cat\/es\/wp-json\/wp\/v2\/ignition-package\/22835\/revisions\/22838"}],"wp:featuredmedia":[{"embeddable":true,"href":"https:\/\/mesqueunviatge.cat\/es\/wp-json\/wp\/v2\/media\/22814"}],"wp:attachment":[{"href":"https:\/\/mesqueunviatge.cat\/es\/wp-json\/wp\/v2\/media?parent=22835"}],"wp:term":[{"taxonomy":"ignition_package_destination","embeddable":true,"href":"https:\/\/mesqueunviatge.cat\/es\/wp-json\/wp\/v2\/ignition_package_destination?post=22835"},{"taxonomy":"ignition_package_category","embeddable":true,"href":"https:\/\/mesqueunviatge.cat\/es\/wp-json\/wp\/v2\/ignition_package_category?post=22835"}],"curies":[{"name":"wp","href":"https:\/\/api.w.org\/{rel}","templated":true}]}}